{"id":5329,"date":"2024-10-21T16:35:36","date_gmt":"2024-10-21T14:35:36","guid":{"rendered":"https:\/\/residence-argeles-sur-mer.com\/residentie-bord-plage-argeles-sur-mer\/"},"modified":"2024-12-02T10:36:50","modified_gmt":"2024-12-02T09:36:50","slug":"residentie-strand-argeles-sur-mer","status":"publish","type":"page","link":"https:\/\/residence-argeles-sur-mer.com\/nl\/residentie-strand-argeles-sur-mer\/","title":{"rendered":"Een residentie vlakbij het strand in Argel\u00e8s-sur-Mer"},"content":{"rendered":"\n<div class=\"wp-block-group alignfull gt-reveal has-global-padding is-layout-constrained wp-container-core-group-is-layout-5 wp-block-group-is-layout-constrained\">\n<div style=\"height:6rem\" aria-hidden=\"true\" class=\"wp-block-spacer\"><\/div>\n\n\n\n<div class=\"wp-block-group alignwide gt-break-mobile is-nowrap is-layout-flex wp-container-core-group-is-layout-4 wp-block-group-is-layout-flex\">\n<div class=\"wp-block-group has-global-padding is-layout-constrained wp-block-group-is-layout-constrained\">\n<div class=\"wp-block-group is-layout-flow wp-block-group-is-layout-flow\" style=\"padding-right:var(--wp--preset--spacing--30);padding-left:var(--wp--preset--spacing--30)\">\n<div style=\"height:10rem\" aria-hidden=\"true\" class=\"wp-block-spacer gt-hide-mobile\"><\/div>\n\n\n\n<figure class=\"wp-block-image aligncenter size-full gt-reveal-down\"><img data-dominant-color=\"b15526\" data-has-transparency=\"true\" style=\"--dominant-color: #b15526;\" decoding=\"async\" width=\"43\" height=\"21\" src=\"https:\/\/residence-argeles-sur-mer.com\/wp-content\/uploads\/sites\/6\/2024\/08\/separator.png\" alt=\"scheider\" class=\"wp-image-150 has-transparency\"\/><\/figure>\n\n\n<h2 class=\"wp-block-heading has-text-align-center gt-reveal-down has-accent-color has-text-color has-link-color wp-elements-4aa24de84699f241f5b745dca02be45f\" id=\"geniet-van-het-strand-vlakbij-onze-residentie-in-de-pyrenees-orientales\"><br>Geniet van het strand vlakbij onze residentie in de Pyr\u00e9n\u00e9es-Orientales<\/h2>\n\n\n<p class=\"has-text-align-center gt-reveal-down has-medium-font-size\">Profiteer van onze <strong><a href=\"https:\/\/residence-argeles-sur-mer.com\/nl\/contact-toegang-argeles-sur-mer\/\">bevoorrechte locatie<\/a><\/strong> <strong>dicht bij <\/strong>het <strong>noordelijke strand <\/strong>van Argel\u00e8s-sur-Mer, met <strong>gemakkelijke toegang via de kustweg<\/strong>.<\/p>\n\n\n\n<p class=\"has-text-align-center gt-reveal-down has-medium-font-size\">Het strand van Argel\u00e8s-sur-Mer staat bekend om het smetteloos <strong>witte zand<\/strong> en biedt <strong>7 kilometer<\/strong> ontspanning aan zee.<\/p>\n\n\n\n<p class=\"has-text-align-center gt-reveal-down has-medium-font-size\">Het strand heeft met trots het <strong>Blauwe Vlag-label<\/strong> gekregen, wat schone en veilige plekken garandeert.<\/p>\n<\/div>\n<\/div>\n\n\n\n<div class=\"wp-block-group wp-container-content-1 is-layout-flow wp-block-group-is-layout-flow\">\n<figure class=\"wp-block-image size-full gt-reveal\"><img data-dominant-color=\"70a3b7\" data-has-transparency=\"false\" style=\"--dominant-color: #70a3b7;\" decoding=\"async\" width=\"640\" height=\"961\" src=\"https:\/\/residence-argeles-sur-mer.com\/wp-content\/uploads\/sites\/6\/2024\/11\/la-plage-500-metres-de-notre-residence.webp\" alt=\"het strand op 500 meter van onze residentie\" class=\"wp-image-6737 not-transparent\" srcset=\"https:\/\/residence-argeles-sur-mer.com\/wp-content\/uploads\/sites\/6\/2024\/11\/la-plage-500-metres-de-notre-residence.webp 640w, https:\/\/residence-argeles-sur-mer.com\/wp-content\/uploads\/sites\/6\/2024\/11\/la-plage-500-metres-de-notre-residence-526x790.webp 526w\" sizes=\"(max-width: 640px) 100vw, 640px\" \/><\/figure>\n<\/div>\n<\/div>\n<\/div>\n\n<div class=\"wp-block-group alignfull gt-reveal has-global-padding is-layout-constrained wp-container-core-group-is-layout-11 wp-block-group-is-layout-constrained\">\n<div style=\"height:6rem\" aria-hidden=\"true\" class=\"wp-block-spacer\"><\/div>\n\n\n\n<div class=\"wp-block-group alignwide animated fadeIn slower gt-hide-mobile is-layout-flow wp-block-group-is-layout-flow\" style=\"margin-top:0;margin-bottom:-33px;padding-right:0;padding-left:0\">\n<p class=\"gt-sliding-text has-contrast-3-color has-text-color has-link-color has-sogo-font-family wp-elements-766adb1afa913ed9ea0490d6ca201a41\" style=\"margin-top:0;margin-right:0;margin-bottom:0;margin-left:0;font-size:7vw;font-style:normal;font-weight:300;line-height:1;text-transform:uppercase\">SEASIDE<\/p>\n<\/div>\n\n\n\n<div class=\"wp-block-group alignwide gt-break-mobile is-nowrap is-layout-flex wp-container-core-group-is-layout-10 wp-block-group-is-layout-flex\">\n<div class=\"wp-block-group wp-container-content-2 is-layout-flow wp-block-group-is-layout-flow\">\n<figure class=\"wp-block-image size-full gt-reveal\"><img data-dominant-color=\"836c5a\" data-has-transparency=\"false\" style=\"--dominant-color: #836c5a;\" decoding=\"async\" width=\"640\" height=\"960\" src=\"https:\/\/residence-argeles-sur-mer.com\/wp-content\/uploads\/sites\/6\/2024\/11\/la-peche-sur-la-plage-du-racou.webp\" alt=\"vissen op racou beach\" class=\"wp-image-6740 not-transparent\" srcset=\"https:\/\/residence-argeles-sur-mer.com\/wp-content\/uploads\/sites\/6\/2024\/11\/la-peche-sur-la-plage-du-racou.webp 640w, https:\/\/residence-argeles-sur-mer.com\/wp-content\/uploads\/sites\/6\/2024\/11\/la-peche-sur-la-plage-du-racou-527x790.webp 527w\" sizes=\"(max-width: 640px) 100vw, 640px\" \/><\/figure>\n<\/div>\n\n\n\n<div class=\"wp-block-group has-global-padding is-layout-constrained wp-block-group-is-layout-constrained\">\n<div class=\"wp-block-group is-layout-flow wp-block-group-is-layout-flow\" style=\"padding-right:var(--wp--preset--spacing--30);padding-left:var(--wp--preset--spacing--30)\">\n<div style=\"height:10rem\" aria-hidden=\"true\" class=\"wp-block-spacer gt-hide-mobile\"><\/div>\n\n\n\n<figure class=\"wp-block-image aligncenter size-full gt-reveal-down\"><img data-dominant-color=\"b15526\" data-has-transparency=\"true\" style=\"--dominant-color: #b15526;\" decoding=\"async\" width=\"43\" height=\"21\" src=\"https:\/\/residence-argeles-sur-mer.com\/wp-content\/uploads\/sites\/6\/2024\/08\/separator.png\" alt=\"scheider\" class=\"wp-image-150 has-transparency\"\/><\/figure>\n\n\n<h2 class=\"wp-block-heading has-text-align-center gt-reveal-down has-accent-color has-text-color has-link-color wp-elements-c5350875adb892ea1562b024deb98e6d\" id=\"probeer-te-vissen-ophet-strand-van-racou\">Probeer te vissen op<br>het strand van Racou<\/h2>\n\n\n<p class=\"has-text-align-center gt-reveal-down has-medium-font-size\">Antin\u00e9a Ontdek <strong>het vissen in Racou<\/strong>, op een steenworp afstand van onze Residence!<\/p>\n\n\n\n<p class=\"has-text-align-center gt-reveal-down has-medium-font-size\">Op slechts 10 minuten rijden ligt <strong>het strand van Racou<\/strong>, een <strong>plek aan zee<\/strong> in de <a href=\"https:\/\/residence-argeles-sur-mer.com\/nl\/toerisme-pyrenees-orientales\/\">Pyrenee\u00ebn-Orientales<\/a> die ideaal is <strong>om te surfen<\/strong>.<\/p>\n\n\n\n<p class=\"has-text-align-center gt-reveal-down has-medium-font-size\">Kom vissen in een schilderachtige omgeving, omringd door kleine vissershuisjes en kristalhelder water.<\/p>\n\n\n\n<p class=\"has-text-align-center gt-reveal-down has-medium-font-size\">Of je nu een beginner of een enthousiasteling bent, profiteer van deze unieke ervaring om nieuwe energie op te doen en te leren vissen.<\/p>\n\n\n\n<p class=\"has-text-align-center gt-reveal-down has-medium-font-size\">Laat je verleiden door de magie van Le Racou!<\/p>\n\n\n\n<div style=\"height:2rem\" aria-hidden=\"true\" class=\"wp-block-spacer is-style-gt-hide-mobile\"><\/div>\n<\/div>\n<\/div>\n<\/div>\n<\/div>\n\n<div class=\"wp-block-group alignfull gt-reveal is-nowrap is-layout-flex wp-container-core-group-is-layout-14 wp-block-group-is-layout-flex\">\n<div class=\"wp-block-cover gt-hide-mobile wp-container-content-3\" style=\"min-height:100vh;aspect-ratio:unset;\"><img data-dominant-color=\"7d8d84\" data-has-transparency=\"false\" style=\"--dominant-color: #7d8d84;\" decoding=\"async\" width=\"381\" height=\"881\" class=\"wp-block-cover__image-background wp-image-4604 not-transparent\" alt=\"anse de paulilles plages exceptionnelles\" src=\"https:\/\/residence-argeles-sur-mer.com\/wp-content\/uploads\/sites\/6\/2024\/10\/anse-de-paulilles-plages-exceptionnelles.webp\" data-object-fit=\"cover\" srcset=\"https:\/\/residence-argeles-sur-mer.com\/wp-content\/uploads\/sites\/6\/2024\/10\/anse-de-paulilles-plages-exceptionnelles.webp 381w, https:\/\/residence-argeles-sur-mer.com\/wp-content\/uploads\/sites\/6\/2024\/10\/anse-de-paulilles-plages-exceptionnelles-342x790.webp 342w\" sizes=\"(max-width: 381px) 100vw, 381px\" \/><span aria-hidden=\"true\" class=\"wp-block-cover__background has-background-dim-10 has-background-dim\"><\/span><div class=\"wp-block-cover__inner-container has-global-padding is-layout-constrained wp-block-cover-is-layout-constrained\">\n<p class=\"has-text-align-center has-large-font-size\"><\/p>\n<\/div><\/div>\n\n\n\n<div class=\"wp-block-cover has-custom-content-position is-position-top-center wp-container-content-4\" style=\"padding-top:0;padding-bottom:0;min-height:100vh;aspect-ratio:unset;\"><img data-dominant-color=\"49707a\" data-has-transparency=\"false\" style=\"--dominant-color: #49707a;\" decoding=\"async\" width=\"1514\" height=\"881\" class=\"wp-block-cover__image-background wp-image-4606 not-transparent\" alt=\"cerbere les plus belles plages a proximite de notre residence a argeles sur mer\" src=\"https:\/\/residence-argeles-sur-mer.com\/wp-content\/uploads\/sites\/6\/2024\/10\/cerbere-les-plus-belles-plages-a-proximite-de-notre-residence-a-argeles-sur-mer.webp\" data-object-fit=\"cover\" srcset=\"https:\/\/residence-argeles-sur-mer.com\/wp-content\/uploads\/sites\/6\/2024\/10\/cerbere-les-plus-belles-plages-a-proximite-de-notre-residence-a-argeles-sur-mer.webp 1514w, https:\/\/residence-argeles-sur-mer.com\/wp-content\/uploads\/sites\/6\/2024\/10\/cerbere-les-plus-belles-plages-a-proximite-de-notre-residence-a-argeles-sur-mer-690x402.webp 690w, https:\/\/residence-argeles-sur-mer.com\/wp-content\/uploads\/sites\/6\/2024\/10\/cerbere-les-plus-belles-plages-a-proximite-de-notre-residence-a-argeles-sur-mer-768x447.webp 768w\" sizes=\"(max-width: 1514px) 100vw, 1514px\" \/><span aria-hidden=\"true\" class=\"wp-block-cover__background has-background-dim-20 has-background-dim\"><\/span><div class=\"wp-block-cover__inner-container has-global-padding is-layout-constrained wp-block-cover-is-layout-constrained\">\n<div class=\"wp-block-group gt-reveal-down has-global-padding is-layout-constrained wp-container-core-group-is-layout-13 wp-block-group-is-layout-constrained\">\n<div class=\"wp-block-group has-contrast-3-background-color has-background is-layout-flow wp-block-group-is-layout-flow\" style=\"min-height:12rem\"><\/div>\n<\/div>\n\n\n\n<figure class=\"wp-block-image aligncenter size-full gt-reveal-down wp-duotone-e5e0ce-ffffff-1\"><img data-dominant-color=\"b15526\" data-has-transparency=\"true\" style=\"--dominant-color: #b15526;\" decoding=\"async\" width=\"43\" height=\"21\" src=\"https:\/\/residence-argeles-sur-mer.com\/wp-content\/uploads\/sites\/6\/2024\/08\/separator.png\" alt=\"scheider\" class=\"wp-image-150 has-transparency\"\/><\/figure>\n\n\n\n<div style=\"height:1rem\" aria-hidden=\"true\" class=\"wp-block-spacer\"><\/div>\n\n\n<h2 class=\"wp-block-heading has-text-align-center has-base-color has-text-color has-link-color has-large-font-size wp-elements-67de5ab88491701dd6249423dba0c69f\" id=\"de-mooiste-stranden-in-de-buurt-vanuitonze-residentie-in-argeles-sur-mer\">De mooiste stranden in de buurt vanuit<br>onze residentie in Argel\u00e8s-sur-Mer<\/h2>\n\n\n<p class=\"has-text-align-center has-base-color has-text-color has-link-color has-medium-font-size wp-elements-1fd2309f44c99230b09544ee24325704\">Antin\u00e9a Ontdek de <strong>juwelen van de kust<\/strong> op slechts een paar minuten van onze Residence! Argel\u00e8s-sur-Mer ligt in de regio Languedoc-Roussillon en heeft een uitzonderlijke kustlijn. <\/p>\n\n\n\n<p class=\"has-text-align-center has-base-color has-text-color has-link-color has-medium-font-size wp-elements-9d48ce6bbc9c952a8427f85d9bc5a44a\">De hele <strong>C\u00f4te Vermeille<\/strong>, van Argel\u00e8s-sur-Mer tot Cerb\u00e8re, biedt <strong>uitzonderlijke stranden<\/strong> met <strong>kristalhelder water<\/strong> en <strong>fijn zand<\/strong>.<\/p>\n\n\n\n<p class=\"has-text-align-center has-base-color has-text-color has-link-color has-medium-font-size wp-elements-808151a16ac86f043fdaead94fd0b0c3\">Antin\u00e9aOf het nu gaat om het intieme <strong>Plage de l&#8217;Ouille<\/strong>, het sublieme <strong>Anse del Reguers<\/strong> of het authentieke <strong>Anse de Paulilles<\/strong>, deze pittoreske baaien, op slechts een paar kilometer van de R\u00e9sidence, bieden <strong>een ongerept landschap <\/strong>en turquoise water.<\/p>\n\n\n\n<p class=\"has-text-align-center has-base-color has-text-color has-link-color has-medium-font-size wp-elements-c0d42b749da195dde2edcec66fced163\">Ze zijn perfect voor een dagje ontsnappen en ontdekken.<\/p>\n\n\n\n<div style=\"height:var(--wp--preset--spacing--40)\" aria-hidden=\"true\" class=\"wp-block-spacer\"><\/div>\n<\/div><\/div>\n<\/div>\n\n<div class=\"wp-block-group alignfull has-global-padding is-layout-constrained wp-block-group-is-layout-constrained\">\n<div style=\"height:6rem\" aria-hidden=\"true\" class=\"wp-block-spacer\"><\/div>\n\n\n\n<div class=\"wp-block-group alignfull gt-reveal gt-break-mobile is-content-justification-center is-nowrap is-layout-flex wp-container-core-group-is-layout-20 wp-block-group-is-layout-flex\">\n<div class=\"wp-block-group is-nowrap is-layout-flex wp-container-core-group-is-layout-19 wp-block-group-is-layout-flex\" style=\"padding-right:var(--wp--preset--spacing--20);padding-left:var(--wp--preset--spacing--20)\">\n<div class=\"wp-block-group has-global-padding is-layout-constrained wp-block-group-is-layout-constrained\">\n<div class=\"wp-block-group animated fadeInDown slow gt-reveal-down has-global-padding is-layout-constrained wp-container-core-group-is-layout-16 wp-block-group-is-layout-constrained\">\n<div class=\"wp-block-group gt-reveal-down has-contrast-3-background-color has-background is-layout-flow wp-block-group-is-layout-flow\" style=\"min-height:30rem\"><\/div>\n<\/div>\n\n\n\n<figure class=\"wp-block-image aligncenter size-full gt-reveal-down wp-duotone-e5e0ce-ffffff-2\"><img data-dominant-color=\"b15526\" data-has-transparency=\"true\" style=\"--dominant-color: #b15526;\" decoding=\"async\" width=\"43\" height=\"21\" src=\"https:\/\/residence-argeles-sur-mer.com\/wp-content\/uploads\/sites\/6\/2024\/08\/separator.png\" alt=\"scheider\" class=\"wp-image-150 has-transparency\"\/><\/figure>\n<\/div>\n\n\n\n<div class=\"wp-block-group has-global-padding is-layout-constrained wp-block-group-is-layout-constrained\"><h2 class=\"wp-block-heading has-accent-color has-text-color has-link-color wp-elements-e8b3d697f49d59ac66f156d4593699ab\" id=\"watersportactiviteitenin-de-buurt-vande-residentie\">Watersportactiviteiten<br>in de buurt van<br>de residentie<\/h2>\n\n\n<p class=\"has-medium-font-size\">Ontdek de <strong>geneugten van de zee<\/strong> tijdens een verblijf in <a href=\"https:\/\/residence-argeles-sur-mer.com\/nl\/\">residentie Antin\u00e9a in Argel\u00e8s-sur-Mer<\/a> en ontdek <strong>een hele reeks activiteiten<\/strong> in de buurt van ons etablissement.<\/p>\n\n\n\n<p class=\"has-medium-font-size\">Of je nu <strong>van sensatie houdt<\/strong> of <strong>meer van ontspanning<\/strong>, <strong>onze partners<\/strong> bieden een ruime keuze aan activiteiten op het water. Vraag <strong>bij de receptie naar ons boekje met aanbevelingen<\/strong>. We hebben<strong> voordelige tarieven voor je<\/strong> onderhandeld!  <\/p>\n\n\n\n<p class=\"has-medium-font-size\"><strong>Kajakken<\/strong>, <strong>paddleboarden<\/strong>, <strong>duiken<\/strong>, <strong>bootverhuur<\/strong>&#8230; de keuze is aan jou. De stranden van Le Racou, Le Centre, Le Nord en Le Sud, Tamariguer en La Marenda wachten op je voor <strong>onvergetelijke wateravonturen<\/strong>. <\/p>\n\n\n\n<p class=\"has-medium-font-size\">Aarzel niet om deze activiteiten te ontdekken en te genieten van de schoonheid van de kust.<\/p>\n<\/div>\n<\/div>\n\n\n\n<figure class=\"wp-block-image size-full\"><img data-dominant-color=\"687e7c\" data-has-transparency=\"false\" style=\"--dominant-color: #687e7c;\" decoding=\"async\" width=\"1108\" height=\"738\" src=\"https:\/\/residence-argeles-sur-mer.com\/wp-content\/uploads\/sites\/6\/2024\/11\/activites-nautiques-a-retrouver.webp\" alt=\"watersportactiviteiten om te ontdekken\" class=\"wp-image-6747 not-transparent\" srcset=\"https:\/\/residence-argeles-sur-mer.com\/wp-content\/uploads\/sites\/6\/2024\/11\/activites-nautiques-a-retrouver.webp 1108w, https:\/\/residence-argeles-sur-mer.com\/wp-content\/uploads\/sites\/6\/2024\/11\/activites-nautiques-a-retrouver-690x460.webp 690w, https:\/\/residence-argeles-sur-mer.com\/wp-content\/uploads\/sites\/6\/2024\/11\/activites-nautiques-a-retrouver-768x512.webp 768w\" sizes=\"(max-width: 1108px) 100vw, 1108px\" \/><\/figure>\n<\/div>\n\n\n\n<div style=\"height:6rem\" aria-hidden=\"true\" class=\"wp-block-spacer\"><\/div>\n<\/div>\n\n<div class=\"wp-block-group alignfull is-layout-flow wp-block-group-is-layout-flow\" style=\"padding-bottom:0\">\n<div class=\"wp-block-group alignwide animated fadeIn slower is-layout-flow wp-block-group-is-layout-flow\" style=\"margin-top:0;margin-bottom:-33px;padding-right:0;padding-left:0\">\n<p class=\"gt-sliding-text has-contrast-3-color has-text-color has-link-color has-sogo-font-family wp-elements-3b0a62d677c316857b2750de3a2edf02\" style=\"margin-top:0;margin-right:0;margin-bottom:0;margin-left:0;font-size:7vw;font-style:normal;font-weight:300;line-height:1;text-transform:uppercase\">ONTDEK<\/p>\n<\/div>\n\n\n\n<div class=\"wp-block-group gt-break-mobile is-layout-grid wp-container-core-group-is-layout-26 wp-block-group-is-layout-grid\" style=\"border-radius:2rem\">\n<div\n\tstyle=\"border-radius:0rem;\" class=\"gt-maillage-3 wp-block-gt-gt-fse-maillage\"\tdata-wp-interactive=\"gt\/maillage\"\n\tdata-wp-on--click=\"actions.ctaLoad\"\n\tdata-wp-context='{\"radius\":\"0rem\",\"hover_bg_color\":\"#132f44\",\"hover_text_color\":\"#ffffff\",\"hover_image_opacity\":0.5}'>\t\n\n\t\n\t\t\t\t\t\t\t\t\t<div \n\t\t\t\tclass=\"gt-fse-maillage-link gt-fse-maillage-image-zoom gt-fse-maillage-hover-background-color gt-fse-maillage-hover-text-color\"\n\t\t\t\tstyle=\"border-radius: 0rem\"\n\t\t\t\tdata-wp-on-async--mouseover=\"actions.mouseover\"\n\t\t\t>\n\t\t\t\t\t\t\t\t\t\t\t\n<div class=\"wp-block-group is-layout-flow wp-block-group-is-layout-flow\">\n<div style=\"aspect-ratio:16\/9;min-height:unset;\" class=\"wp-block-cover is-light has-custom-content-position is-position-bottom-right has-aspect-ratio\"><span aria-hidden=\"true\" class=\"wp-block-cover__background has-black-background-color has-background-dim\"><\/span><img decoding=\"async\" width=\"1920\" height=\"434\" src=\"https:\/\/residence-argeles-sur-mer.com\/wp-content\/uploads\/sites\/6\/2024\/10\/tourisme-pyrenees-orientales-1.webp\" class=\"wp-block-cover__image-background not-transparent wp-post-image\" alt=\"toerisme pyrenees orientales\" data-object-fit=\"cover\" srcset=\"https:\/\/residence-argeles-sur-mer.com\/wp-content\/uploads\/sites\/6\/2024\/10\/tourisme-pyrenees-orientales-1.webp 1920w, https:\/\/residence-argeles-sur-mer.com\/wp-content\/uploads\/sites\/6\/2024\/10\/tourisme-pyrenees-orientales-1-690x156.webp 690w, https:\/\/residence-argeles-sur-mer.com\/wp-content\/uploads\/sites\/6\/2024\/10\/tourisme-pyrenees-orientales-1-768x174.webp 768w, https:\/\/residence-argeles-sur-mer.com\/wp-content\/uploads\/sites\/6\/2024\/10\/tourisme-pyrenees-orientales-1-1536x347.webp 1536w\" sizes=\"(max-width: 1920px) 100vw, 1920px\" data-has-transparency=\"false\" data-dominant-color=\"6f8599\" style=\"--dominant-color: #6f8599;\" \/><div class=\"wp-block-cover__inner-container has-global-padding is-layout-constrained wp-block-cover-is-layout-constrained\">\n\n\n\n<p style=\"font-weight:700;text-transform:uppercase;\" class=\"wp-elements-1d85624d063a7cb35988b7ee9856f738 wp-block-gt-gt-fse-maillage-titre has-text-color has-base-color has-large-font-size has-sogo-font-family\">\n    Ontdek de Pyr\u00e9n\u00e9es-Orientales tijdens uw verblijf<\/p>\n\n<\/div><\/div>\n<\/div>\n\t\t\t\t\t\t\t<\/div>\n\t\t\t\t\t\t\t\t\t\t\t<div \n\t\t\t\tclass=\"gt-fse-maillage-link gt-fse-maillage-image-zoom gt-fse-maillage-hover-background-color gt-fse-maillage-hover-text-color\"\n\t\t\t\tstyle=\"border-radius: 0rem\"\n\t\t\t\tdata-wp-on-async--mouseover=\"actions.mouseover\"\n\t\t\t>\n\t\t\t\t\t\t\t\t\t\t\t\n<div class=\"wp-block-group is-layout-flow wp-block-group-is-layout-flow\">\n<div style=\"aspect-ratio:16\/9;min-height:unset;\" class=\"wp-block-cover is-light has-custom-content-position is-position-bottom-right has-aspect-ratio\"><span aria-hidden=\"true\" class=\"wp-block-cover__background has-black-background-color has-background-dim\"><\/span><img decoding=\"async\" width=\"1920\" height=\"434\" src=\"https:\/\/residence-argeles-sur-mer.com\/wp-content\/uploads\/sites\/6\/2024\/10\/residence-activites-animations-argeles-sur-mer.webp\" class=\"wp-block-cover__image-background not-transparent wp-post-image\" alt=\"verblijf activiteiten animaties argeles sur mer\" data-object-fit=\"cover\" srcset=\"https:\/\/residence-argeles-sur-mer.com\/wp-content\/uploads\/sites\/6\/2024\/10\/residence-activites-animations-argeles-sur-mer.webp 1920w, https:\/\/residence-argeles-sur-mer.com\/wp-content\/uploads\/sites\/6\/2024\/10\/residence-activites-animations-argeles-sur-mer-690x156.webp 690w, https:\/\/residence-argeles-sur-mer.com\/wp-content\/uploads\/sites\/6\/2024\/10\/residence-activites-animations-argeles-sur-mer-768x174.webp 768w, https:\/\/residence-argeles-sur-mer.com\/wp-content\/uploads\/sites\/6\/2024\/10\/residence-activites-animations-argeles-sur-mer-1536x347.webp 1536w\" sizes=\"(max-width: 1920px) 100vw, 1920px\" data-has-transparency=\"false\" data-dominant-color=\"706c53\" style=\"--dominant-color: #706c53;\" \/><div class=\"wp-block-cover__inner-container has-global-padding is-layout-constrained wp-block-cover-is-layout-constrained\">\n\n\n\n<p style=\"font-weight:700;text-transform:uppercase;\" class=\"wp-elements-1d85624d063a7cb35988b7ee9856f738 wp-block-gt-gt-fse-maillage-titre has-text-color has-base-color has-large-font-size has-sogo-font-family\">\n    Verblijf met activiteiten en animaties in de Pyr\u00e9n\u00e9es-Orientales<\/p>\n\n<\/div><\/div>\n<\/div>\n\t\t\t\t\t\t\t<\/div>\n\t\t\t\t\t\t\t\t\t\t\t<div \n\t\t\t\tclass=\"gt-fse-maillage-link gt-fse-maillage-image-zoom gt-fse-maillage-hover-background-color gt-fse-maillage-hover-text-color\"\n\t\t\t\tstyle=\"border-radius: 0rem\"\n\t\t\t\tdata-wp-on-async--mouseover=\"actions.mouseover\"\n\t\t\t>\n\t\t\t\t\t\t\t\t\t\t\t\n<div class=\"wp-block-group is-layout-flow wp-block-group-is-layout-flow\">\n<div style=\"aspect-ratio:16\/9;min-height:unset;\" class=\"wp-block-cover is-light has-custom-content-position is-position-bottom-right has-aspect-ratio\"><span aria-hidden=\"true\" class=\"wp-block-cover__background has-black-background-color has-background-dim\"><\/span><img decoding=\"async\" width=\"1920\" height=\"434\" src=\"https:\/\/residence-argeles-sur-mer.com\/wp-content\/uploads\/sites\/6\/2024\/11\/residence-espace-aquatique.webp\" class=\"wp-block-cover__image-background not-transparent wp-post-image\" alt=\"residentie aquatische ruimte\" data-object-fit=\"cover\" srcset=\"https:\/\/residence-argeles-sur-mer.com\/wp-content\/uploads\/sites\/6\/2024\/11\/residence-espace-aquatique.webp 1920w, https:\/\/residence-argeles-sur-mer.com\/wp-content\/uploads\/sites\/6\/2024\/11\/residence-espace-aquatique-690x156.webp 690w, https:\/\/residence-argeles-sur-mer.com\/wp-content\/uploads\/sites\/6\/2024\/11\/residence-espace-aquatique-768x174.webp 768w, https:\/\/residence-argeles-sur-mer.com\/wp-content\/uploads\/sites\/6\/2024\/11\/residence-espace-aquatique-1536x347.webp 1536w\" sizes=\"(max-width: 1920px) 100vw, 1920px\" data-has-transparency=\"false\" data-dominant-color=\"607264\" style=\"--dominant-color: #607264;\" \/><div class=\"wp-block-cover__inner-container has-global-padding is-layout-constrained wp-block-cover-is-layout-constrained\">\n\n\n\n<p style=\"font-weight:700;text-transform:uppercase;\" class=\"wp-elements-1d85624d063a7cb35988b7ee9856f738 wp-block-gt-gt-fse-maillage-titre has-text-color has-base-color has-large-font-size has-sogo-font-family\">\n    Waterruimte met Californisch zwembad in je verblijf in Argel\u00e8s-sur-Mer<\/p>\n\n<\/div><\/div>\n<\/div>\n\t\t\t\t\t\t\t<\/div>\n\t\t\t\t\t\t\t\t<\/div><\/div>\n\n\n\n<div style=\"height:6rem\" aria-hidden=\"true\" class=\"wp-block-spacer\"><\/div>\n<\/div>\n","protected":false},"excerpt":{"rendered":"<p>Geniet van het strand vlakbij onze residentie in de Pyr\u00e9n\u00e9es-Orientales Profiteer van onze bevoorrechte locatie dicht bij het noordelijke strand van Argel\u00e8s-sur-Mer, met gemakkelijke toegang via de kustweg. Het strand van Argel\u00e8s-sur-Mer staat bekend om het smetteloos witte zand en biedt 7 kilometer ontspanning aan zee. Het strand heeft met trots het Blauwe Vlag-label gekregen, [&hellip;]<\/p>\n","protected":false},"author":1,"featured_media":6731,"parent":0,"menu_order":0,"comment_status":"closed","ping_status":"closed","template":"","meta":{"_acf_changed":false,"_seopress_robots_primary_cat":"","_seopress_titles_title":"Verblijf aan het strand in Argel\u00e8s-sur-Mer, Pyr\u00e9n\u00e9es-Orientales","_seopress_titles_desc":"Geniet van zwemmen, ontspannen, vissen bij Le Racou en watersportactiviteiten in de Pyrenee\u00ebn-Orientales in een residentie op slechts 500 m van de stranden van Argel\u00e8s-sur-Mer.","_seopress_robots_index":"","_gt_ctv_global_id":"","_gt_ctv_id_group":false,"inline_featured_image":false,"gt_fse_maillage_image":"","gt_fse_maillage_titre":"","gt_fse_maillage_resume":"","_gt_maillage_image":0,"_gt_maillage_video":0,"_gt_maillage_title":"","footnotes":""},"categories":[],"tags":[],"class_list":["post-5329","page","type-page","status-publish","has-post-thumbnail","hentry"],"acf":[],"_links":{"self":[{"href":"https:\/\/residence-argeles-sur-mer.com\/nl\/wp-json\/wp\/v2\/pages\/5329","targetHints":{"allow":["GET"]}}],"collection":[{"href":"https:\/\/residence-argeles-sur-mer.com\/nl\/wp-json\/wp\/v2\/pages"}],"about":[{"href":"https:\/\/residence-argeles-sur-mer.com\/nl\/wp-json\/wp\/v2\/types\/page"}],"author":[{"embeddable":true,"href":"https:\/\/residence-argeles-sur-mer.com\/nl\/wp-json\/wp\/v2\/users\/1"}],"replies":[{"embeddable":true,"href":"https:\/\/residence-argeles-sur-mer.com\/nl\/wp-json\/wp\/v2\/comments?post=5329"}],"version-history":[{"count":8,"href":"https:\/\/residence-argeles-sur-mer.com\/nl\/wp-json\/wp\/v2\/pages\/5329\/revisions"}],"predecessor-version":[{"id":7139,"href":"https:\/\/residence-argeles-sur-mer.com\/nl\/wp-json\/wp\/v2\/pages\/5329\/revisions\/7139"}],"wp:featuredmedia":[{"embeddable":true,"href":"https:\/\/residence-argeles-sur-mer.com\/nl\/wp-json\/wp\/v2\/media\/6731"}],"wp:attachment":[{"href":"https:\/\/residence-argeles-sur-mer.com\/nl\/wp-json\/wp\/v2\/media?parent=5329"}],"wp:term":[{"taxonomy":"category","embeddable":true,"href":"https:\/\/residence-argeles-sur-mer.com\/nl\/wp-json\/wp\/v2\/categories?post=5329"},{"taxonomy":"post_tag","embeddable":true,"href":"https:\/\/residence-argeles-sur-mer.com\/nl\/wp-json\/wp\/v2\/tags?post=5329"}],"curies":[{"name":"wp","href":"https:\/\/api.w.org\/{rel}","templated":true}]}}