{"id":5319,"date":"2024-09-27T09:29:51","date_gmt":"2024-09-27T07:29:51","guid":{"rendered":"https:\/\/residence-argeles-sur-mer.com\/residentie-familiale-argeles-sur-mer\/"},"modified":"2024-12-02T10:29:02","modified_gmt":"2024-12-02T09:29:02","slug":"familieverblijf-argeles-sur-mer","status":"publish","type":"page","link":"https:\/\/residence-argeles-sur-mer.com\/nl\/familieverblijf-argeles-sur-mer\/","title":{"rendered":"Welkom in een gezinswoning in Argel\u00e8s-sur-Mer"},"content":{"rendered":"\n<div class=\"wp-block-group alignfull gt-reveal has-global-padding is-layout-constrained wp-container-core-group-is-layout-5 wp-block-group-is-layout-constrained\">\n<div style=\"height:6rem\" aria-hidden=\"true\" class=\"wp-block-spacer\"><\/div>\n\n\n\n<div class=\"wp-block-group alignwide gt-break-mobile is-nowrap is-layout-flex wp-container-core-group-is-layout-4 wp-block-group-is-layout-flex\">\n<div class=\"wp-block-group has-global-padding is-layout-constrained wp-block-group-is-layout-constrained\">\n<div class=\"wp-block-group is-layout-flow wp-block-group-is-layout-flow\" style=\"padding-right:var(--wp--preset--spacing--30);padding-left:var(--wp--preset--spacing--30)\">\n<div style=\"height:10rem\" aria-hidden=\"true\" class=\"wp-block-spacer gt-hide-mobile\"><\/div>\n\n\n\n<figure class=\"wp-block-image aligncenter size-full gt-reveal-down\"><img data-dominant-color=\"b15526\" data-has-transparency=\"true\" style=\"--dominant-color: #b15526;\" decoding=\"async\" width=\"43\" height=\"21\" src=\"https:\/\/residence-argeles-sur-mer.com\/wp-content\/uploads\/sites\/6\/2024\/08\/separator.png\" alt=\"scheider\" class=\"wp-image-150 has-transparency\"\/><\/figure>\n\n\n<h2 class=\"wp-block-heading has-text-align-center gt-reveal-down has-accent-color has-text-color has-link-color wp-elements-016d77aea8d5a48071b3a7305a41b2c9\" id=\"hartelijk-welkom-eninformatie-bij-de-receptievan-camping-del-mar\">Hartelijk welkom en<br>informatie bij de receptie<br>van camping del Mar<\/h2>\n\n\n<p class=\"has-text-align-center gt-reveal-down has-medium-font-size\">Ons toegewijde team staat klaar om je <strong>een onvergetelijke ervaring<\/strong> te bezorgen, met praktische diensten en een <strong>warm welkom<\/strong>.<\/p>\n\n\n\n<p class=\"has-text-align-center gt-reveal-down has-medium-font-size\"><strong>Een vriendelijk welkom <\/strong>: we heten je van harte welkom en beantwoorden al je vragen.<\/p>\n\n\n\n<p class=\"has-text-align-center gt-reveal-down has-medium-font-size\"><strong>Informations touristiques <\/strong>: obtenez des <a href=\"https:\/\/residence-argeles-sur-mer.com\/nl\/familieverblijf-argeles-sur-mer\/#informations\">informations de qualit\u00e9 pour explorer le pays catalan<\/a>. Nous sommes l\u00e0 pour vous guider vers les meilleures exp\u00e9riences. <\/p>\n\n\n    <div id=\"gt-fse-lire-plus-69f0c6887c78e\" class=\"gt-fse-lire-plus\" data-min-height=\"130\" style=\"background-color: #fff;\">\n        <input id=\"gt-fse-lire-plus-69f0c6887c78e-toggle\" type=\"checkbox\" class=\"gt-fse-lire-plus__toggle\" \/>\n        <label for=\"gt-fse-lire-plus-69f0c6887c78e-toggle\" class=\"gt-fse-lire-plus__toggle-label\">\n            <span>Lire plus<\/span>\n            <span>Lire moins<\/span>\n        <\/label>\n        <div class=\"gt-fse-lire-plus__content\" style=\"height: 130px;\">\n            \n\n<p class=\"has-text-align-center gt-reveal-down has-medium-font-size\"><strong>Post en pakketten ontvangen<\/strong>: geniet van het gemak om je post en pakketten direct bij de receptie te ontvangen.<\/p>\n\n\n\n<p class=\"has-text-align-center gt-reveal-down has-medium-font-size\"><strong>Inschrijven voor activiteiten<\/strong>: <a href=\"https:\/\/residence-argeles-sur-mer.com\/nl\/verblijf-activiteiten-animaties-argeles-sur-mer\/\">schrijf je in voor de verschillende activiteiten<\/a> die worden aangeboden om te genieten van unieke momenten tijdens je verblijf.<\/p>\n\n\n\n<p class=\"has-text-align-center gt-reveal-down has-medium-font-size\"><strong>Apparatuur lenen<\/strong>: heb je een strijkijzer of stofzuiger nodig? We lenen ze je gratis uit, met alleen een borgsom. <\/p>\n\n\n\n<p class=\"has-text-align-center gt-reveal-down has-medium-font-size\"><strong>Service bij late aankomst<\/strong><\/p>\n\n            <div class=\"gt-fse-lire-plus__gradient\" style=\"background: linear-gradient(to bottom,rgba(255,255,255,0) 0%,rgba(255,255,255,1) 100%);\"><\/div>\n        <\/div>\n    <\/div>\n    <\/div>\n<\/div>\n\n\n\n<div class=\"wp-block-group wp-container-content-1 is-layout-flow wp-block-group-is-layout-flow\">\n<figure class=\"wp-block-image size-full gt-reveal\"><img data-dominant-color=\"9a7e66\" data-has-transparency=\"false\" style=\"--dominant-color: #9a7e66;\" decoding=\"async\" width=\"640\" height=\"961\" src=\"https:\/\/residence-argeles-sur-mer.com\/wp-content\/uploads\/sites\/6\/2024\/10\/accueil-chaleureux-et-informations-a-la-reception-du-camping-del-mar.webp\" alt=\"hartelijk welkom en informatie bij de receptie van camping del mar\" class=\"wp-image-4804 not-transparent\" srcset=\"https:\/\/residence-argeles-sur-mer.com\/wp-content\/uploads\/sites\/6\/2024\/10\/accueil-chaleureux-et-informations-a-la-reception-du-camping-del-mar.webp 640w, https:\/\/residence-argeles-sur-mer.com\/wp-content\/uploads\/sites\/6\/2024\/10\/accueil-chaleureux-et-informations-a-la-reception-du-camping-del-mar-526x790.webp 526w\" sizes=\"(max-width: 640px) 100vw, 640px\" \/><\/figure>\n<\/div>\n<\/div>\n<\/div>\n\n<div class=\"wp-block-group alignfull gt-reveal has-global-padding is-layout-constrained wp-container-core-group-is-layout-11 wp-block-group-is-layout-constrained\">\n<div style=\"height:6rem\" aria-hidden=\"true\" class=\"wp-block-spacer\"><\/div>\n\n\n\n<div class=\"wp-block-group alignwide animated fadeIn slower gt-hide-mobile is-layout-flow wp-block-group-is-layout-flow\" style=\"margin-top:0;margin-bottom:-33px;padding-right:0;padding-left:0\">\n<p class=\"gt-sliding-text has-contrast-3-color has-text-color has-link-color has-sogo-font-family wp-elements-e90a8ef9fcb0bfe93d37f6da6ef67464\" style=\"margin-top:0;margin-right:0;margin-bottom:0;margin-left:0;font-size:7vw;font-style:normal;font-weight:300;line-height:1;text-transform:uppercase\">INFORMATIE<\/p>\n<\/div>\n\n\n\n<div class=\"wp-block-group alignwide gt-break-mobile is-nowrap is-layout-flex wp-container-core-group-is-layout-10 wp-block-group-is-layout-flex\">\n<div class=\"wp-block-group wp-container-content-2 is-layout-flow wp-block-group-is-layout-flow\">\n<figure class=\"wp-block-image size-full gt-reveal\"><img data-dominant-color=\"74867f\" data-has-transparency=\"false\" style=\"--dominant-color: #74867f;\" decoding=\"async\" width=\"640\" height=\"960\" src=\"https:\/\/residence-argeles-sur-mer.com\/wp-content\/uploads\/sites\/6\/2024\/11\/antinea-horaires-de-reception.webp\" alt=\"antinea opvangtijden\" class=\"wp-image-6670 not-transparent\" srcset=\"https:\/\/residence-argeles-sur-mer.com\/wp-content\/uploads\/sites\/6\/2024\/11\/antinea-horaires-de-reception.webp 640w, https:\/\/residence-argeles-sur-mer.com\/wp-content\/uploads\/sites\/6\/2024\/11\/antinea-horaires-de-reception-527x790.webp 527w\" sizes=\"(max-width: 640px) 100vw, 640px\" \/><\/figure>\n<\/div>\n\n\n\n<div class=\"wp-block-group has-global-padding is-layout-constrained wp-block-group-is-layout-constrained\">\n<div class=\"wp-block-group is-layout-flow wp-block-group-is-layout-flow\" style=\"padding-right:var(--wp--preset--spacing--30);padding-left:var(--wp--preset--spacing--30)\">\n<div style=\"height:10rem\" aria-hidden=\"true\" class=\"wp-block-spacer gt-hide-mobile\"><\/div>\n\n\n\n<figure class=\"wp-block-image aligncenter size-full gt-reveal-down\"><img data-dominant-color=\"b15526\" data-has-transparency=\"true\" style=\"--dominant-color: #b15526;\" decoding=\"async\" width=\"43\" height=\"21\" src=\"https:\/\/residence-argeles-sur-mer.com\/wp-content\/uploads\/sites\/6\/2024\/08\/separator.png\" alt=\"scheider\" class=\"wp-image-150 has-transparency\"\/><\/figure>\n\n\n\n<p class=\"has-text-align-center gt-reveal-down has-medium-font-size\">Hieronder vind je alle informatie die je nodig hebt om je verblijf bij ons zo gemakkelijk mogelijk te maken.<\/p>\n\n\n\n<p class=\"has-text-align-center gt-reveal-down has-medium-font-size\"><strong>Receptie Residentie Antinea<\/strong><\/p>\n\n\n\n<p class=\"has-text-align-center gt-reveal-down has-medium-font-size\"><strong> <a href=\"https:\/\/residence-argeles-sur-mer.com\/nl\/\"><\/a> <br\/>A<strong> <a href=\"https:\/\/residence-argeles-sur-mer.com\/nl\/\">ntinea Residence<\/a> kantoor<\/strong> alleen op zaterdagmiddag in juli en augustus om een vlotte aankomst te garanderen.<\/strong><\/p>\n\n\n\n<p class=\"has-text-align-center gt-reveal-down has-medium-font-size\"><strong>Openingstijden receptie op camping Del Mar<\/strong><\/p>\n\n\n\n<p class=\"has-text-align-center gt-reveal-down has-medium-font-size\"><strong>Juli &#8211; augustus:<\/strong><br\/>elke dag van 9 tot 14 uur en van 15 tot 20 uur en op zaterdag van 8 tot 21 uur.<\/p>\n\n\n\n<p class=\"has-text-align-center gt-reveal-down has-medium-font-size\"><strong>Juni t\/m september:<\/strong><br\/>zondag t\/m vrijdag van 9.00 tot 12.30 en van 15.00 tot 19.00. Zaterdag van 9.00 tot 12.30 en van 14.00 tot 19.00.<\/p>\n\n\n\n<p class=\"has-text-align-center gt-reveal-down has-medium-font-size\">Buiten deze periodes: maandag t\/m vrijdag van 10.00 tot 12.00 uur en van 15.00 tot 18.00 uur (gesloten op zaterdag en zondag).<\/p>\n\n\n\n<p class=\"has-text-align-center gt-reveal-down has-medium-font-size\"><strong>Het hele receptieteam staat klaar om je te adviseren en te informeren tijdens je verblijf.<\/strong><\/p>\n\n\n\n<p class=\"has-text-align-center gt-reveal-down has-medium-font-size\"><strong>Neem voor meer informatie <a href=\"https:\/\/residence-argeles-sur-mer.com\/nl\/contact-toegang-argeles-sur-mer\/\">contact op met ons team<\/a> op 04.68.81.10.38 of per e-mail: contact@camping-del-mar.com<\/strong><\/p>\n\n\n\n<div style=\"height:2rem\" aria-hidden=\"true\" class=\"wp-block-spacer is-style-gt-hide-mobile\"><\/div>\n<\/div>\n<\/div>\n<\/div>\n<\/div>\n\n<div class=\"wp-block-group alignfull gt-reveal is-nowrap is-layout-flex wp-container-core-group-is-layout-14 wp-block-group-is-layout-flex\">\n<div class=\"wp-block-cover is-light gt-hide-mobile wp-container-content-3\" style=\"min-height:100vh;aspect-ratio:unset;\"><img data-dominant-color=\"72879d\" data-has-transparency=\"false\" style=\"--dominant-color: #72879d;\" decoding=\"async\" width=\"381\" height=\"859\" class=\"wp-block-cover__image-background wp-image-4808 not-transparent\" alt=\"explorez le pays catalan\" src=\"https:\/\/residence-argeles-sur-mer.com\/wp-content\/uploads\/sites\/6\/2024\/10\/explorez-le-pays-catalan.webp\" data-object-fit=\"cover\" srcset=\"https:\/\/residence-argeles-sur-mer.com\/wp-content\/uploads\/sites\/6\/2024\/10\/explorez-le-pays-catalan.webp 381w, https:\/\/residence-argeles-sur-mer.com\/wp-content\/uploads\/sites\/6\/2024\/10\/explorez-le-pays-catalan-350x790.webp 350w\" sizes=\"(max-width: 381px) 100vw, 381px\" \/><span aria-hidden=\"true\" class=\"wp-block-cover__background has-background-dim-0 has-background-dim\"><\/span><div class=\"wp-block-cover__inner-container has-global-padding is-layout-constrained wp-block-cover-is-layout-constrained\">\n<p class=\"has-text-align-center has-large-font-size\"><\/p>\n<\/div><\/div>\n\n\n\n<div class=\"wp-block-cover has-custom-content-position is-position-top-center wp-container-content-4\" style=\"padding-top:0;padding-bottom:0;min-height:100vh;aspect-ratio:unset;\"><img data-dominant-color=\"806643\" data-has-transparency=\"false\" decoding=\"async\" width=\"1514\" height=\"859\" class=\"wp-block-cover__image-background wp-image-4810 not-transparent\" alt=\"profitez de services 4 etoiles pour un sejour en toute serenite\" src=\"https:\/\/residence-argeles-sur-mer.com\/wp-content\/uploads\/sites\/6\/2024\/10\/profitez-de-services-4-etoiles-pour-un-sejour-en-toute-serenite.webp\" style=\"--dominant-color: #806643; object-position:24% 52%\" data-object-fit=\"cover\" data-object-position=\"24% 52%\" srcset=\"https:\/\/residence-argeles-sur-mer.com\/wp-content\/uploads\/sites\/6\/2024\/10\/profitez-de-services-4-etoiles-pour-un-sejour-en-toute-serenite.webp 1514w, https:\/\/residence-argeles-sur-mer.com\/wp-content\/uploads\/sites\/6\/2024\/10\/profitez-de-services-4-etoiles-pour-un-sejour-en-toute-serenite-690x391.webp 690w, https:\/\/residence-argeles-sur-mer.com\/wp-content\/uploads\/sites\/6\/2024\/10\/profitez-de-services-4-etoiles-pour-un-sejour-en-toute-serenite-768x436.webp 768w\" sizes=\"(max-width: 1514px) 100vw, 1514px\" \/><span aria-hidden=\"true\" class=\"wp-block-cover__background has-background-dim-20 has-background-dim\"><\/span><div class=\"wp-block-cover__inner-container has-global-padding is-layout-constrained wp-block-cover-is-layout-constrained\">\n<div class=\"wp-block-group gt-reveal-down has-global-padding is-layout-constrained wp-container-core-group-is-layout-13 wp-block-group-is-layout-constrained\">\n<div class=\"wp-block-group has-contrast-3-background-color has-background is-layout-flow wp-block-group-is-layout-flow\" style=\"min-height:12rem\"><\/div>\n<\/div>\n\n\n\n<figure class=\"wp-block-image aligncenter size-full gt-reveal-down wp-duotone-e5e0ce-ffffff-1\"><img data-dominant-color=\"b15526\" data-has-transparency=\"true\" style=\"--dominant-color: #b15526;\" decoding=\"async\" width=\"43\" height=\"21\" src=\"https:\/\/residence-argeles-sur-mer.com\/wp-content\/uploads\/sites\/6\/2024\/08\/separator.png\" alt=\"scheider\" class=\"wp-image-150 has-transparency\"\/><\/figure>\n\n\n\n<div style=\"height:1rem\" aria-hidden=\"true\" class=\"wp-block-spacer\"><\/div>\n\n\n<h2 class=\"wp-block-heading has-text-align-center has-base-color has-text-color has-link-color has-large-font-size wp-elements-6d5ee1a082cd13a72336eb2ea7c42392\" id=\"profiteer-van-4-sterrenservicevoor-een-zorgeloos-verblijf\">Profiteer van 4-sterrenservice<br>voor een zorgeloos verblijf<\/h2>\n\n\n<h3 class=\"wp-block-heading has-text-align-center has-base-color has-text-color has-link-color has-large-font-size wp-elements-9ef6307ca145e3c3fdd187ad2fe4cd35\" id=\"informations\"> Informatie en advies om de<br\/>Pyr\u00e9n\u00e9es-Orientales te ontdekken<\/h3>\n\n\n\n<p class=\"has-text-align-center has-base-color has-text-color has-link-color has-medium-font-size wp-elements-e81cd705ae76ef216e00dbdc7b335187\">Verken het <strong>Catalaanse<\/strong> platteland met <strong>kwaliteitsinformatie<\/strong> en <strong>deskundig advies<\/strong>.<\/p>\n\n\n\n<p class=\"has-text-align-center has-base-color has-text-color has-link-color has-medium-font-size wp-elements-31746cd4cb78daf27ca76d50c4920681\">Bezoek de receptie van Camping Del Mar, je eerste stop op weg naar een <strong>uitzonderlijke vakantie<\/strong> in onze prachtige Catalaanse regio.<\/p>\n\n\n\n<p class=\"has-text-align-center has-base-color has-text-color has-link-color has-medium-font-size wp-elements-6f8a0dd8199958e6abef69f38a5d928f\">Onze toewijding betekent een <strong>warm welkom<\/strong>, <strong>persoonlijke service<\/strong> en <strong>toeristische informatie van topkwaliteit<\/strong> om je te helpen <a href=\"https:\/\/residence-argeles-sur-mer.com\/nl\/toerisme-pyrenees-orientales\/\">alle schatten van onze regio te ontdekken<\/a>.<\/p>\n\n\n\n<div style=\"height:var(--wp--preset--spacing--40)\" aria-hidden=\"true\" class=\"wp-block-spacer\"><\/div>\n<\/div><\/div>\n<\/div>\n\n<div class=\"wp-block-group alignfull gt-break-mobile is-content-justification-right is-nowrap is-layout-flex wp-container-core-group-is-layout-20 wp-block-group-is-layout-flex\">\n<div class=\"wp-block-group alignwide gt-absolute-text gt-hide-mobile wp-container-content-5 is-horizontal is-content-justification-right is-nowrap is-layout-flex wp-container-core-group-is-layout-15 wp-block-group-is-layout-flex\" style=\"margin-top:0;padding-right:0;padding-left:0\">\n<p class=\"gt-sliding-text-y has-contrast-3-color has-text-color has-link-color has-sogo-font-family wp-elements-5f6cb5dad0c2d735fa98942c264b4dad\" style=\"margin-top:0;margin-right:0;margin-bottom:0;margin-left:0;font-size:7vw;font-style:normal;font-weight:300;line-height:1;text-transform:uppercase\">Vier sterren<\/p>\n<\/div>\n\n\n\n<div class=\"wp-block-group has-accent-2-background-color has-background wp-container-content-6 has-global-padding is-content-justification-center is-layout-constrained wp-block-group-is-layout-constrained\">\n<div class=\"wp-block-group alignwide is-layout-flow wp-block-group-is-layout-flow\" style=\"padding-top:0;padding-right:var(--wp--preset--spacing--60);padding-bottom:var(--wp--preset--spacing--30);padding-left:var(--wp--preset--spacing--60)\">\n<div class=\"wp-block-group gt-reveal-down has-global-padding is-layout-constrained wp-container-core-group-is-layout-17 wp-block-group-is-layout-constrained\" style=\"margin-top:-3rem\">\n<div class=\"wp-block-group has-contrast-3-background-color has-background is-layout-flow wp-block-group-is-layout-flow\" style=\"min-height:6rem\"><\/div>\n<\/div>\n\n\n\n<figure class=\"wp-block-image aligncenter size-full gt-reveal-down wp-duotone-a55a32-a55a32-2\"><img data-dominant-color=\"b15526\" data-has-transparency=\"true\" style=\"--dominant-color: #b15526;\" decoding=\"async\" width=\"43\" height=\"21\" src=\"https:\/\/residence-argeles-sur-mer.com\/wp-content\/uploads\/sites\/6\/2024\/08\/separator.png\" alt=\"scheider\" class=\"wp-image-150 has-transparency\"\/><\/figure>\n\n\n\n<p class=\"has-text-align-center gt-reveal-down m-b-0 has-medium-font-size\">De Pyr\u00e9n\u00e9es-Orientales is een <strong>prachtige regio om te ontdekken<\/strong>. Hier zijn een paar redenen waarom je deze zonnige regio zou moeten bezoeken: <\/p>\n\n\n\n<p class=\"has-text-align-center gt-reveal-down has-medium-font-size\"><strong>Uitzonderlijke zonneschijn <\/strong>: met ongeveer 300 dagen zon per jaar zijn de Pyrenee\u00ebn het hele jaar door een ideale bestemming.<\/p>\n\n\n\n<p class=\"has-text-align-center gt-reveal-down has-medium-font-size\"><strong>Historisch en cultureel erfgoed <\/strong>: verken pittoreske dorpjes zoals Castelnou, Eus, Am\u00e9lie-les-Bains en Villefranche-de-Conflent. Deze plaatsen zitten boordevol geschiedenis en charme. <\/p>\n\n\n\n<p class=\"has-text-align-center gt-reveal-down has-medium-font-size\"><strong>Wandelen in het Regionaal Natuurpark van de Catalaanse Pyrenee\u00ebn<\/strong>: neem de vele wandelpaden en ontdek adembenemende landschappen. Het Canigou-massief, de kloven van Caran\u00e7a en de meren van Bouillouses mag je niet missen. <\/p>\n\n\n\n<p class=\"has-text-align-center gt-reveal-down has-medium-font-size\"><strong>Entre montagne et mer :<\/strong> les Pyr\u00e9n\u00e9es-Orientales offrent un \u00e9quilibre parfait entre montagnes majestueuses et <a href=\"https:\/\/residence-argeles-sur-mer.com\/nl\/residentie-strand-argeles-sur-mer\/\">littoral m\u00e9diterran\u00e9en<\/a>. Vous pourrez m\u00eame admirer des flamants roses sur l\u2019\u00e9tang de Canet-Saint-Nazaire. <\/p>\n\n\n\n<p class=\"has-text-align-center gt-reveal-down has-medium-font-size\"><strong>Gastronomie <\/strong>: mis de Catalaanse specialiteiten niet, smakelijke gerechten die de rijkdom van de regio weerspiegelen.<\/p>\n<\/div>\n\n\n\n<div style=\"height:6rem;width:0px\" aria-hidden=\"true\" class=\"wp-block-spacer\"><\/div>\n<\/div>\n<\/div>\n\n<div class=\"wp-block-group alignfull has-global-padding is-layout-constrained wp-block-group-is-layout-constrained\">\n<div style=\"height:6rem\" aria-hidden=\"true\" class=\"wp-block-spacer\"><\/div>\n\n\n\n<div class=\"wp-block-group alignfull gt-reveal gt-break-mobile is-content-justification-center is-nowrap is-layout-flex wp-container-core-group-is-layout-26 wp-block-group-is-layout-flex\">\n<div class=\"wp-block-group is-nowrap is-layout-flex wp-container-core-group-is-layout-25 wp-block-group-is-layout-flex\" style=\"padding-right:var(--wp--preset--spacing--20);padding-left:var(--wp--preset--spacing--20)\">\n<div class=\"wp-block-group has-global-padding is-layout-constrained wp-block-group-is-layout-constrained\">\n<div class=\"wp-block-group animated fadeInDown slow gt-reveal-down has-global-padding is-layout-constrained wp-container-core-group-is-layout-22 wp-block-group-is-layout-constrained\">\n<div class=\"wp-block-group gt-reveal-down has-contrast-3-background-color has-background is-layout-flow wp-block-group-is-layout-flow\" style=\"min-height:30rem\"><\/div>\n<\/div>\n\n\n\n<figure class=\"wp-block-image aligncenter size-full gt-reveal-down wp-duotone-e5e0ce-ffffff-3\"><img data-dominant-color=\"b15526\" data-has-transparency=\"true\" style=\"--dominant-color: #b15526;\" decoding=\"async\" width=\"43\" height=\"21\" src=\"https:\/\/residence-argeles-sur-mer.com\/wp-content\/uploads\/sites\/6\/2024\/08\/separator.png\" alt=\"scheider\" class=\"wp-image-150 has-transparency\"\/><\/figure>\n<\/div>\n\n\n\n<div class=\"wp-block-group has-global-padding is-layout-constrained wp-block-group-is-layout-constrained\"><h3 class=\"wp-block-heading has-accent-color has-text-color has-link-color wp-elements-e43e407a655e35e1f1220e74d792795b\" id=\"gratis-wifi-vooraangesloten-vakanties\">Gratis WiFi voor<br>aangesloten vakanties<\/h3>\n\n\n<p class=\"has-medium-font-size\">Als je op vakantie bent, wil je je e-mails kunnen checken op je smartphone of computer. Maar wat als het netwerk slecht is? <\/p>\n\n\n\n<p class=\"has-medium-font-size\">Wij hebben de oplossing: met onze <strong>gedeelde wifi-verbinding<\/strong> kun je je e-mails en het laatste nieuws op internet checken.<\/p>\n\n\n\n<p class=\"has-medium-font-size\">We bieden een <strong>gratis wifi-netwerk<\/strong> om je vakantie en surfen te vergemakkelijken.<\/p>\n<\/div>\n<\/div>\n\n\n\n<figure class=\"wp-block-image size-full\"><img data-dominant-color=\"a5916b\" data-has-transparency=\"false\" style=\"--dominant-color: #a5916b;\" decoding=\"async\" width=\"1108\" height=\"738\" src=\"https:\/\/residence-argeles-sur-mer.com\/wp-content\/uploads\/sites\/6\/2024\/10\/wifi-gratuit-pour-des-vacances-connectees.webp\" alt=\"gratis wifi voor aangesloten vakanties\" class=\"wp-image-4813 not-transparent\" srcset=\"https:\/\/residence-argeles-sur-mer.com\/wp-content\/uploads\/sites\/6\/2024\/10\/wifi-gratuit-pour-des-vacances-connectees.webp 1108w, https:\/\/residence-argeles-sur-mer.com\/wp-content\/uploads\/sites\/6\/2024\/10\/wifi-gratuit-pour-des-vacances-connectees-690x460.webp 690w, https:\/\/residence-argeles-sur-mer.com\/wp-content\/uploads\/sites\/6\/2024\/10\/wifi-gratuit-pour-des-vacances-connectees-768x512.webp 768w\" sizes=\"(max-width: 1108px) 100vw, 1108px\" \/><\/figure>\n<\/div>\n\n\n\n<div style=\"height:6rem\" aria-hidden=\"true\" class=\"wp-block-spacer\"><\/div>\n<\/div>\n\n<div class=\"wp-block-group alignfull has-global-padding is-layout-constrained wp-block-group-is-layout-constrained\">\n<div class=\"wp-block-group alignfull gt-reveal gt-break-mobile is-content-justification-center is-nowrap is-layout-flex wp-container-core-group-is-layout-30 wp-block-group-is-layout-flex\">\n<figure class=\"wp-block-image size-full\"><img data-dominant-color=\"8b8777\" data-has-transparency=\"false\" style=\"--dominant-color: #8b8777;\" decoding=\"async\" width=\"662\" height=\"531\" src=\"https:\/\/residence-argeles-sur-mer.com\/wp-content\/uploads\/sites\/6\/2024\/11\/voyager-leger.webp\" alt=\"licht reizen\" class=\"wp-image-6872 not-transparent\"\/><\/figure>\n\n\n\n<div class=\"wp-block-group is-nowrap is-layout-flex wp-container-core-group-is-layout-29 wp-block-group-is-layout-flex\" style=\"padding-right:var(--wp--preset--spacing--20);padding-left:var(--wp--preset--spacing--20)\">\n<div class=\"wp-block-group has-global-padding is-layout-constrained wp-block-group-is-layout-constrained\"><h3 class=\"wp-block-heading has-accent-color has-text-color has-link-color wp-elements-5b414beeb0e68645ca0a4acf7e14a1d5\" id=\"volledig-uitgeruste-wasserij-voor-licht-reizen\">Volledig uitgeruste wasserij voor licht reizen<\/h3>\n\n\n<p class=\"has-medium-font-size\">Maak gebruik van onze <strong>wasmachines en wasdrogers<\/strong> die op muntjes werken. Antin\u00e9a Bij , weten we dat je vakantie kostbaar is. Daarom hebben we een <strong>volledig uitgeruste wasserij<\/strong> om je verblijf nog aangenamer te maken.  <\/p>\n\n\n\n<p class=\"has-medium-font-size\">Onze wasserij wordt zorgvuldig <strong>onderhouden<\/strong> en <strong>regelmatig schoongemaakt<\/strong>. Je vindt hier een aangename ruimte waar je met een gerust hart je was kunt doen. <\/p>\n\n\n\n<p class=\"has-medium-font-size\">Met onze volledig uitgeruste wasserij kun je <strong>licht reizen<\/strong>. Je hoeft je koffers niet te overladen met tonnen kleding! Je hebt volledige autonomie, want onze wasmachines <strong>werken op munten<\/strong> (betaling met creditcard of contant).  <\/p>\n\n\n\n<p class=\"has-medium-font-size\">Aarzel niet om onze wasserette te komen ontdekken tijdens je verblijf in de residentie Antin\u00e9a. We zijn er om je vakantie nog aangenamer te maken! (met toeslag)<\/p>\n<\/div>\n<\/div>\n<\/div>\n\n\n\n<div class=\"wp-block-group alignfull gt-reveal gt-break-mobile is-content-justification-center is-nowrap is-layout-flex wp-container-core-group-is-layout-33 wp-block-group-is-layout-flex\">\n<div class=\"wp-block-group is-nowrap is-layout-flex wp-container-core-group-is-layout-32 wp-block-group-is-layout-flex\" style=\"padding-right:var(--wp--preset--spacing--20);padding-left:var(--wp--preset--spacing--20)\">\n<div class=\"wp-block-group has-global-padding is-layout-constrained wp-block-group-is-layout-constrained\"><h3 class=\"wp-block-heading has-accent-color has-text-color has-link-color wp-elements-6edeb85807cd2f6f6db2fcbda8145f7e\" id=\"extra-verhuurvoor-uw-gemak\">Extra verhuur<br>voor uw gemak<\/h3>\n\n\n<p class=\"has-medium-font-size\"><strong>Extra&#8217;s voor een comfortabel verblijf<\/strong><br\/>In de residentie Antin\u00e9a doen we er alles aan om je verblijf aangenaam en praktisch te maken.<\/p>\n\n\n\n<p class=\"has-medium-font-size\">Hier zijn onze extra opties:<\/p>\n\n\n\n<ol class=\"wp-block-list\">\n<li><strong>Wegwerplakens<\/strong>: voor slechts \u20ac13 per paar geniet je van schone, praktische lakens tijdens je verblijf.<\/li>\n\n\n\n<li><strong>Babypakket<\/strong>: reis licht met ons babypakket, dat een <strong>kinderbedje <\/strong>(zonder matras), een <strong>kinderstoel<\/strong> en een <strong>babybadje<\/strong> bevat. Prijs: \u20ac20\/week. <\/li>\n\n\n\n<li><strong>Optie voor eindschoonmaak<\/strong>: voor \u20ac150 laat je ons de eindschoonmaak doen. Vergeet niet om deze optie 48 uur voor je vertrek te bevestigen. <\/li>\n<\/ol>\n\n\n\n<p class=\"has-medium-font-size\">Boek nu om van deze exclusieve extra&#8217;s te genieten!<\/p>\n<\/div>\n<\/div>\n\n\n\n<figure class=\"wp-block-image size-full\"><img data-dominant-color=\"c5cbc4\" data-has-transparency=\"false\" style=\"--dominant-color: #c5cbc4;\" decoding=\"async\" width=\"662\" height=\"531\" src=\"https:\/\/residence-argeles-sur-mer.com\/wp-content\/uploads\/sites\/6\/2024\/11\/baignoire-bebe.webp\" alt=\"baignoire bebe\" class=\"wp-image-6875 not-transparent\"\/><\/figure>\n<\/div>\n\n\n\n<div style=\"height:6rem\" aria-hidden=\"true\" class=\"wp-block-spacer\"><\/div>\n<\/div>\n\n<div class=\"wp-block-group alignfull gt-reveal has-global-padding is-layout-constrained wp-container-core-group-is-layout-39 wp-block-group-is-layout-constrained\">\n<div class=\"wp-block-group alignwide gt-break-mobile is-nowrap is-layout-flex wp-container-core-group-is-layout-38 wp-block-group-is-layout-flex\">\n<div class=\"wp-block-group wp-container-content-7 is-layout-flow wp-block-group-is-layout-flow\">\n<figure class=\"wp-block-image size-full gt-reveal\"><img data-dominant-color=\"7a603c\" data-has-transparency=\"false\" style=\"--dominant-color: #7a603c;\" decoding=\"async\" width=\"640\" height=\"960\" src=\"https:\/\/residence-argeles-sur-mer.com\/wp-content\/uploads\/sites\/6\/2024\/10\/vins-des-pyrenees-orientales-dans-l-epicerie-de-depannage-avec-des-produits-locaux.webp\" alt=\"wijnen uit de oostelijke pyrenee&#xEB;n in een buurtwinkel met lokale producten\" class=\"wp-image-4819 not-transparent\" srcset=\"https:\/\/residence-argeles-sur-mer.com\/wp-content\/uploads\/sites\/6\/2024\/10\/vins-des-pyrenees-orientales-dans-l-epicerie-de-depannage-avec-des-produits-locaux.webp 640w, https:\/\/residence-argeles-sur-mer.com\/wp-content\/uploads\/sites\/6\/2024\/10\/vins-des-pyrenees-orientales-dans-l-epicerie-de-depannage-avec-des-produits-locaux-527x790.webp 527w\" sizes=\"(max-width: 640px) 100vw, 640px\" \/><\/figure>\n<\/div>\n\n\n\n<div class=\"wp-block-group has-global-padding is-layout-constrained wp-block-group-is-layout-constrained\">\n<div class=\"wp-block-group is-layout-flow wp-block-group-is-layout-flow\" style=\"padding-right:var(--wp--preset--spacing--30);padding-left:var(--wp--preset--spacing--30)\">\n<div style=\"height:10rem\" aria-hidden=\"true\" class=\"wp-block-spacer gt-hide-mobile\"><\/div>\n\n\n\n<figure class=\"wp-block-image aligncenter size-full gt-reveal-down\"><img data-dominant-color=\"b15526\" data-has-transparency=\"true\" style=\"--dominant-color: #b15526;\" decoding=\"async\" width=\"43\" height=\"21\" src=\"https:\/\/residence-argeles-sur-mer.com\/wp-content\/uploads\/sites\/6\/2024\/08\/separator.png\" alt=\"scheider\" class=\"wp-image-150 has-transparency\"\/><\/figure>\n\n\n<h3 class=\"wp-block-heading has-text-align-center has-accent-color has-text-color has-link-color wp-elements-13c81940a78dd668b44c8cc6bd0ffd56\" id=\"brood-en-weens-gebak-verkrijgbaar-in-het-seizoen-voor-lekker-wakker-worden\"><br>Brood en Weens gebak verkrijgbaar in het seizoen voor lekker wakker worden<\/h3>\n\n\n<p class=\"has-text-align-center gt-reveal-down has-medium-font-size\"><strong>Lekker wakker worden op de hotspot<\/strong><br\/>Bij R\u00e9sidence weten we dat <strong>het ontbijt<\/strong> de belangrijkste maaltijd van de dag is. Daarom bieden we je <strong>elke ochtend<\/strong> versgebakken lekkernijen: <\/p>\n\n\n\n<p class=\"has-text-align-center gt-reveal-down has-medium-font-size\">&#8211; <strong>Vers brood<\/strong>: onze kruideniers bereiden knapperig, zacht brood, ideaal voor &#8217;s ochtends. <br\/>&#8211; <strong>Weens gebak<\/strong>: croissants, pains au chocolat&#8230; Laat je verleiden door onze heerlijke Weense gebakjes.<\/p>\n\n\n\n<p class=\"has-text-align-center gt-reveal-down has-medium-font-size\">Je smaakpapillen zullen verrukt zijn vanaf het moment dat je wakker wordt!<\/p>\n\n\n\n<div style=\"height:1rem\" aria-hidden=\"true\" class=\"wp-block-spacer gt-hide-mobile\"><\/div>\n\n\n<h3 class=\"wp-block-heading has-text-align-center has-accent-color has-text-color has-link-color wp-elements-277644ada56f53b27a6cab043a943b79\" id=\"buurtwinkel-metlokale-producten\">Buurtwinkel met<br>lokale producten<\/h3>\n\n    <div id=\"gt-fse-lire-plus-69f0c688831c0\" class=\"gt-fse-lire-plus\" data-min-height=\"130\" style=\"background-color: #fff;\">\n        <input id=\"gt-fse-lire-plus-69f0c688831c0-toggle\" type=\"checkbox\" class=\"gt-fse-lire-plus__toggle\" \/>\n        <label for=\"gt-fse-lire-plus-69f0c688831c0-toggle\" class=\"gt-fse-lire-plus__toggle-label\">\n            <span>Lire plus<\/span>\n            <span>Lire moins<\/span>\n        <\/label>\n        <div class=\"gt-fse-lire-plus__content\" style=\"height: 130px;\">\n            \n\n<p class=\"has-text-align-center gt-reveal-down has-medium-font-size\"><strong>Gemakswinkel: ontdek lokale smaken<\/strong><br\/>In de residentie Antin\u00e9a hebben we aan alles gedacht om je verblijf nog aangenamer te maken.<strong>Onze winkel<\/strong> biedt een selectie van essenti\u00eble lokale producten: <\/p>\n\n\n\n<p class=\"has-text-align-center gt-reveal-down has-medium-font-size\">1. <strong>Lokale producten<\/strong>: dompel jezelf onder in de authentieke smaken van de Catalaanse regio. Olijfolie, zelfgemaakte jam, honing, lokale vleeswaren&#8230; Je vindt hier alles wat je nodig hebt om je smaakpapillen te prikkelen. <br\/>2. <strong>Wijnen uit de Pyr\u00e9n\u00e9es-Orientales <\/strong>: ontdek onze selectie lokale wijnen voor bij de maaltijd. Rood, wit, ros\u00e9, er is voor elk wat wils. <br\/>3. <strong>De pers van de dag <\/strong>: blijf op de hoogte tijdens je vakantie door de kranten en tijdschriften in de winkel te raadplegen.  <\/p>\n\n\n\n<p class=\"has-text-align-center gt-reveal-down has-medium-font-size\">Geniet elke dag van deze kleine pleziertjes!<\/p>\n\n            <div class=\"gt-fse-lire-plus__gradient\" style=\"background: linear-gradient(to bottom,rgba(255,255,255,0) 0%,rgba(255,255,255,1) 100%);\"><\/div>\n        <\/div>\n    <\/div>\n    \n\n\n<div style=\"height:2rem\" aria-hidden=\"true\" class=\"wp-block-spacer is-style-gt-hide-mobile\"><\/div>\n<\/div>\n<\/div>\n<\/div>\n<\/div>\n\n<div class=\"wp-block-group alignfull gt-reveal is-nowrap is-layout-flex wp-container-core-group-is-layout-42 wp-block-group-is-layout-flex\">\n<div class=\"wp-block-cover gt-hide-mobile wp-container-content-8\" style=\"min-height:100vh;aspect-ratio:unset;\"><img data-dominant-color=\"7a7970\" data-has-transparency=\"false\" style=\"--dominant-color: #7a7970;\" decoding=\"async\" width=\"381\" height=\"867\" class=\"wp-block-cover__image-background wp-image-6879 not-transparent\" alt=\"vos plats a emporter\" src=\"https:\/\/residence-argeles-sur-mer.com\/wp-content\/uploads\/sites\/6\/2024\/11\/vos-plats-a-emporter.webp\" data-object-fit=\"cover\" srcset=\"https:\/\/residence-argeles-sur-mer.com\/wp-content\/uploads\/sites\/6\/2024\/11\/vos-plats-a-emporter.webp 381w, https:\/\/residence-argeles-sur-mer.com\/wp-content\/uploads\/sites\/6\/2024\/11\/vos-plats-a-emporter-347x790.webp 347w\" sizes=\"(max-width: 381px) 100vw, 381px\" \/><span aria-hidden=\"true\" class=\"wp-block-cover__background has-background-dim-20 has-background-dim\"><\/span><div class=\"wp-block-cover__inner-container has-global-padding is-layout-constrained wp-block-cover-is-layout-constrained\">\n<p class=\"has-text-align-center has-large-font-size\"><\/p>\n<\/div><\/div>\n\n\n\n<div class=\"wp-block-cover has-custom-content-position is-position-top-center wp-container-content-9\" style=\"padding-top:0;padding-bottom:0;min-height:100vh;aspect-ratio:unset;\"><img data-dominant-color=\"8f6245\" data-has-transparency=\"false\" style=\"--dominant-color: #8f6245;\" decoding=\"async\" width=\"1514\" height=\"867\" class=\"wp-block-cover__image-background wp-image-6883 not-transparent\" alt=\"pizza maison\" src=\"https:\/\/residence-argeles-sur-mer.com\/wp-content\/uploads\/sites\/6\/2024\/11\/pizza-maison.webp\" data-object-fit=\"cover\" srcset=\"https:\/\/residence-argeles-sur-mer.com\/wp-content\/uploads\/sites\/6\/2024\/11\/pizza-maison.webp 1514w, https:\/\/residence-argeles-sur-mer.com\/wp-content\/uploads\/sites\/6\/2024\/11\/pizza-maison-690x395.webp 690w, https:\/\/residence-argeles-sur-mer.com\/wp-content\/uploads\/sites\/6\/2024\/11\/pizza-maison-768x440.webp 768w\" sizes=\"(max-width: 1514px) 100vw, 1514px\" \/><span aria-hidden=\"true\" class=\"wp-block-cover__background has-background-dim-40 has-background-dim\"><\/span><div class=\"wp-block-cover__inner-container has-global-padding is-layout-constrained wp-block-cover-is-layout-constrained\">\n<div class=\"wp-block-group gt-reveal-down has-global-padding is-layout-constrained wp-container-core-group-is-layout-41 wp-block-group-is-layout-constrained\">\n<div class=\"wp-block-group has-contrast-3-background-color has-background is-layout-flow wp-block-group-is-layout-flow\" style=\"min-height:12rem\"><\/div>\n<\/div>\n\n\n\n<figure class=\"wp-block-image aligncenter size-full gt-reveal-down wp-duotone-e5e0ce-ffffff-4\"><img data-dominant-color=\"b15526\" data-has-transparency=\"true\" style=\"--dominant-color: #b15526;\" decoding=\"async\" width=\"43\" height=\"21\" src=\"https:\/\/residence-argeles-sur-mer.com\/wp-content\/uploads\/sites\/6\/2024\/08\/separator.png\" alt=\"scheider\" class=\"wp-image-150 has-transparency\"\/><\/figure>\n\n\n\n<div style=\"height:1rem\" aria-hidden=\"true\" class=\"wp-block-spacer\"><\/div>\n\n\n\n<h3 class=\"wp-block-heading has-text-align-center has-base-color has-text-color has-link-color has-large-font-size wp-elements-38e03f93f7d5b9e61f87743a08748d0f\" id=\"informations\"> Je afhaalmaaltijden om van<br\/>te genieten waar je maar wilt<\/h3>\n\n\n\n<p class=\"has-text-align-center has-base-color has-text-color has-link-color has-medium-font-size wp-elements-69f498658f168b3b6b7565867b51f376\">Bij R\u00e9sidence Antin\u00e9a maken we maaltijden makkelijker door een <strong>afhaalservice<\/strong> aan te bieden. Onze zorgvuldig bereide gerechten zijn kant-en-klaar: <\/p>\n\n\n\n<p class=\"has-text-align-center has-base-color has-text-color has-link-color has-medium-font-size wp-elements-c21d8e51ea18a7945f2da755a05ff6b4\"><strong>Huisgemaakte pizza<\/strong>: knapperig deeg, royale toppings&#8230; Onze pizza&#8217;s zullen zeker in de smaak vallen bij iedereen.<\/p>\n\n\n\n<p class=\"has-text-align-center has-base-color has-text-color has-link-color has-medium-font-size wp-elements-3afe26c3fdadd97e97518796a8d1800a\"><strong>Knapperige aardappelen<\/strong>: begeleid je gerechten met een portie goudbruine aardappelen.<\/p>\n\n\n\n<p class=\"has-text-align-center has-base-color has-text-color has-link-color has-medium-font-size wp-elements-d1ae9c78bba93db5d92f533bb21ee1b5\"><strong>Geroosterde kip<\/strong>: geniet van malse, geurige kip, ideaal voor een maaltijd onderweg (reserveren verplicht).<\/p>\n\n\n\n<p class=\"has-text-align-center has-base-color has-text-color has-link-color has-medium-font-size wp-elements-d563be3de670764cb8ebe0f9f54b3bb3\"><a href=\"https:\/\/residence-argeles-sur-mer.com\/nl\/restaurant-brasserie-argeles-sur-mer\/\">Geniet van onze lekkernijen<\/a> waar je maar wilt!<\/p>\n\n\n\n<div style=\"height:var(--wp--preset--spacing--40)\" aria-hidden=\"true\" class=\"wp-block-spacer\"><\/div>\n<\/div><\/div>\n<\/div>\n\n<div class=\"wp-block-group alignfull has-global-padding is-layout-constrained wp-block-group-is-layout-constrained\">\n<div style=\"height:6rem\" aria-hidden=\"true\" class=\"wp-block-spacer\"><\/div>\n\n\n\n<div class=\"wp-block-group alignfull gt-reveal gt-break-mobile is-content-justification-center is-nowrap is-layout-flex wp-container-core-group-is-layout-48 wp-block-group-is-layout-flex\">\n<div class=\"wp-block-group is-nowrap is-layout-flex wp-container-core-group-is-layout-47 wp-block-group-is-layout-flex\" style=\"padding-right:var(--wp--preset--spacing--20);padding-left:var(--wp--preset--spacing--20)\">\n<div class=\"wp-block-group has-global-padding is-layout-constrained wp-block-group-is-layout-constrained\">\n<div class=\"wp-block-group animated fadeInDown slow gt-reveal-down has-global-padding is-layout-constrained wp-container-core-group-is-layout-44 wp-block-group-is-layout-constrained\">\n<div class=\"wp-block-group gt-reveal-down has-contrast-3-background-color has-background is-layout-flow wp-block-group-is-layout-flow\" style=\"min-height:30rem\"><\/div>\n<\/div>\n\n\n\n<figure class=\"wp-block-image aligncenter size-full gt-reveal-down wp-duotone-e5e0ce-ffffff-5\"><img data-dominant-color=\"b15526\" data-has-transparency=\"true\" style=\"--dominant-color: #b15526;\" decoding=\"async\" width=\"43\" height=\"21\" src=\"https:\/\/residence-argeles-sur-mer.com\/wp-content\/uploads\/sites\/6\/2024\/08\/separator.png\" alt=\"scheider\" class=\"wp-image-150 has-transparency\"\/><\/figure>\n<\/div>\n\n\n\n<div class=\"wp-block-group has-global-padding is-layout-constrained wp-block-group-is-layout-constrained\"><h3 class=\"wp-block-heading has-accent-color has-text-color has-link-color wp-elements-8d8fc5043bcc5479754205853b002ccf\" id=\"andere-praktische-dienstenom-je-vakantie-in-argeles-sur-mergemakkelijker-te-maken\">Andere praktische diensten<br>om je vakantie in Argel\u00e8s-sur-Mer<br>gemakkelijker te maken<\/h3>\n\n\n<p class=\"has-medium-font-size\">Om je vakantie in Argel\u00e8s-sur-Mer zo gemakkelijk mogelijk te maken, bieden we <strong>een aantal praktische diensten<\/strong> aan.<\/p>\n\n\n\n<p class=\"has-medium-font-size\">Ontvang <strong>je post en pakjes direct bij de receptie van <\/strong> <strong>camping Del Mar<\/strong> voor nog meer gemak.<\/p>\n\n\n\n<p class=\"has-medium-font-size\">Schrijf je in voor de verschillende aangeboden <strong>activiteiten<\/strong> en geniet van unieke momenten.<\/p>\n\n\n\n<p class=\"has-medium-font-size\">Bovendien <strong>lenen we apparatuur gratis uit<\/strong> zoals een strijkijzer of stofzuiger in ruil voor een borgsom.<\/p>\n\n\n\n<p class=\"has-medium-font-size\">Profiteer van deze diensten voor een aangenaam, zorgeloos verblijf.<\/p>\n<\/div>\n<\/div>\n\n\n\n<figure class=\"wp-block-image size-full\"><img data-dominant-color=\"ae7b39\" data-has-transparency=\"false\" style=\"--dominant-color: #ae7b39;\" decoding=\"async\" width=\"1108\" height=\"738\" src=\"https:\/\/residence-argeles-sur-mer.com\/wp-content\/uploads\/sites\/6\/2024\/11\/autres-services-pratiques-pour-vous-simplifier-les-vacances.webp\" alt=\"andere praktische diensten om uw vakantie te vergemakkelijken\" class=\"wp-image-6676 not-transparent\" srcset=\"https:\/\/residence-argeles-sur-mer.com\/wp-content\/uploads\/sites\/6\/2024\/11\/autres-services-pratiques-pour-vous-simplifier-les-vacances.webp 1108w, https:\/\/residence-argeles-sur-mer.com\/wp-content\/uploads\/sites\/6\/2024\/11\/autres-services-pratiques-pour-vous-simplifier-les-vacances-690x460.webp 690w, https:\/\/residence-argeles-sur-mer.com\/wp-content\/uploads\/sites\/6\/2024\/11\/autres-services-pratiques-pour-vous-simplifier-les-vacances-768x512.webp 768w\" sizes=\"(max-width: 1108px) 100vw, 1108px\" \/><\/figure>\n<\/div>\n\n\n\n<div style=\"height:6rem\" aria-hidden=\"true\" class=\"wp-block-spacer\"><\/div>\n<\/div>\n\n<div class=\"wp-block-group alignfull has-global-padding is-layout-constrained wp-block-group-is-layout-constrained\">\n<div class=\"wp-block-group alignfull gt-reveal gt-break-mobile is-content-justification-center is-nowrap is-layout-flex wp-container-core-group-is-layout-52 wp-block-group-is-layout-flex\">\n<figure class=\"wp-block-image size-full\"><img data-dominant-color=\"8e905a\" data-has-transparency=\"false\" style=\"--dominant-color: #8e905a;\" decoding=\"async\" width=\"662\" height=\"531\" src=\"https:\/\/residence-argeles-sur-mer.com\/wp-content\/uploads\/sites\/6\/2024\/11\/louez-un-velo-aupres-de-notre-partenaire.webp\" alt=\"huur een fiets bij onze partner\" class=\"wp-image-6680 not-transparent\"\/><\/figure>\n\n\n\n<div class=\"wp-block-group is-nowrap is-layout-flex wp-container-core-group-is-layout-51 wp-block-group-is-layout-flex\" style=\"padding-right:var(--wp--preset--spacing--20);padding-left:var(--wp--preset--spacing--20)\">\n<div class=\"wp-block-group has-global-padding is-layout-constrained wp-block-group-is-layout-constrained\"><h2 class=\"wp-block-heading has-accent-color has-text-color has-link-color wp-elements-d531ac8e7ef3d74955d5cc13fce93acf\" id=\"huur-een-fiets-bij-onzepartner-en-laat-hemgratis-bezorgen\">Huur een fiets bij onze<br>partner en laat hem<br>gratis bezorgen.<\/h2>\n\n\n<p class=\"has-medium-font-size\">Welkom in Argel\u00e8s-sur-Mer, waar de schoonheid van de regio op twee wielen kan worden verkend dankzij onze vertrouwde partner, &#8216;Guidon Fut\u00e9&#8217;. Ontdek waarom u Guidon Fut\u00e9 zou moeten kiezen voor uw fietsavonturen, en hoe u uw ervaring nog gemakkelijker kunt maken door nu te boeken. <\/p>\n\n\n    <div id=\"gt-fse-lire-plus-69f0c68885dc4\" class=\"gt-fse-lire-plus\" data-min-height=\"130\" style=\"background-color: #fff;\">\n        <input id=\"gt-fse-lire-plus-69f0c68885dc4-toggle\" type=\"checkbox\" class=\"gt-fse-lire-plus__toggle\" \/>\n        <label for=\"gt-fse-lire-plus-69f0c68885dc4-toggle\" class=\"gt-fse-lire-plus__toggle-label\">\n            <span>Lire plus<\/span>\n            <span>Lire moins<\/span>\n        <\/label>\n        <div class=\"gt-fse-lire-plus__content\" style=\"height: 130px;\">\n            \n\n<p class=\"has-medium-font-size\"><strong>Verken Argel\u00e8s-sur-Mer op de fiets met Guidon Fut\u00e9<\/strong><\/p>\n\n\n\n<p class=\"has-medium-font-size\"><strong>Waarom kiezen voor Guidon Fut\u00e9?<\/strong> <br\/><strong>Kwaliteitsvloot:<\/strong> Guidon Fut\u00e9 biedt een vloot kwaliteitsfietsen, geschikt voor alle niveaus en alle avonturen. <br\/><strong>Gemakkelijk reserveren:<\/strong> Reserveer gemakkelijk online op de Guidon Fut\u00e9 website, in slechts een paar klikken, om de beschikbaarheid van uw fietsen te garanderen. <br\/><strong>Gratis levering in Del Mar Village:<\/strong> Profiteer van gratis levering van je fietsen direct in Del Mar Village voor alle boekingen van een week of meer. <br\/><strong>Flexibel huren:<\/strong> Of u nu op zoek bent naar een dagtocht of een uitgebreide verkenningstocht, Guidon Fut\u00e9 biedt flexibele huurmogelijkheden. <br\/><strong>Assistentie en advies:<\/strong> Het Guidon Fut\u00e9-team staat klaar om u deskundig advies en assistentie te geven als u dat nodig hebt.<\/p>\n\n            <div class=\"gt-fse-lire-plus__gradient\" style=\"background: linear-gradient(to bottom,rgba(255,255,255,0) 0%,rgba(255,255,255,1) 100%);\"><\/div>\n        <\/div>\n    <\/div>\n    <\/div>\n<\/div>\n<\/div>\n\n\n\n<div class=\"wp-block-group alignfull gt-reveal gt-break-mobile is-content-justification-center is-nowrap is-layout-flex wp-container-core-group-is-layout-55 wp-block-group-is-layout-flex\">\n<div class=\"wp-block-group is-nowrap is-layout-flex wp-container-core-group-is-layout-54 wp-block-group-is-layout-flex\" style=\"padding-right:var(--wp--preset--spacing--20);padding-left:var(--wp--preset--spacing--20)\">\n<div class=\"wp-block-group has-global-padding is-layout-constrained wp-block-group-is-layout-constrained\">\n<p class=\"has-medium-font-size\"><strong>Hoe maak ik een reservering?<\/strong><\/p>\n\n\n\n<ul class=\"wp-block-list\">\n<li>Bezoek de <a href=\"https:\/\/www.guidon-fute.com\/fr\/\" target=\"_blank\" rel=\"noreferrer noopener\">Guidon Fut\u00e9 website<\/a> of neem contact met ze op via 04.68.81.56.55.<\/li>\n\n\n\n<li>Selecteer de fietsen van je keuze en de huurperiode.<\/li>\n\n\n\n<li>Vertel ons bij je reservering dat je in Del Mar Village verblijft om te profiteren van gratis bezorging (voor huurperiodes van een week of meer).<\/li>\n\n\n\n<li>Het is gemakkelijk om je boeking te voltooien.<\/li>\n<\/ul>\n\n\n\n<p class=\"has-medium-font-size\"><strong>Ontdek Argel\u00e8s-sur-Mer per fiets<\/strong><br\/>Of u nu op zoek bent naar een ontspannen wandeling langs het strand, een <strong>verkenning van de kustpaden<\/strong> of een <strong>avontuur<\/strong> in het achterland, fietsverhuur bij Guidon Fut\u00e9 biedt een onge\u00ebvenaarde <strong>vrijheid<\/strong> om de <strong>schatten van de regio<\/strong> te ontdekken.<\/p>\n\n\n\n<p class=\"has-medium-font-size\">Boek nu en maak je klaar om <strong>nieuwe ontdekkingen te doen<\/strong> met Guidon Fut\u00e9 in Del Mar Village!<\/p>\n<\/div>\n<\/div>\n\n\n\n<figure class=\"wp-block-image size-full\"><img data-dominant-color=\"8f9081\" data-has-transparency=\"false\" style=\"--dominant-color: #8f9081;\" decoding=\"async\" width=\"662\" height=\"531\" src=\"https:\/\/residence-argeles-sur-mer.com\/wp-content\/uploads\/sites\/6\/2024\/11\/decouvrez-argeles-sur-mer.webp\" alt=\"ontdek argeles sur mer\" class=\"wp-image-6683 not-transparent\"\/><\/figure>\n<\/div>\n\n\n\n<div style=\"height:6rem\" aria-hidden=\"true\" class=\"wp-block-spacer\"><\/div>\n<\/div>\n\n<div class=\"wp-block-group alignfull is-layout-flow wp-block-group-is-layout-flow\" style=\"padding-bottom:0\">\n<div class=\"wp-block-group alignwide animated fadeIn slower is-layout-flow wp-block-group-is-layout-flow\" style=\"margin-top:0;margin-bottom:-33px;padding-right:0;padding-left:0\">\n<p class=\"gt-sliding-text has-contrast-3-color has-text-color has-link-color has-sogo-font-family wp-elements-3b0a62d677c316857b2750de3a2edf02\" style=\"margin-top:0;margin-right:0;margin-bottom:0;margin-left:0;font-size:7vw;font-style:normal;font-weight:300;line-height:1;text-transform:uppercase\">ONTDEK<\/p>\n<\/div>\n\n\n\n<div class=\"wp-block-group gt-break-mobile is-layout-grid wp-container-core-group-is-layout-61 wp-block-group-is-layout-grid\" style=\"border-radius:2rem\">\n<div\n\tstyle=\"border-radius:0rem;\" class=\"gt-maillage-6 wp-block-gt-gt-fse-maillage\"\tdata-wp-interactive=\"gt\/maillage\"\n\tdata-wp-on--click=\"actions.ctaLoad\"\n\tdata-wp-context='{\"radius\":\"0rem\",\"hover_bg_color\":\"#132f44\",\"hover_text_color\":\"#ffffff\",\"hover_image_opacity\":0.5}'>\t\n\n\t\n\t\t\t\t\t\t\t\t\t<div \n\t\t\t\tclass=\"gt-fse-maillage-link gt-fse-maillage-image-zoom gt-fse-maillage-hover-background-color gt-fse-maillage-hover-text-color\"\n\t\t\t\tstyle=\"border-radius: 0rem\"\n\t\t\t\tdata-wp-on-async--mouseover=\"actions.mouseover\"\n\t\t\t>\n\t\t\t\t\t\t\t\t\t\t\t\n<div class=\"wp-block-group is-layout-flow wp-block-group-is-layout-flow\">\n<div style=\"aspect-ratio:16\/9;min-height:unset;\" class=\"wp-block-cover is-light has-custom-content-position is-position-bottom-right has-aspect-ratio\"><span aria-hidden=\"true\" class=\"wp-block-cover__background has-black-background-color has-background-dim\"><\/span><img decoding=\"async\" width=\"1920\" height=\"434\" src=\"https:\/\/residence-argeles-sur-mer.com\/wp-content\/uploads\/sites\/6\/2024\/10\/residence-activites-animations-argeles-sur-mer.webp\" class=\"wp-block-cover__image-background not-transparent wp-post-image\" alt=\"verblijf activiteiten animaties argeles sur mer\" data-object-fit=\"cover\" srcset=\"https:\/\/residence-argeles-sur-mer.com\/wp-content\/uploads\/sites\/6\/2024\/10\/residence-activites-animations-argeles-sur-mer.webp 1920w, https:\/\/residence-argeles-sur-mer.com\/wp-content\/uploads\/sites\/6\/2024\/10\/residence-activites-animations-argeles-sur-mer-690x156.webp 690w, https:\/\/residence-argeles-sur-mer.com\/wp-content\/uploads\/sites\/6\/2024\/10\/residence-activites-animations-argeles-sur-mer-768x174.webp 768w, https:\/\/residence-argeles-sur-mer.com\/wp-content\/uploads\/sites\/6\/2024\/10\/residence-activites-animations-argeles-sur-mer-1536x347.webp 1536w\" sizes=\"(max-width: 1920px) 100vw, 1920px\" data-has-transparency=\"false\" data-dominant-color=\"706c53\" style=\"--dominant-color: #706c53;\" \/><div class=\"wp-block-cover__inner-container has-global-padding is-layout-constrained wp-block-cover-is-layout-constrained\">\n\n\n\n<p style=\"font-weight:700;text-transform:uppercase;\" class=\"wp-elements-1d85624d063a7cb35988b7ee9856f738 wp-block-gt-gt-fse-maillage-titre has-text-color has-base-color has-large-font-size has-sogo-font-family\">\n    Verblijf met activiteiten en animaties in de Pyr\u00e9n\u00e9es-Orientales<\/p>\n\n<\/div><\/div>\n<\/div>\n\t\t\t\t\t\t\t<\/div>\n\t\t\t\t\t\t\t\t\t\t\t<div \n\t\t\t\tclass=\"gt-fse-maillage-link gt-fse-maillage-image-zoom gt-fse-maillage-hover-background-color gt-fse-maillage-hover-text-color\"\n\t\t\t\tstyle=\"border-radius: 0rem\"\n\t\t\t\tdata-wp-on-async--mouseover=\"actions.mouseover\"\n\t\t\t>\n\t\t\t\t\t\t\t\t\t\t\t\n<div class=\"wp-block-group is-layout-flow wp-block-group-is-layout-flow\">\n<div style=\"aspect-ratio:16\/9;min-height:unset;\" class=\"wp-block-cover is-light has-custom-content-position is-position-bottom-right has-aspect-ratio\"><span aria-hidden=\"true\" class=\"wp-block-cover__background has-black-background-color has-background-dim\"><\/span><img decoding=\"async\" width=\"1920\" height=\"434\" src=\"https:\/\/residence-argeles-sur-mer.com\/wp-content\/uploads\/sites\/6\/2024\/11\/residence-espace-aquatique.webp\" class=\"wp-block-cover__image-background not-transparent wp-post-image\" alt=\"residentie aquatische ruimte\" data-object-fit=\"cover\" srcset=\"https:\/\/residence-argeles-sur-mer.com\/wp-content\/uploads\/sites\/6\/2024\/11\/residence-espace-aquatique.webp 1920w, https:\/\/residence-argeles-sur-mer.com\/wp-content\/uploads\/sites\/6\/2024\/11\/residence-espace-aquatique-690x156.webp 690w, https:\/\/residence-argeles-sur-mer.com\/wp-content\/uploads\/sites\/6\/2024\/11\/residence-espace-aquatique-768x174.webp 768w, https:\/\/residence-argeles-sur-mer.com\/wp-content\/uploads\/sites\/6\/2024\/11\/residence-espace-aquatique-1536x347.webp 1536w\" sizes=\"(max-width: 1920px) 100vw, 1920px\" data-has-transparency=\"false\" data-dominant-color=\"607264\" style=\"--dominant-color: #607264;\" \/><div class=\"wp-block-cover__inner-container has-global-padding is-layout-constrained wp-block-cover-is-layout-constrained\">\n\n\n\n<p style=\"font-weight:700;text-transform:uppercase;\" class=\"wp-elements-1d85624d063a7cb35988b7ee9856f738 wp-block-gt-gt-fse-maillage-titre has-text-color has-base-color has-large-font-size has-sogo-font-family\">\n    Waterruimte met Californisch zwembad in je verblijf in Argel\u00e8s-sur-Mer<\/p>\n\n<\/div><\/div>\n<\/div>\n\t\t\t\t\t\t\t<\/div>\n\t\t\t\t\t\t\t\t\t\t\t<div \n\t\t\t\tclass=\"gt-fse-maillage-link gt-fse-maillage-image-zoom gt-fse-maillage-hover-background-color gt-fse-maillage-hover-text-color\"\n\t\t\t\tstyle=\"border-radius: 0rem\"\n\t\t\t\tdata-wp-on-async--mouseover=\"actions.mouseover\"\n\t\t\t>\n\t\t\t\t\t\t\t\t\t\t\t\n<div class=\"wp-block-group is-layout-flow wp-block-group-is-layout-flow\">\n<div style=\"aspect-ratio:16\/9;min-height:unset;\" class=\"wp-block-cover is-light has-custom-content-position is-position-bottom-right has-aspect-ratio\"><span aria-hidden=\"true\" class=\"wp-block-cover__background has-black-background-color has-background-dim\"><\/span><img decoding=\"async\" width=\"1920\" height=\"434\" src=\"https:\/\/residence-argeles-sur-mer.com\/wp-content\/uploads\/sites\/6\/2024\/10\/location-hebergement-argeles-sur-mer.webp\" class=\"wp-block-cover__image-background not-transparent wp-post-image\" alt=\"vakantiewoning argeles sur mer\" data-object-fit=\"cover\" srcset=\"https:\/\/residence-argeles-sur-mer.com\/wp-content\/uploads\/sites\/6\/2024\/10\/location-hebergement-argeles-sur-mer.webp 1920w, https:\/\/residence-argeles-sur-mer.com\/wp-content\/uploads\/sites\/6\/2024\/10\/location-hebergement-argeles-sur-mer-690x156.webp 690w, https:\/\/residence-argeles-sur-mer.com\/wp-content\/uploads\/sites\/6\/2024\/10\/location-hebergement-argeles-sur-mer-768x174.webp 768w, https:\/\/residence-argeles-sur-mer.com\/wp-content\/uploads\/sites\/6\/2024\/10\/location-hebergement-argeles-sur-mer-1536x347.webp 1536w\" sizes=\"(max-width: 1920px) 100vw, 1920px\" data-has-transparency=\"false\" data-dominant-color=\"726145\" style=\"--dominant-color: #726145;\" \/><div class=\"wp-block-cover__inner-container has-global-padding is-layout-constrained wp-block-cover-is-layout-constrained\">\n\n\n\n<p style=\"font-weight:700;text-transform:uppercase;\" class=\"wp-elements-1d85624d063a7cb35988b7ee9856f738 wp-block-gt-gt-fse-maillage-titre has-text-color has-base-color has-large-font-size has-sogo-font-family\">\n    Gezellige, comfortabele accommodatie te huur in Argel\u00e8s-sur-Mer<\/p>\n\n<\/div><\/div>\n<\/div>\n\t\t\t\t\t\t\t<\/div>\n\t\t\t\t\t\t\t\t<\/div><\/div>\n\n\n\n<div style=\"height:6rem\" aria-hidden=\"true\" class=\"wp-block-spacer\"><\/div>\n<\/div>\n","protected":false},"excerpt":{"rendered":"<p>Hartelijk welkom eninformatie bij de receptievan camping del Mar Ons toegewijde team staat klaar om je een onvergetelijke ervaring te bezorgen, met praktische diensten en een warm welkom. Een vriendelijk welkom : we heten je van harte welkom en beantwoorden al je vragen. Informations touristiques : obtenez des informations de qualit\u00e9 pour explorer le pays [&hellip;]<\/p>\n","protected":false},"author":1,"featured_media":6295,"parent":0,"menu_order":0,"comment_status":"closed","ping_status":"closed","template":"","meta":{"_acf_changed":false,"_seopress_robots_primary_cat":"","_seopress_titles_title":"Appartement in Argel\u00e8s-sur-Mer, Pyrenee\u00ebn-Ori\u00ebntaalse Zee","_seopress_titles_desc":"Geniet van eersteklas services en faciliteiten in een gezinsvriendelijke toeristische residentie in Argel\u00e8s-sur-Mer, in de regio Pyr\u00e9n\u00e9es-Orientales in Frankrijk","_seopress_robots_index":"","_gt_ctv_global_id":"","_gt_ctv_id_group":false,"inline_featured_image":false,"gt_fse_maillage_image":"","gt_fse_maillage_titre":"","gt_fse_maillage_resume":"","_gt_maillage_image":0,"_gt_maillage_video":0,"_gt_maillage_title":"","footnotes":""},"categories":[],"tags":[],"class_list":["post-5319","page","type-page","status-publish","has-post-thumbnail","hentry"],"acf":[],"_links":{"self":[{"href":"https:\/\/residence-argeles-sur-mer.com\/nl\/wp-json\/wp\/v2\/pages\/5319","targetHints":{"allow":["GET"]}}],"collection":[{"href":"https:\/\/residence-argeles-sur-mer.com\/nl\/wp-json\/wp\/v2\/pages"}],"about":[{"href":"https:\/\/residence-argeles-sur-mer.com\/nl\/wp-json\/wp\/v2\/types\/page"}],"author":[{"embeddable":true,"href":"https:\/\/residence-argeles-sur-mer.com\/nl\/wp-json\/wp\/v2\/users\/1"}],"replies":[{"embeddable":true,"href":"https:\/\/residence-argeles-sur-mer.com\/nl\/wp-json\/wp\/v2\/comments?post=5319"}],"version-history":[{"count":6,"href":"https:\/\/residence-argeles-sur-mer.com\/nl\/wp-json\/wp\/v2\/pages\/5319\/revisions"}],"predecessor-version":[{"id":7128,"href":"https:\/\/residence-argeles-sur-mer.com\/nl\/wp-json\/wp\/v2\/pages\/5319\/revisions\/7128"}],"wp:featuredmedia":[{"embeddable":true,"href":"https:\/\/residence-argeles-sur-mer.com\/nl\/wp-json\/wp\/v2\/media\/6295"}],"wp:attachment":[{"href":"https:\/\/residence-argeles-sur-mer.com\/nl\/wp-json\/wp\/v2\/media?parent=5319"}],"wp:term":[{"taxonomy":"category","embeddable":true,"href":"https:\/\/residence-argeles-sur-mer.com\/nl\/wp-json\/wp\/v2\/categories?post=5319"},{"taxonomy":"post_tag","embeddable":true,"href":"https:\/\/residence-argeles-sur-mer.com\/nl\/wp-json\/wp\/v2\/tags?post=5319"}],"curies":[{"name":"wp","href":"https:\/\/api.w.org\/{rel}","templated":true}]}}