{"id":5265,"date":"2024-08-13T10:52:51","date_gmt":"2024-08-13T08:52:51","guid":{"rendered":"https:\/\/residence-argeles-sur-mer.com\/accommodatie-verhuur-argeles-sur-mer\/"},"modified":"2025-01-14T15:41:43","modified_gmt":"2025-01-14T14:41:43","slug":"accommodatie-verhuur-argeles-sur-mer","status":"publish","type":"page","link":"https:\/\/residence-argeles-sur-mer.com\/nl\/accommodatie-verhuur-argeles-sur-mer\/","title":{"rendered":"Gezellige, comfortabele accommodatie te huur in Argel\u00e8s-sur-Mer"},"content":{"rendered":"\n<div style=\"height:var(--wp--preset--spacing--20)\" aria-hidden=\"true\" class=\"wp-block-spacer gt-hide-mobile\"><\/div>\n\n<div class=\"wp-block-group alignwide is-layout-flow wp-block-group-is-layout-flow\" style=\"padding-top:0;padding-bottom:0\"><h2 class=\"wp-block-heading has-accent-color has-text-color has-link-color has-x-large-font-size wp-elements-ab4895c150063f53475a2c4af3e694dc\" id=\"ons-aanbod-van-huuraccommodaties-in-de-pyrenees-orientales\"><strong>Ons aanbod van huuraccommodaties in de Pyr\u00e9n\u00e9es-Orientales<\/strong><\/h2>\n\n\n<div style=\"height:var(--wp--preset--spacing--20)\" aria-hidden=\"true\" class=\"wp-block-spacer gt-hide-mobile\"><\/div>\n\n\n\n<div class=\"wp-block-columns alignwide is-layout-flex wp-container-core-columns-is-layout-1 wp-block-columns-is-layout-flex\">\n<div class=\"wp-block-column is-layout-flow wp-block-column-is-layout-flow\">\n<div data-wp-context=\"{}\" data-wp-interactive=\"core\/query\" data-wp-key=\"1\" data-wp-router-region=\"query-1\" class=\"wp-block-query alignwide gt-fse-hebergements is-layout-flow wp-block-query-is-layout-flow gt-fse-widgets-ctv-open-product\"><\/div>\n<\/div>\n<\/div>\n\n\n\n<div style=\"height:var(--wp--preset--spacing--20)\" aria-hidden=\"true\" class=\"wp-block-spacer gt-hide-mobile\"><\/div>\n<\/div>\n\n<div class=\"wp-block-group alignwide is-layout-flow wp-block-group-is-layout-flow\" style=\"padding-top:0;padding-bottom:0\">\n<div class=\"wp-block-columns is-layout-flex wp-container-core-columns-is-layout-2 wp-block-columns-is-layout-flex\" style=\"padding-right:0;padding-left:0\">\n<div class=\"wp-block-column is-layout-flow wp-block-column-is-layout-flow\">\n<p>Of je nu kiest voor onze <strong>intieme studio&#8217;s<\/strong> <strong>voor 2 personen<\/strong> of onze <strong>appartementen<\/strong> voor <strong>maximaal 6 personen<\/strong>, wij hebben de accommodatie die aan je wensen voldoet.<\/p>\n\n\n\n<p>Dit zijn de verschillende accommodatie types die beschikbaar zijn op <a href=\"https:\/\/residence-argeles-sur-mer.com\/nl\/\">R\u00e9sidence Antin\u00e9a in Argel\u00e8s-sur-Mer<\/a>:<\/p>\n\n\n\n<ol class=\"wp-block-list\">\n<li><strong>Studio&#8217;s<\/strong>:\n<ul class=\"wp-block-list\">\n<li>Perfect voor <strong>koppels<\/strong> of <strong>soloreizigers<\/strong>.<\/li>\n\n\n\n<li>Uitgerust met een kitchenette, slaapbank en eigen badkamer.<\/li>\n\n\n\n<li>Ideaal voor een kort verblijf (minimaal 3 nachten) of een langer verblijf.<\/li>\n<\/ul>\n<\/li>\n\n\n\n<li><strong>Flats<\/strong>:\n<ul class=\"wp-block-list\">\n<li>Geschikt voor <strong>gezinnen<\/strong> en <strong>groepen vrienden<\/strong>.<\/li>\n\n\n\n<li>Verkrijgbaar in <strong>verschillende maten<\/strong> (2\/4 personen, 4\/5 personen of 6 personen).<\/li>\n\n\n\n<li>Volledig uitgeruste keuken, slaapbank, comfortabele lounge en eigen badkamer.<\/li>\n\n\n\n<li><strong>Terras van 10 m\u00b2<\/strong> om van het buitenleven te genieten.<\/li>\n<\/ul>\n<\/li>\n<\/ol>\n\n\n\n<p>Onze studio&#8217;s bieden <strong>uitzicht op de bergen of de tuin<\/strong> (afhankelijk van beschikbaarheid).<\/p>\n\n\n\n<p>Geniet van een <strong>volledig uitgeruste en gemeubileerde<\/strong> ruimte in <a href=\"https:\/\/residence-argeles-sur-mer.com\/nl\/goedkoop-residentie-argeles-sur-mer\/\">een gezellige accommodatie met de beste prijs-kwaliteitverhouding<\/a>.<\/p>\n<\/div>\n\n\n\n<div class=\"wp-block-column is-layout-flow wp-container-core-column-is-layout-3 wp-block-column-is-layout-flow\">\n<div class=\"wp-block-group animated fadeIn slow is-layout-flow wp-block-group-is-layout-flow\">\n<figure data-wp-context=\"{&quot;imageId&quot;:&quot;69f0ca3e68501&quot;}\" data-wp-interactive=\"core\/image\" class=\"wp-block-image size-full wp-lightbox-container\"><img data-dominant-color=\"a5927d\" data-has-transparency=\"false\" decoding=\"async\" width=\"648\" height=\"865\" data-wp-class--hide=\"state.isContentHidden\" data-wp-class--show=\"state.isContentVisible\" data-wp-init=\"callbacks.setButtonStyles\" data-wp-on-async--click=\"actions.showLightbox\" data-wp-on-async--load=\"callbacks.setButtonStyles\" data-wp-on-async-window--resize=\"callbacks.setButtonStyles\" src=\"https:\/\/residence-argeles-sur-mer.com\/wp-content\/uploads\/sites\/6\/2024\/10\/nos-gammes-d-hebergements-en-location-dans-les-pyrenees-orientales.webp\" alt=\"ons aanbod van huuraccommodaties in de oostelijke pyrenee&#xEB;n\" class=\"wp-image-4560 not-transparent\" style=\"--dominant-color: #a5927d; aspect-ratio:3\/4;object-fit:cover\" srcset=\"https:\/\/residence-argeles-sur-mer.com\/wp-content\/uploads\/sites\/6\/2024\/10\/nos-gammes-d-hebergements-en-location-dans-les-pyrenees-orientales.webp 648w, https:\/\/residence-argeles-sur-mer.com\/wp-content\/uploads\/sites\/6\/2024\/10\/nos-gammes-d-hebergements-en-location-dans-les-pyrenees-orientales-592x790.webp 592w\" sizes=\"(max-width: 648px) 100vw, 648px\" \/><button\n\t\t\tclass=\"lightbox-trigger\"\n\t\t\ttype=\"button\"\n\t\t\taria-haspopup=\"dialog\"\n\t\t\taria-label=\"Vergroot afbeelding: ons aanbod van huuraccommodaties in de oostelijke pyrenee\u00ebn\"\n\t\t\tdata-wp-init=\"callbacks.initTriggerButton\"\n\t\t\tdata-wp-on-async--click=\"actions.showLightbox\"\n\t\t\tdata-wp-style--right=\"state.imageButtonRight\"\n\t\t\tdata-wp-style--top=\"state.imageButtonTop\"\n\t\t>\n\t\t\t<svg xmlns=\"http:\/\/www.w3.org\/2000\/svg\" width=\"12\" height=\"12\" fill=\"none\" viewBox=\"0 0 12 12\">\n\t\t\t\t<path fill=\"#fff\" d=\"M2 0a2 2 0 0 0-2 2v2h1.5V2a.5.5 0 0 1 .5-.5h2V0H2Zm2 10.5H2a.5.5 0 0 1-.5-.5V8H0v2a2 2 0 0 0 2 2h2v-1.5ZM8 12v-1.5h2a.5.5 0 0 0 .5-.5V8H12v2a2 2 0 0 1-2 2H8Zm2-12a2 2 0 0 1 2 2v2h-1.5V2a.5.5 0 0 0-.5-.5H8V0h2Z\" \/>\n\t\t\t<\/svg>\n\t\t<\/button><\/figure>\n<\/div>\n<\/div>\n<\/div>\n\n\n\n<div style=\"height:var(--wp--preset--spacing--20)\" aria-hidden=\"true\" class=\"wp-block-spacer\"><\/div>\n<\/div>\n\n<div class=\"wp-block-cover alignfull is-light gt-reveal\" style=\"padding-top:var(--wp--preset--spacing--60);padding-right:var(--wp--preset--spacing--40);padding-bottom:var(--wp--preset--spacing--60);padding-left:var(--wp--preset--spacing--40);min-height:100vh;aspect-ratio:unset;\"><img data-dominant-color=\"5a85a5\" data-has-transparency=\"false\" decoding=\"async\" width=\"1920\" height=\"1957\" class=\"wp-block-cover__image-background wp-image-4562 not-transparent\" alt=\"les studios a louer a argeles sur mer\" src=\"https:\/\/residence-argeles-sur-mer.com\/wp-content\/uploads\/sites\/6\/2024\/10\/les-studios-a-louer-a-argeles-sur-mer.webp\" style=\"--dominant-color: #5a85a5; object-position:52% 43%\" data-object-fit=\"cover\" data-object-position=\"52% 43%\" srcset=\"https:\/\/residence-argeles-sur-mer.com\/wp-content\/uploads\/sites\/6\/2024\/10\/les-studios-a-louer-a-argeles-sur-mer.webp 1920w, https:\/\/residence-argeles-sur-mer.com\/wp-content\/uploads\/sites\/6\/2024\/10\/les-studios-a-louer-a-argeles-sur-mer-690x703.webp 690w, https:\/\/residence-argeles-sur-mer.com\/wp-content\/uploads\/sites\/6\/2024\/10\/les-studios-a-louer-a-argeles-sur-mer-1128x1150.webp 1128w, https:\/\/residence-argeles-sur-mer.com\/wp-content\/uploads\/sites\/6\/2024\/10\/les-studios-a-louer-a-argeles-sur-mer-768x783.webp 768w, https:\/\/residence-argeles-sur-mer.com\/wp-content\/uploads\/sites\/6\/2024\/10\/les-studios-a-louer-a-argeles-sur-mer-1507x1536.webp 1507w\" sizes=\"(max-width: 1920px) 100vw, 1920px\" \/><span aria-hidden=\"true\" class=\"wp-block-cover__background has-background-dim-80 has-background-dim wp-block-cover__gradient-background has-background-gradient\" style=\"background-color:#FFF;background:linear-gradient(135deg,rgb(0,0,0) 0%,rgba(0,0,0,0.59) 100%)\"><\/span><div class=\"wp-block-cover__inner-container has-global-padding is-layout-constrained wp-container-core-cover-is-layout-1 wp-block-cover-is-layout-constrained\">\n\n<div class=\"wp-block-group alignfull has-base-2-color has-text-color has-link-color wp-elements-c01c4814a5640688d31d662bca716747 is-layout-flow wp-container-core-group-is-layout-4 wp-block-group-is-layout-flow\" style=\"margin-top:0;margin-bottom:0;padding-right:var(--wp--preset--spacing--40);padding-left:var(--wp--preset--spacing--40)\">\n\n<div class=\"wp-block-columns is-layout-flex wp-container-core-columns-is-layout-3 wp-block-columns-is-layout-flex\">\n\n<div class=\"wp-block-column is-layout-flow wp-block-column-is-layout-flow\">\n<h3 class=\"wp-block-heading has-base-color has-text-color has-link-color wp-elements-db996ac24cc3ec851cc80b5cd9e1a56a\" id=\"studios-te-huur-in-argeles-sur-mer\"><strong>Studio&#8217;s te huur in Argel\u00e8s-sur-Mer<\/strong><\/h3>\n\n<p class=\"has-base-color has-text-color has-link-color wp-elements-d109ba95f635e9ec500361af61da2ffe\">Antin\u00e9a De studio&#8217;s van de R\u00e9sidence laten je genieten van een <strong>kampeervakantie<\/strong> met alle <strong>comfort van een toeristische residentie<\/strong>.<\/p>\n\n\n<p class=\"has-base-color has-text-color has-link-color wp-elements-4690c48d9573ecfd24ac66f9fe09ab55\">Onze <strong>studio&#8217;s voor 2<\/strong> en <strong>2\/4 personen<\/strong> voldoen aan al je behoeften.<\/p>\n\n\n<p class=\"has-base-color has-text-color has-link-color wp-elements-c211cf97aa34b18a6a2fb037316e58d5\">Hun grootte zorgt voor een intieme ruimte, ideaal voor <strong>koppels<\/strong> of <strong>soloreizigers<\/strong>.<\/p>\n\n\n<p class=\"has-base-color has-text-color has-link-color wp-elements-3c28aabc03f749f166a58b7f6b01d7c5\">De studio&#8217;s voor 2\/4 personen zijn ruimer, perfect voor <strong>kleine gezinnen<\/strong> of <strong>vrienden<\/strong>.<\/p>\n\n\n<p class=\"has-base-color has-text-color has-link-color wp-elements-7251cf67f5b0523a0b4731bdb8891afa\">Al onze studio&#8217;s hebben een kitchenette met inductiekookplaat, magnetron en andere apparatuur voor extra comfort.<\/p>\n\n\n<p class=\"has-base-color has-text-color has-link-color wp-elements-9b99344b408adbde16d78fb66d4cc993\">Er is ook een tv en gratis WiFi.<\/p>\n\n\n<p class=\"has-base-color has-text-color has-link-color wp-elements-0bf95249f05b299b6df43784e21b5018\">Antin\u00e9a De R\u00e9sidence ligt <strong>op het zuiden<\/strong> en biedt <strong>een adembenemend uitzicht op de omliggende bergen<\/strong> vanaf je terras.<\/p>\n\n<\/div>\n\n\n<div class=\"wp-block-column has-base-color has-text-color has-background has-link-color wp-elements-41261a88a15e91a547dd30aa8f4271a7 is-layout-flow wp-block-column-is-layout-flow\" style=\"background-color:#ffffff00;padding-top:var(--wp--preset--spacing--20);padding-right:var(--wp--preset--spacing--20);padding-bottom:var(--wp--preset--spacing--20);padding-left:var(--wp--preset--spacing--20)\"><\/div>\n\n<\/div>\n\n<\/div>\n\n\n<div style=\"height:2rem\" aria-hidden=\"true\" class=\"wp-block-spacer\"><\/div>\n\n<\/div><\/div>\n\n<div class=\"wp-block-group alignwide is-layout-flow wp-block-group-is-layout-flow\" style=\"padding-top:var(--wp--preset--spacing--40);padding-bottom:var(--wp--preset--spacing--40)\">\n<div class=\"wp-block-columns is-layout-flex wp-container-core-columns-is-layout-4 wp-block-columns-is-layout-flex\">\n<div class=\"wp-block-column is-vertically-aligned-center is-layout-flow wp-container-core-column-is-layout-6 wp-block-column-is-layout-flow\">\n<div class=\"wp-block-group animated fadeIn slow has-global-padding is-layout-constrained wp-block-group-is-layout-constrained\">\n<figure class=\"wp-block-image size-full gt-reveal\"><img data-dominant-color=\"848780\" data-has-transparency=\"false\" decoding=\"async\" width=\"2400\" height=\"1392\" src=\"https:\/\/residence-argeles-sur-mer.com\/wp-content\/uploads\/sites\/6\/2024\/12\/dji_0181-2-scaled.jpg\" alt=\"Luchtfoto van de antin&#xE9;a residentie in Argeles sur mer\" class=\"wp-image-7232 not-transparent\" style=\"--dominant-color: #848780; aspect-ratio:2\/3;object-fit:cover\" srcset=\"https:\/\/residence-argeles-sur-mer.com\/wp-content\/uploads\/sites\/6\/2024\/12\/dji_0181-2-scaled.jpg 2400w, https:\/\/residence-argeles-sur-mer.com\/wp-content\/uploads\/sites\/6\/2024\/12\/dji_0181-2-690x400.jpg 690w, https:\/\/residence-argeles-sur-mer.com\/wp-content\/uploads\/sites\/6\/2024\/12\/dji_0181-2-1983x1150.jpg 1983w, https:\/\/residence-argeles-sur-mer.com\/wp-content\/uploads\/sites\/6\/2024\/12\/dji_0181-2-768x445.jpg 768w, https:\/\/residence-argeles-sur-mer.com\/wp-content\/uploads\/sites\/6\/2024\/12\/dji_0181-2-1536x891.jpg 1536w, https:\/\/residence-argeles-sur-mer.com\/wp-content\/uploads\/sites\/6\/2024\/12\/dji_0181-2-2048x1188.jpg 2048w\" sizes=\"(max-width: 2400px) 100vw, 2400px\" \/><\/figure>\n<\/div>\n<\/div>\n\n\n\n<div class=\"wp-block-column is-vertically-aligned-top is-layout-flow wp-block-column-is-layout-flow\"><h3 class=\"wp-block-heading has-accent-color has-text-color has-link-color has-x-large-font-size wp-elements-033a944d4ec95005568b2ceee35c2e65\" id=\"appartementen-te-huur-op-eensteenworp-afstand-van-het-strandin-les-pyrenees-orientales\"><strong>Appartementen te huur op een<br>steenworp afstand van het strand<br>in les Pyr\u00e9n\u00e9es-Orientales<\/strong><\/h3>\n\n\n<p>Op zoek naar de perfecte plek om te verblijven in Argel\u00e8s-sur-mer?<\/p>\n\n\n\n<p>Ontdek onze <strong>comfortabele appartementen<\/strong> op de R\u00e9sidence Antin\u00e9a ! Dit is waarom je ervan zult houden: <\/p>\n\n\n\n<p>Hun bevoorrechte locatie <strong><a href=\"https:\/\/residence-argeles-sur-mer.com\/nl\/residentie-strand-argeles-sur-mer\/\">op slechts 500 m van het noordelijke strand<\/a><\/strong> Onze residentie biedt gemakkelijke toegang tot alle attracties van het resort.<\/p>\n\n\n\n<p>Wil je er een paar dagen tussenuit?<\/p>\n\n\n\n<p>Maak je geen zorgen, we bieden <strong>korte vakanties<\/strong>: profiteer van onze appartementen voor een verblijf van 3 nachten. Ideaal voor een welverdiende pauze! <\/p>\n\n\n\n<p>Je kunt je verblijf ook personaliseren met onze <strong>extra opties<\/strong>.<\/p>\n\n\n\n<p>Kies uit <strong>schoonmaakdiensten<\/strong>, <strong>beddengoed<\/strong> en speciale apparatuur.<\/p>\n\n\n\n<p>Ontspan bij het zwembad of parkeer je auto op onze parkeerplaats.<\/p>\n\n\n\n<p>Onze appartementen hebben twee <strong>terrassen van 10 m\u00b2<\/strong>.<\/p>\n<\/div>\n<\/div>\n<\/div>\n\n<div class=\"wp-block-group alignfull has-global-padding is-layout-constrained wp-block-group-is-layout-constrained\">\n<div class=\"wp-block-group alignfull gt-reveal gt-break-mobile is-content-justification-center is-nowrap is-layout-flex wp-container-core-group-is-layout-9 wp-block-group-is-layout-flex\">\n<div class=\"wp-block-group is-nowrap is-layout-flex wp-container-core-group-is-layout-8 wp-block-group-is-layout-flex\" style=\"padding-right:var(--wp--preset--spacing--20);padding-left:var(--wp--preset--spacing--20)\">\n<div class=\"wp-block-group has-global-padding is-layout-constrained wp-block-group-is-layout-constrained\"><h2 class=\"wp-block-heading has-accent-color has-text-color has-link-color has-x-large-font-size wp-elements-b19c68cf89e22b07741de96072e87e4b\" id=\"verplichte-supplementen\"><strong>Verplichte supplementen<\/strong><\/h2>\n\n\n<p class=\"has-medium-font-size\">Antin\u00e9a Antin\u00e9a Toeristenbelasting 2024 Woonplaats \/ Toeristenbelasting 2025 Woonplaats :<\/p>\n\n\n\n<p class=\"has-medium-font-size\">Toeristenbelasting percentage (+18 jaar)<br\/>Reserveringskosten \u20ac30<\/p>\n\n\n\n<p class=\"has-medium-font-size\">Huisdier*: \u20ac23 per week van 27\/06 tot 05\/09 (gratis buiten juli en augustus) u moet bij aankomst een geldig vaccinatiebewijs van uw huisdier laten zien &#8211; \u00e9\u00e9n huisdier per studio of appartement verplicht<\/p>\n\n\n\n<p class=\"has-medium-font-size\">*De directie behoudt zich het recht voor om een dier niet te accepteren, afhankelijk van de categorie.<\/p>\n\n\n\n<p class=\"has-medium-font-size\"><strong>Er wordt een borg van \u20ac620 gevraagd voor alle verhuur (in twee cheques van \u20ac470 en \u20ac150) of een creditcardafdruk<\/strong>.<\/p>\n<\/div>\n<\/div>\n\n\n\n<figure class=\"wp-block-image size-full\"><img data-dominant-color=\"ad9c73\" data-has-transparency=\"false\" style=\"--dominant-color: #ad9c73;\" decoding=\"async\" width=\"662\" height=\"531\" src=\"https:\/\/residence-argeles-sur-mer.com\/wp-content\/uploads\/sites\/6\/2024\/10\/les-supplements-obligatoires-a-prevoir.webp\" alt=\"verplichte supplementen\" class=\"wp-image-4565 not-transparent\"\/><\/figure>\n<\/div>\n<\/div>\n\n<div class=\"wp-block-group alignfull gt-break-mobile is-content-justification-right is-nowrap is-layout-flex wp-container-core-group-is-layout-16 wp-block-group-is-layout-flex\">\n<div class=\"wp-block-group alignwide gt-absolute-text gt-hide-mobile wp-container-content-1 is-horizontal is-content-justification-right is-nowrap is-layout-flex wp-container-core-group-is-layout-11 wp-block-group-is-layout-flex\" style=\"margin-top:0;padding-right:0;padding-left:0\"><\/div>\n\n\n\n<div class=\"wp-block-group has-accent-2-background-color has-background wp-container-content-2 has-global-padding is-content-justification-center is-layout-constrained wp-block-group-is-layout-constrained\">\n<div class=\"wp-block-group alignwide is-layout-flow wp-block-group-is-layout-flow\" style=\"padding-top:0;padding-right:var(--wp--preset--spacing--60);padding-bottom:var(--wp--preset--spacing--30);padding-left:var(--wp--preset--spacing--60)\">\n<div class=\"wp-block-group gt-reveal-down has-global-padding is-layout-constrained wp-container-core-group-is-layout-13 wp-block-group-is-layout-constrained\" style=\"margin-top:-3rem\">\n<div class=\"wp-block-group has-contrast-3-background-color has-background is-layout-flow wp-block-group-is-layout-flow\" style=\"min-height:6rem\"><\/div>\n<\/div>\n\n\n\n<figure class=\"wp-block-image aligncenter size-full gt-reveal-down wp-duotone-a55a32-a55a32-1\"><img data-dominant-color=\"b15526\" data-has-transparency=\"true\" style=\"--dominant-color: #b15526;\" decoding=\"async\" width=\"43\" height=\"21\" src=\"https:\/\/residence-argeles-sur-mer.com\/wp-content\/uploads\/sites\/6\/2024\/08\/separator.png\" alt=\"scheider\" class=\"wp-image-150 has-transparency\"\/><\/figure>\n\n\n\n<p class=\"has-text-align-center gt-reveal-down has-medium-font-size\"><br\/><br\/>R<strong>eserveringen<\/strong> Gratis offerte Voor alle reserveringen wordt \u20ac30 reserveringskosten in rekening gebracht, die niet worden gerestitueerd in geval van annulering, en een aanbetaling van 25% van de totale prijs van het verblijf. Het saldo moet uiterlijk 30 dagen voor aankomst worden betaald. Klanten die het restbedrag niet op de overeengekomen datum hebben betaald, worden geacht te hebben geannuleerd. Zij hebben in geen geval recht op terugbetaling van de aanbetaling.    <br\/>Voor boekingen die minder dan 30 dagen voor vertrek worden gemaakt, moet de volledige prijs van de reis of vakantie op het moment van boeken worden betaald.<\/p>\n\n\n\n<p class=\"has-text-align-center gt-reveal-down has-medium-font-size\">De boekingsoptie is geldig voor 8 dagen. De boeking is effectief wanneer de klant een schriftelijke bevestiging ontvangt van camping clos du thym.<\/p>\n\n\n    <div id=\"gt-fse-lire-plus-69f0ca3e6b398\" class=\"gt-fse-lire-plus\" data-min-height=\"130\" style=\"background-color: #f9f8f3;\">\n        <input id=\"gt-fse-lire-plus-69f0ca3e6b398-toggle\" type=\"checkbox\" class=\"gt-fse-lire-plus__toggle\" \/>\n        <label for=\"gt-fse-lire-plus-69f0ca3e6b398-toggle\" class=\"gt-fse-lire-plus__toggle-label\">\n            <span>Lire plus<\/span>\n            <span>Lire moins<\/span>\n        <\/label>\n        <div class=\"gt-fse-lire-plus__content\" style=\"height: 130px;\">\n            \n\n<p class=\"has-text-align-center gt-reveal-down has-medium-font-size\"><br\/>A<strong>ccommodatie<\/strong> Houd er rekening mee dat kinderen gratis kunnen verblijven, zolang de maximale bezetting die is aangegeven voor de accommodatie wordt gerespecteerd. <br\/>Als de maximale bezetting niet wordt gerespecteerd, wordt de accommodatie uitgezet en wordt er geen restitutie verleend.<\/p>\n\n\n\n<p class=\"has-text-align-center gt-reveal-down has-medium-font-size\"><br\/><br\/>A<strong>nnuleringsverzekering<\/strong> Een annuleringsverzekering is optioneel en wordt berekend op basis van het bedrag van je verblijf. In geval van annulering kan geen restitutie van de aanbetaling worden aangevraagd. <br\/>Bij niet verschijnen op de dag van aankomst zonder voorafgaande waarschuwing wordt het verblijf na 24 uur geannuleerd (er kan geen restitutie van de aanbetaling worden aangevraagd).<\/p>\n\n\n\n<p class=\"has-text-align-center gt-reveal-down has-medium-font-size\"><br\/>B<strong>etalingswijze<\/strong> Contant-CB-ANCV-cheques-bankoverschrijving<\/p>\n\n            <div class=\"gt-fse-lire-plus__gradient\" style=\"background: linear-gradient(to bottom,rgba(249,248,243,0) 0%,rgba(249,248,243,1) 100%);\"><\/div>\n        <\/div>\n    <\/div>\n    <\/div>\n\n\n\n<div style=\"height:6rem;width:0px\" aria-hidden=\"true\" class=\"wp-block-spacer\"><\/div>\n<\/div>\n<\/div>\n\n<div style=\"height:var(--wp--preset--spacing--50)\" aria-hidden=\"true\" class=\"wp-block-spacer\"><\/div>\n\n<div class=\"wp-block-group alignfull is-layout-flow wp-block-group-is-layout-flow\" style=\"padding-bottom:0\">\n<div class=\"wp-block-group alignwide animated fadeIn slower is-layout-flow wp-block-group-is-layout-flow\" style=\"margin-top:0;margin-bottom:-33px;padding-right:0;padding-left:0\">\n<p class=\"gt-sliding-text has-contrast-3-color has-text-color has-link-color has-sogo-font-family wp-elements-fde9d04fb08de718c566a3a1b7e42b1b\" style=\"margin-top:0;margin-right:0;margin-bottom:0;margin-left:0;font-size:7vw;font-style:normal;font-weight:300;line-height:1;text-transform:uppercase\">VOORDEEL NEMEN<\/p>\n<\/div>\n\n\n\n<div class=\"wp-block-group gt-break-mobile is-layout-grid wp-container-core-group-is-layout-21 wp-block-group-is-layout-grid\" style=\"border-radius:2rem\">\n<div\n\tstyle=\"border-radius:0rem;\" class=\"gt-maillage-2 wp-block-gt-gt-fse-maillage\"\tdata-wp-interactive=\"gt\/maillage\"\n\tdata-wp-on--click=\"actions.ctaLoad\"\n\tdata-wp-context='{\"radius\":\"0rem\",\"hover_bg_color\":\"#132f44\",\"hover_text_color\":\"#ffffff\",\"hover_image_opacity\":0.5}'>\t\n\n\t\n\t\t\t\t\t\t\t\t\t<div \n\t\t\t\tclass=\"gt-fse-maillage-link gt-fse-maillage-image-zoom gt-fse-maillage-hover-background-color gt-fse-maillage-hover-text-color\"\n\t\t\t\tstyle=\"border-radius: 0rem\"\n\t\t\t\tdata-wp-on-async--mouseover=\"actions.mouseover\"\n\t\t\t>\n\t\t\t\t\t\t\t\t\t\t\t\n<div class=\"wp-block-group is-layout-flow wp-block-group-is-layout-flow\">\n<div style=\"aspect-ratio:16\/9;min-height:unset;\" class=\"wp-block-cover is-light has-custom-content-position is-position-bottom-right has-aspect-ratio\"><span aria-hidden=\"true\" class=\"wp-block-cover__background has-black-background-color has-background-dim\"><\/span><img decoding=\"async\" width=\"1920\" height=\"434\" src=\"https:\/\/residence-argeles-sur-mer.com\/wp-content\/uploads\/sites\/6\/2024\/10\/residence-activites-animations-argeles-sur-mer.webp\" class=\"wp-block-cover__image-background not-transparent wp-post-image\" alt=\"verblijf activiteiten animaties argeles sur mer\" data-object-fit=\"cover\" srcset=\"https:\/\/residence-argeles-sur-mer.com\/wp-content\/uploads\/sites\/6\/2024\/10\/residence-activites-animations-argeles-sur-mer.webp 1920w, https:\/\/residence-argeles-sur-mer.com\/wp-content\/uploads\/sites\/6\/2024\/10\/residence-activites-animations-argeles-sur-mer-690x156.webp 690w, https:\/\/residence-argeles-sur-mer.com\/wp-content\/uploads\/sites\/6\/2024\/10\/residence-activites-animations-argeles-sur-mer-768x174.webp 768w, https:\/\/residence-argeles-sur-mer.com\/wp-content\/uploads\/sites\/6\/2024\/10\/residence-activites-animations-argeles-sur-mer-1536x347.webp 1536w\" sizes=\"(max-width: 1920px) 100vw, 1920px\" data-has-transparency=\"false\" data-dominant-color=\"706c53\" style=\"--dominant-color: #706c53;\" \/><div class=\"wp-block-cover__inner-container has-global-padding is-layout-constrained wp-block-cover-is-layout-constrained\">\n\n\n\n<p style=\"font-weight:700;text-transform:uppercase;\" class=\"wp-elements-1d85624d063a7cb35988b7ee9856f738 wp-block-gt-gt-fse-maillage-titre has-text-color has-base-color has-large-font-size has-sogo-font-family\">\n    Verblijf met activiteiten en animaties in de Pyr\u00e9n\u00e9es-Orientales<\/p>\n\n<\/div><\/div>\n<\/div>\n\t\t\t\t\t\t\t<\/div>\n\t\t\t\t\t\t\t\t\t\t\t<div \n\t\t\t\tclass=\"gt-fse-maillage-link gt-fse-maillage-image-zoom gt-fse-maillage-hover-background-color gt-fse-maillage-hover-text-color\"\n\t\t\t\tstyle=\"border-radius: 0rem\"\n\t\t\t\tdata-wp-on-async--mouseover=\"actions.mouseover\"\n\t\t\t>\n\t\t\t\t\t\t\t\t\t\t\t\n<div class=\"wp-block-group is-layout-flow wp-block-group-is-layout-flow\">\n<div style=\"aspect-ratio:16\/9;min-height:unset;\" class=\"wp-block-cover is-light has-custom-content-position is-position-bottom-right has-aspect-ratio\"><span aria-hidden=\"true\" class=\"wp-block-cover__background has-black-background-color has-background-dim\"><\/span><img decoding=\"async\" width=\"1920\" height=\"434\" src=\"https:\/\/residence-argeles-sur-mer.com\/wp-content\/uploads\/sites\/6\/2024\/10\/residence-familiale-argeles-sur-mer.webp\" class=\"wp-block-cover__image-background not-transparent wp-post-image\" alt=\"familieverblijf argeles sur mer\" data-object-fit=\"cover\" srcset=\"https:\/\/residence-argeles-sur-mer.com\/wp-content\/uploads\/sites\/6\/2024\/10\/residence-familiale-argeles-sur-mer.webp 1920w, https:\/\/residence-argeles-sur-mer.com\/wp-content\/uploads\/sites\/6\/2024\/10\/residence-familiale-argeles-sur-mer-690x156.webp 690w, https:\/\/residence-argeles-sur-mer.com\/wp-content\/uploads\/sites\/6\/2024\/10\/residence-familiale-argeles-sur-mer-768x174.webp 768w, https:\/\/residence-argeles-sur-mer.com\/wp-content\/uploads\/sites\/6\/2024\/10\/residence-familiale-argeles-sur-mer-1536x347.webp 1536w\" sizes=\"(max-width: 1920px) 100vw, 1920px\" data-has-transparency=\"false\" data-dominant-color=\"7a7a58\" style=\"--dominant-color: #7a7a58;\" \/><div class=\"wp-block-cover__inner-container has-global-padding is-layout-constrained wp-block-cover-is-layout-constrained\">\n\n\n\n<p style=\"font-weight:700;text-transform:uppercase;\" class=\"wp-elements-1d85624d063a7cb35988b7ee9856f738 wp-block-gt-gt-fse-maillage-titre has-text-color has-base-color has-large-font-size has-sogo-font-family\">\n    Welkom in een gezinswoning in Argel\u00e8s-sur-Mer<\/p>\n\n<\/div><\/div>\n<\/div>\n\t\t\t\t\t\t\t<\/div>\n\t\t\t\t\t\t\t\t\t\t\t<div \n\t\t\t\tclass=\"gt-fse-maillage-link gt-fse-maillage-image-zoom gt-fse-maillage-hover-background-color gt-fse-maillage-hover-text-color\"\n\t\t\t\tstyle=\"border-radius: 0rem\"\n\t\t\t\tdata-wp-on-async--mouseover=\"actions.mouseover\"\n\t\t\t>\n\t\t\t\t\t\t\t\t\t\t\t\n<div class=\"wp-block-group is-layout-flow wp-block-group-is-layout-flow\">\n<div style=\"aspect-ratio:16\/9;min-height:unset;\" class=\"wp-block-cover is-light has-custom-content-position is-position-bottom-right has-aspect-ratio\"><span aria-hidden=\"true\" class=\"wp-block-cover__background has-black-background-color has-background-dim\"><\/span><img decoding=\"async\" width=\"1920\" height=\"434\" src=\"https:\/\/residence-argeles-sur-mer.com\/wp-content\/uploads\/sites\/6\/2024\/11\/residence-espace-aquatique.webp\" class=\"wp-block-cover__image-background not-transparent wp-post-image\" alt=\"residentie aquatische ruimte\" data-object-fit=\"cover\" srcset=\"https:\/\/residence-argeles-sur-mer.com\/wp-content\/uploads\/sites\/6\/2024\/11\/residence-espace-aquatique.webp 1920w, https:\/\/residence-argeles-sur-mer.com\/wp-content\/uploads\/sites\/6\/2024\/11\/residence-espace-aquatique-690x156.webp 690w, https:\/\/residence-argeles-sur-mer.com\/wp-content\/uploads\/sites\/6\/2024\/11\/residence-espace-aquatique-768x174.webp 768w, https:\/\/residence-argeles-sur-mer.com\/wp-content\/uploads\/sites\/6\/2024\/11\/residence-espace-aquatique-1536x347.webp 1536w\" sizes=\"(max-width: 1920px) 100vw, 1920px\" data-has-transparency=\"false\" data-dominant-color=\"607264\" style=\"--dominant-color: #607264;\" \/><div class=\"wp-block-cover__inner-container has-global-padding is-layout-constrained wp-block-cover-is-layout-constrained\">\n\n\n\n<p style=\"font-weight:700;text-transform:uppercase;\" class=\"wp-elements-1d85624d063a7cb35988b7ee9856f738 wp-block-gt-gt-fse-maillage-titre has-text-color has-base-color has-large-font-size has-sogo-font-family\">\n    Waterruimte met Californisch zwembad in je verblijf in Argel\u00e8s-sur-Mer<\/p>\n\n<\/div><\/div>\n<\/div>\n\t\t\t\t\t\t\t<\/div>\n\t\t\t\t\t\t\t\t<\/div><\/div>\n\n\n\n<div style=\"height:6rem\" aria-hidden=\"true\" class=\"wp-block-spacer\"><\/div>\n<\/div>\n","protected":false},"excerpt":{"rendered":"<p>Ons aanbod van huuraccommodaties in de Pyr\u00e9n\u00e9es-Orientales Of je nu kiest voor onze intieme studio&#8217;s voor 2 personen of onze appartementen voor maximaal 6 personen, wij hebben de accommodatie die aan je wensen voldoet. Dit zijn de verschillende accommodatie types die beschikbaar zijn op R\u00e9sidence Antin\u00e9a in Argel\u00e8s-sur-Mer: Onze studio&#8217;s bieden uitzicht op de bergen [&hellip;]<\/p>\n","protected":false},"author":1,"featured_media":5273,"parent":0,"menu_order":0,"comment_status":"closed","ping_status":"closed","template":"","meta":{"_acf_changed":false,"_seopress_robots_primary_cat":"","_seopress_titles_title":"Appartement te huur Argel\u00e8s-sur-Mer | Studios Pyr\u00e9n\u00e9es-Orientales","_seopress_titles_desc":"Kies voor het comfort van een studio of appartement door accommodatie te huren in onze residentie in Argel\u00e8s-sur-Mer, in de regio Pyr\u00e9n\u00e9es-Orientales.","_seopress_robots_index":"","_gt_ctv_global_id":"1983","_gt_ctv_id_group":false,"inline_featured_image":false,"gt_fse_maillage_image":"https:\/\/residence-argeles-sur-mer.com\/wp-content\/uploads\/sites\/6\/2024\/10\/location-hebergement-argeles-sur-mer.webp","gt_fse_maillage_titre":"Gezellige, comfortabele accommodatie te huur in Argel\u00e8s-sur-Mer","gt_fse_maillage_resume":"","_gt_maillage_image":0,"_gt_maillage_video":0,"_gt_maillage_title":"","footnotes":""},"categories":[],"tags":[],"class_list":["post-5265","page","type-page","status-publish","has-post-thumbnail","hentry"],"acf":[],"_links":{"self":[{"href":"https:\/\/residence-argeles-sur-mer.com\/nl\/wp-json\/wp\/v2\/pages\/5265","targetHints":{"allow":["GET"]}}],"collection":[{"href":"https:\/\/residence-argeles-sur-mer.com\/nl\/wp-json\/wp\/v2\/pages"}],"about":[{"href":"https:\/\/residence-argeles-sur-mer.com\/nl\/wp-json\/wp\/v2\/types\/page"}],"author":[{"embeddable":true,"href":"https:\/\/residence-argeles-sur-mer.com\/nl\/wp-json\/wp\/v2\/users\/1"}],"replies":[{"embeddable":true,"href":"https:\/\/residence-argeles-sur-mer.com\/nl\/wp-json\/wp\/v2\/comments?post=5265"}],"version-history":[{"count":5,"href":"https:\/\/residence-argeles-sur-mer.com\/nl\/wp-json\/wp\/v2\/pages\/5265\/revisions"}],"predecessor-version":[{"id":7283,"href":"https:\/\/residence-argeles-sur-mer.com\/nl\/wp-json\/wp\/v2\/pages\/5265\/revisions\/7283"}],"wp:featuredmedia":[{"embeddable":true,"href":"https:\/\/residence-argeles-sur-mer.com\/nl\/wp-json\/wp\/v2\/media\/5273"}],"wp:attachment":[{"href":"https:\/\/residence-argeles-sur-mer.com\/nl\/wp-json\/wp\/v2\/media?parent=5265"}],"wp:term":[{"taxonomy":"category","embeddable":true,"href":"https:\/\/residence-argeles-sur-mer.com\/nl\/wp-json\/wp\/v2\/categories?post=5265"},{"taxonomy":"post_tag","embeddable":true,"href":"https:\/\/residence-argeles-sur-mer.com\/nl\/wp-json\/wp\/v2\/tags?post=5265"}],"curies":[{"name":"wp","href":"https:\/\/api.w.org\/{rel}","templated":true}]}}