{"id":5143,"date":"2024-08-13T10:50:09","date_gmt":"2024-08-13T08:50:09","guid":{"rendered":"https:\/\/residence-argeles-sur-mer.com\/home\/"},"modified":"2024-12-10T11:55:45","modified_gmt":"2024-12-10T10:55:45","slug":"home","status":"publish","type":"page","link":"https:\/\/residence-argeles-sur-mer.com\/nl\/","title":{"rendered":"Home"},"content":{"rendered":"\n<div class=\"wp-block-cover alignfull is-light gt-reveal gt-first-cover\" style=\"margin-top:0;margin-bottom:0;padding-right:0;padding-left:0;min-height:100vh;aspect-ratio:unset;\"><span aria-hidden=\"true\" class=\"wp-block-cover__background has-background-dim wp-block-cover__gradient-background has-background-gradient\" style=\"background:linear-gradient(180deg,rgba(0,0,0,0) 67%,rgb(0,0,0) 99%)\"><\/span><video class=\"wp-block-cover__video-background intrinsic-ignore\" playsInline autoPlay muted loop playsinline src=\"https:\/\/residence-argeles-sur-mer.com\/wp-content\/uploads\/sites\/6\/2024\/12\/video-promotionnelle-antinea-1.mp4\" data-object-fit=\"cover\"><\/video><div class=\"wp-block-cover__inner-container has-global-padding is-layout-constrained wp-container-core-cover-is-layout-1 wp-block-cover-is-layout-constrained\">\n<figure class=\"wp-block-image aligncenter size-full is-resized gt-logo wp-duotone-ffffff-ffffff-1\"><a href=\"https:\/\/residence-argeles-sur-mer.com\/nl\/\"><img data-dominant-color=\"e6e0cc\" data-has-transparency=\"true\" decoding=\"async\" width=\"125\" height=\"163\" src=\"https:\/\/residence-argeles-sur-mer.com\/wp-content\/uploads\/sites\/6\/2024\/08\/antinea-1.png\" alt=\"antinea logo\" class=\"wp-image-136 has-transparency\" style=\"--dominant-color: #e6e0cc; aspect-ratio:0.9202453987730062;object-fit:contain;width:161px;height:auto\"\/><\/a><\/figure>\n\n\n\n<div class=\"wp-block-columns alignfull is-layout-flex wp-container-core-columns-is-layout-1 wp-block-columns-is-layout-flex\" style=\"margin-top:var(--wp--preset--spacing--60);margin-bottom:var(--wp--preset--spacing--60);padding-top:0;padding-bottom:0\">\n<div class=\"wp-block-column is-layout-flow wp-block-column-is-layout-flow\" style=\"padding-right:0;padding-left:0;flex-basis:490px\">\n<div class=\"wp-block-group gt-socials is-vertical is-content-justification-left is-layout-flex wp-container-core-group-is-layout-1 wp-block-group-is-layout-flex\" style=\"padding-right:var(--wp--preset--spacing--20);padding-left:var(--wp--preset--spacing--20)\">\n<figure class=\"wp-block-image size-full is-resized wp-duotone-rgb255255255-ccc-2\"><a href=\"tel:+33468811038\"><img decoding=\"async\" src=\"https:\/\/residence-argeles-sur-mer.com\/wp-content\/uploads\/sites\/6\/2024\/08\/telephone-delmar.svg\" alt=\"telefoon delmar\" class=\"wp-image-74\" style=\"width:41px\"\/><\/a><\/figure>\n\n\n\n<figure class=\"wp-block-image size-full is-resized wp-duotone-rgb255255255-ccc-3\"><a href=\"https:\/\/residence-argeles-sur-mer.com\/nl\/contact-toegang-argeles-sur-mer\/\"><img decoding=\"async\" width=\"512\" height=\"512\" src=\"https:\/\/residence-argeles-sur-mer.com\/wp-content\/uploads\/sites\/6\/2024\/08\/email-delmar.svg\" alt=\"e-mail delmar\" class=\"wp-image-76\" style=\"width:41px\"\/><\/a><\/figure>\n\n\n\n<figure class=\"wp-block-image size-full is-resized wp-duotone-rgb255255255-ccc-4\"><a href=\"https:\/\/www.facebook.com\/p\/R%C3%A9sidence-Antin%C3%A9a-100057525576337\/\" target=\"_blank\" rel=\"noreferrer noopener\"><img decoding=\"async\" width=\"512\" height=\"512\" src=\"https:\/\/residence-argeles-sur-mer.com\/wp-content\/uploads\/sites\/6\/2024\/08\/facebook-delmar.svg\" alt=\"facebook delmar\" class=\"wp-image-78\" style=\"width:41px\"\/><\/a><\/figure>\n<\/div>\n<\/div>\n\n\n\n<div class=\"wp-block-column is-vertically-aligned-center is-layout-flow wp-block-column-is-layout-flow\" style=\"flex-basis:100%\">\n<div class=\"wp-block-group gt-fade-in gt-hide-mobile is-layout-flow wp-block-group-is-layout-flow\">\n<div class=\"wp-block-group gt-anim-split-parent has-base-color has-text-color has-link-color has-sogo-font-family wp-elements-bd33df738c9d76c3aacb0eed2601a593 is-vertical is-content-justification-center is-layout-flex wp-container-core-group-is-layout-2 wp-block-group-is-layout-flex\" style=\"font-size:clamp(3.426rem, 3.426rem + ((1vw - 0.2rem) * 5.957), 7rem);\">\n<p class=\"has-text-align-center gt-anim-split-child\" style=\"line-height:1\">Uw verblijf <\/p>\n\n\n\n<p class=\"has-text-align-center gt-anim-split-child has-sogo-font-family\" style=\"font-style:normal;font-weight:500;line-height:1\"><strong>in onze residentie<\/strong><\/p>\n<\/div>\n<\/div>\n<\/div>\n\n\n\n<div class=\"wp-block-column is-vertically-aligned-bottom is-layout-flow wp-block-column-is-layout-flow\" style=\"padding-top:0;flex-basis:490px\">\n<div class=\"wp-block-buttons is-content-justification-right is-layout-flex wp-container-core-buttons-is-layout-1 wp-block-buttons-is-layout-flex\" style=\"margin-top:0;margin-bottom:0;padding-bottom:10vh\">\n<div class=\"wp-block-button has-custom-font-size gt-resa-btn has-sogo-font-family\" style=\"font-size:clamp(0.875rem, 0.875rem + ((1vw - 0.2rem) * 0.708), 1.3rem);font-style:normal;font-weight:500;text-transform:uppercase\"><a class=\"wp-block-button__link has-accent-background-color has-background wp-element-button\" style=\"border-top-left-radius:2rem;border-bottom-left-radius:2rem;padding-top:1.2rem;padding-right:var(--wp--preset--spacing--40);padding-bottom:1.2rem;padding-left:var(--wp--preset--spacing--40)\">Reserveringen<\/a><\/div>\n<\/div>\n<\/div>\n<\/div>\n<\/div><\/div>\n\n<div style=\"height:4rem\" aria-hidden=\"true\" class=\"wp-block-spacer\"><\/div>\n\n<div class=\"wp-block-group alignfull gt-reveal has-global-padding is-layout-constrained wp-container-core-group-is-layout-9 wp-block-group-is-layout-constrained\">\n<div class=\"wp-block-group alignwide animated fadeIn slower is-layout-flow wp-block-group-is-layout-flow\" style=\"margin-top:0;margin-bottom:-33px;padding-right:0;padding-left:0\">\n<p class=\"gt-sliding-text has-contrast-3-color has-text-color has-link-color has-sogo-font-family wp-elements-bf172e1589e65ee70107d324a914f9fb\" style=\"margin-top:0;margin-right:0;margin-bottom:0;margin-left:0;font-size:7vw;font-style:normal;font-weight:300;line-height:1;text-transform:uppercase\">HAVEN VAN VREDE<\/p>\n<\/div>\n\n\n\n<div class=\"wp-block-group alignwide gt-break-mobile is-nowrap is-layout-flex wp-container-core-group-is-layout-8 wp-block-group-is-layout-flex\">\n<div class=\"wp-block-group is-layout-flow wp-block-group-is-layout-flow\">\n<figure class=\"wp-block-image size-full gt-reveal\"><img data-dominant-color=\"878670\" data-has-transparency=\"false\" decoding=\"async\" width=\"743\" height=\"743\" src=\"https:\/\/residence-argeles-sur-mer.com\/wp-content\/uploads\/sites\/6\/2024\/11\/del-mar-residence-antinea-a-argeles-sur-mer-votre-havre-de-paix-entre-mer-et-montagne.webp\" alt=\"del mar residence antinea in argeles sur mer uw oase van rust tussen zee en bergen\" class=\"wp-image-6633 not-transparent\" style=\"--dominant-color: #878670; aspect-ratio:1;object-fit:cover\" srcset=\"https:\/\/residence-argeles-sur-mer.com\/wp-content\/uploads\/sites\/6\/2024\/11\/del-mar-residence-antinea-a-argeles-sur-mer-votre-havre-de-paix-entre-mer-et-montagne.webp 743w, https:\/\/residence-argeles-sur-mer.com\/wp-content\/uploads\/sites\/6\/2024\/11\/del-mar-residence-antinea-a-argeles-sur-mer-votre-havre-de-paix-entre-mer-et-montagne-690x690.webp 690w, https:\/\/residence-argeles-sur-mer.com\/wp-content\/uploads\/sites\/6\/2024\/11\/del-mar-residence-antinea-a-argeles-sur-mer-votre-havre-de-paix-entre-mer-et-montagne-300x300.webp 300w, https:\/\/residence-argeles-sur-mer.com\/wp-content\/uploads\/sites\/6\/2024\/11\/del-mar-residence-antinea-a-argeles-sur-mer-votre-havre-de-paix-entre-mer-et-montagne-400x400.webp 400w, https:\/\/residence-argeles-sur-mer.com\/wp-content\/uploads\/sites\/6\/2024\/11\/del-mar-residence-antinea-a-argeles-sur-mer-votre-havre-de-paix-entre-mer-et-montagne-600x600.webp 600w\" sizes=\"(max-width: 743px) 100vw, 743px\" \/><\/figure>\n\n\n\n<div style=\"height:2rem\" aria-hidden=\"true\" class=\"wp-block-spacer\"><\/div>\n\n\n\n<p class=\"has-text-align-center gt-reveal-down has-medium-font-size\">Vanaf nu hebben mijn vrouw Marine, mijn broer Benjamin en ik besloten om de familiefakkel over te nemen.<\/p>\n\n\n\n<p class=\"has-text-align-center gt-reveal-down has-medium-font-size\">Ons doel is om een <strong>familieavontuur<\/strong> in stand te houden terwijl we ernaar streven om je een <strong>onvergetelijke vakantie<\/strong> te bezorgen.<\/p>\n\n\n\n<p class=\"has-text-align-center gt-reveal-down has-medium-font-size\">Nicolas, Marine Quill\u00e9v\u00e9r\u00e9 en Benjamin Quill\u00e9v\u00e9r\u00e9, uw managers<\/p>\n<\/div>\n\n\n\n<div class=\"wp-block-group has-global-padding is-layout-constrained wp-block-group-is-layout-constrained\">\n<div class=\"wp-block-group is-layout-flow wp-block-group-is-layout-flow\" style=\"padding-right:var(--wp--preset--spacing--30);padding-left:var(--wp--preset--spacing--30)\">\n<div style=\"height:10rem\" aria-hidden=\"true\" class=\"wp-block-spacer gt-hide-mobile\"><\/div>\n\n\n\n<figure class=\"wp-block-image aligncenter size-full is-resized gt-reveal-down wp-duotone-rgb1656534-a54122-5\"><img data-dominant-color=\"b15526\" data-has-transparency=\"true\" decoding=\"async\" width=\"43\" height=\"21\" src=\"https:\/\/residence-argeles-sur-mer.com\/wp-content\/uploads\/sites\/6\/2024\/08\/separator.png\" alt=\"scheider\" class=\"wp-image-150 has-transparency\" style=\"--dominant-color: #b15526; width:43px;height:auto\"\/><\/figure>\n\n\n<h1 class=\"wp-block-heading has-text-align-center gt-reveal-down has-accent-color has-text-color has-link-color has-x-large-font-size wp-elements-fdf919f1ad09c5f6a2e161816efa6cb1\" id=\"antinea-residentie-in-argeles-sur-meruw-oase-van-rust-tussen-zee-en-bergen\">Antin\u00e9a residentie in Argel\u00e8s-sur-Mer:<br>uw oase van rust tussen zee en bergen<\/h1>\n\n\n<p class=\"has-text-align-center gt-reveal-down has-medium-font-size\">Residentie Antinea is in 1992 opgericht als 3-sterrenhotel en in 1998 hebben we het omgebouwd tot <strong>toeristenresidentie<\/strong>.  <\/p>\n\n\n\n<div style=\"height:2rem\" aria-hidden=\"true\" class=\"wp-block-spacer is-style-gt-hide-mobile\"><\/div>\n<\/div>\n\n\n\n<figure class=\"wp-block-image size-full gt-reveal\"><img data-dominant-color=\"5d6e6b\" data-has-transparency=\"false\" decoding=\"async\" width=\"620\" height=\"620\" src=\"https:\/\/residence-argeles-sur-mer.com\/wp-content\/uploads\/sites\/6\/2024\/11\/havre-de-paix.webp\" alt=\"oase van vrede\" class=\"wp-image-6636 not-transparent\" style=\"--dominant-color: #5d6e6b; aspect-ratio:1;object-fit:cover\" srcset=\"https:\/\/residence-argeles-sur-mer.com\/wp-content\/uploads\/sites\/6\/2024\/11\/havre-de-paix.webp 620w, https:\/\/residence-argeles-sur-mer.com\/wp-content\/uploads\/sites\/6\/2024\/11\/havre-de-paix-300x300.webp 300w, https:\/\/residence-argeles-sur-mer.com\/wp-content\/uploads\/sites\/6\/2024\/11\/havre-de-paix-400x400.webp 400w, https:\/\/residence-argeles-sur-mer.com\/wp-content\/uploads\/sites\/6\/2024\/11\/havre-de-paix-600x600.webp 600w\" sizes=\"(max-width: 620px) 100vw, 620px\" \/><\/figure>\n<\/div>\n<\/div>\n<\/div>\n\n<div style=\"height:6rem\" aria-hidden=\"true\" class=\"wp-block-spacer\"><\/div>\n\n<div class=\"wp-block-group alignfull gt-reveal has-link-color wp-elements-26a1a53a9a4ad617d93365bccbaeaf16 is-nowrap is-layout-flex wp-container-core-group-is-layout-12 wp-block-group-is-layout-flex\">\n<div class=\"wp-block-cover is-light gt-hide-mobile wp-container-content-1\" style=\"min-height:100vh;aspect-ratio:unset;\"><img data-dominant-color=\"abaa96\" data-has-transparency=\"false\" decoding=\"async\" width=\"381\" height=\"925\" class=\"wp-block-cover__image-background wp-image-4932 not-transparent\" alt=\"terrasse de 10 metres carres\" src=\"https:\/\/residence-argeles-sur-mer.com\/wp-content\/uploads\/sites\/6\/2024\/10\/terrasse-de-10-metres-carres.webp\" style=\"--dominant-color: #abaa96; object-position:95% 60%\" data-object-fit=\"cover\" data-object-position=\"95% 60%\" srcset=\"https:\/\/residence-argeles-sur-mer.com\/wp-content\/uploads\/sites\/6\/2024\/10\/terrasse-de-10-metres-carres.webp 381w, https:\/\/residence-argeles-sur-mer.com\/wp-content\/uploads\/sites\/6\/2024\/10\/terrasse-de-10-metres-carres-325x790.webp 325w\" sizes=\"(max-width: 381px) 100vw, 381px\" \/><span aria-hidden=\"true\" class=\"wp-block-cover__background has-background-dim-20 has-background-dim\"><\/span><div class=\"wp-block-cover__inner-container has-global-padding is-layout-constrained wp-block-cover-is-layout-constrained\">\n\n<p class=\"has-text-align-center has-large-font-size\"><\/p>\n\n<\/div><\/div>\n\n\n\n<div class=\"wp-block-cover has-custom-content-position is-position-top-center wp-container-content-2\" style=\"padding-top:0;padding-bottom:0;min-height:100vh;aspect-ratio:unset;\"><img data-dominant-color=\"898253\" data-has-transparency=\"false\" decoding=\"async\" width=\"1514\" height=\"925\" class=\"wp-block-cover__image-background wp-image-4934 not-transparent\" alt=\"services 4 etoiles pour vacances tout confort dans les pyrenees orientales\" src=\"https:\/\/residence-argeles-sur-mer.com\/wp-content\/uploads\/sites\/6\/2024\/10\/services-4-etoiles-pour-vacances-tout-confort-dans-les-pyrenees-orientales.webp\" style=\"--dominant-color: #898253; object-position:0% 52%\" data-object-fit=\"cover\" data-object-position=\"0% 52%\" srcset=\"https:\/\/residence-argeles-sur-mer.com\/wp-content\/uploads\/sites\/6\/2024\/10\/services-4-etoiles-pour-vacances-tout-confort-dans-les-pyrenees-orientales.webp 1514w, https:\/\/residence-argeles-sur-mer.com\/wp-content\/uploads\/sites\/6\/2024\/10\/services-4-etoiles-pour-vacances-tout-confort-dans-les-pyrenees-orientales-690x422.webp 690w, https:\/\/residence-argeles-sur-mer.com\/wp-content\/uploads\/sites\/6\/2024\/10\/services-4-etoiles-pour-vacances-tout-confort-dans-les-pyrenees-orientales-768x469.webp 768w\" sizes=\"(max-width: 1514px) 100vw, 1514px\" \/><span aria-hidden=\"true\" class=\"wp-block-cover__background has-base-2-background-color has-background-dim-20 has-background-dim\"><\/span><div class=\"wp-block-cover__inner-container has-global-padding is-layout-constrained wp-block-cover-is-layout-constrained\">\n\n<div class=\"wp-block-group gt-reveal-down has-global-padding is-layout-constrained wp-container-core-group-is-layout-11 wp-block-group-is-layout-constrained\">\n\n<div class=\"wp-block-group has-contrast-3-background-color has-background is-layout-flow wp-block-group-is-layout-flow\" style=\"min-height:12rem\"><\/div>\n\n<\/div>\n\n\n<figure class=\"wp-block-image aligncenter size-full gt-reveal-down wp-duotone-e5e0ce-ffffff-6\"><img data-dominant-color=\"b15526\" data-has-transparency=\"true\" style=\"--dominant-color: #b15526;\" decoding=\"async\" width=\"43\" height=\"21\" src=\"https:\/\/residence-argeles-sur-mer.com\/wp-content\/uploads\/sites\/6\/2024\/08\/separator.png\" alt=\"scheider\" class=\"wp-image-150 has-transparency\"\/><\/figure>\n\n\n<div style=\"height:1rem\" aria-hidden=\"true\" class=\"wp-block-spacer\"><\/div>\n\n<h2 class=\"wp-block-heading has-text-align-center has-base-color has-text-color has-link-color has-large-font-size wp-elements-61eb4a6f1e20d1f2b59d294e8e560be1\" id=\"4-sterrenservice-voor-een-comfortabele-vakantie-in-de-pyrenees-orientales\">4-sterrenservice voor een comfortabele vakantie in de Pyr\u00e9n\u00e9es-Orientales<\/h2>\n\n<p class=\"has-text-align-center has-medium-font-size\">Antin\u00e9a Verblijf in onze studio&#8217;s en appartementen op ! Onze residentie ligt in het hart van de camping Del Mar en biedt <a href=\"https:\/\/residence-argeles-sur-mer.com\/nl\/familieverblijf-argeles-sur-mer\/\">4-sterrenservice<\/a> en <strong>uitzonderlijk comfort<\/strong>. Antin\u00e9a De R\u00e9sidence bestaat uit <strong>41 appartementen en studio&#8217;s<\/strong> verdeeld over de begane grond en het gelijkvloers en biedt accommodatie, elk met een <strong>terras van 10 vierkante meter<\/strong> dat <strong>een vredig uitzicht biedt op de mediterrane tuin<\/strong> of het <strong>Alb\u00e8res-massief<\/strong>, afhankelijk van de beschikbaarheid. Profiteer van de <strong>uitzonderlijke nabijheid van het strand<\/strong>, op slechts 500 meter afstand, voor zonnige dagen uit. <a href=\"https:\/\/www.bing.com\/aclick?ld=e88DnLWuaM-ec40wntM6ogCDVUCUzE_yDtAdKmU8TVlz5h3vIDhXhW4KtPKk6vikeIoegaVKBzGXfQwtPJlq-rKrNhBORdZDOZ1OqUUWkYqXmG0W-xV6ANTEoJoY3Dm-I18MEeiyidgC-BVESPy8TbNeZeevqB2V-UQDv2-owU14YypJw0&amp;u=aHR0cHMlM2ElMmYlMmZ3d3cuYm9va2luZy5jb20lMmZob3RlbCUyZmZyJTJmcmVzaWRlbmNlLWFudGluZWEtYXJnZWxlcy1zdXItbWVyLmZyLmh0bWwlM2ZhaWQlM2QyMjc2NTIwJTI2cGFnZW5hbWUlM2RyZXNpZGVuY2UtYW50aW5lYS1hcmdlbGVzLXN1ci1tZXIlMjZsYWJlbCUzZG1zbi1FVTlqT0oxbTNkSDZoQkxQeE1MTF93LTgwMTI3MDUwMzUxNjM1JTNhdGlrd2QtODAxMjcxOTg1ODE4NDIlM2Fsb2MtMTE4Njg2JTNhbmVvJTNhbXRlJTNhbHAxMjY1MTUlM2FkZWMlM2Fxc3IlYzMlYTlzaWRlbmNlJTI1MjBhbnRpbiVjMyVhOWElMjUyMHN0dWRpbyUyNTIwYXBwYXJ0ZW1lbnQlMjUyMGFyZ2VsJWMzJWE4cyUyNTIwc3VyJTI1MjBtZXIlMjUyMDUwMG0lMjUyMHBsYWdlJTI2dXRtX2NhbXBhaWduJTNkSG90ZWwlMjUyMC0lMjUyMEZyYW5jZSUyNTIwLSUyNTIwQXJnZWxlcyUyNTIwc3VyJTI1MjBNZXIlMjUyMC0lMjUyMFVGSSUyNTNBLTE0MDgyMzklMjZ1dG1fbWVkaXVtJTNkY3BjJTI2dXRtX3NvdXJjZSUzZGJpbmclMjZ1dG1fdGVybSUzZEVVOWpPSjFtM2RINmhCTFB4TUxMX3clMjZtc2Nsa2lkJTNkZmNhY2QwYTZkNTcxMTNhZTUzNWJiNjM0NDA0ZjMwMTc&amp;rlid=fcacd0a6d57113ae535bb634404f3017\" target=\"_blank\" rel=\"noreferrer noopener\">Boek nu voor een onvergetelijke vakantie!<\/a>   <\/p>\n\n\n<div style=\"height:1rem\" aria-hidden=\"true\" class=\"wp-block-spacer\"><\/div>\n\n\n<div class=\"wp-block-buttons alignwide is-content-justification-center is-layout-flex wp-container-core-buttons-is-layout-2 wp-block-buttons-is-layout-flex\">\n\n<div class=\"wp-block-button has-custom-font-size is-style-gt-contour-large has-sogo-font-family has-large-font-size\" style=\"font-style:normal;font-weight:300\"><a class=\"wp-block-button__link has-base-color has-text-color has-link-color wp-element-button\" href=\"https:\/\/residence-argeles-sur-mer.com\/nl\/familieverblijf-argeles-sur-mer\/\" style=\"padding-right:var(--wp--preset--spacing--30);padding-left:var(--wp--preset--spacing--30)\">Diensten<\/a><\/div>\n\n<\/div>\n\n\n<div style=\"height:var(--wp--preset--spacing--40)\" aria-hidden=\"true\" class=\"wp-block-spacer\"><\/div>\n\n\n<div style=\"height:var(--wp--preset--spacing--40)\" aria-hidden=\"true\" class=\"wp-block-spacer\"><\/div>\n\n<\/div><\/div>\n<\/div>\n\n<div class=\"wp-block-group alignwide animated fadeIn slower is-layout-flow wp-block-group-is-layout-flow\" style=\"margin-top:-7vw;margin-bottom:0;padding-right:0;padding-left:0\">\n<p class=\"gt-sliding-text has-base-color has-text-color has-link-color has-sogo-font-family wp-elements-c428dd775e47127c1fab0785a1c1cc7f\" style=\"margin-top:0;margin-right:0;margin-bottom:0;margin-left:0;font-size:7vw;font-style:normal;font-weight:300;line-height:1.6;text-transform:uppercase\">AL COMFORT<\/p>\n<\/div>\n\n<div style=\"height:4rem\" aria-hidden=\"true\" class=\"wp-block-spacer gt-hide-mobile\"><\/div>\n\n<div class=\"wp-block-group alignfull gt-break-mobile is-content-justification-right is-nowrap is-layout-flex wp-container-core-group-is-layout-33 wp-block-group-is-layout-flex\">\n<div class=\"wp-block-group alignwide gt-absolute-text gt-hide-mobile wp-container-content-3 is-content-justification-right is-nowrap is-layout-flex wp-container-core-group-is-layout-14 wp-block-group-is-layout-flex\" style=\"margin-top:0;margin-bottom:50rem;padding-right:0;padding-left:0\">\n<p class=\"gt-sliding-text-y has-contrast-3-color has-text-color has-link-color has-sogo-font-family wp-elements-074b2c03951ac796e6cb2997078a00f0\" style=\"margin-top:0;margin-right:0px;margin-bottom:0;margin-left:0;font-size:7vw;font-style:normal;font-weight:300;line-height:1.25;text-transform:uppercase\">Relax<\/p>\n<\/div>\n\n\n\n<div class=\"wp-block-group gt-hebergements-slider-2-wrap has-accent-2-background-color has-background wp-container-content-10 has-global-padding is-layout-constrained wp-block-group-is-layout-constrained\">\n<div class=\"wp-block-group alignfull is-layout-flow wp-block-group-is-layout-flow\" style=\"padding-top:0;padding-right:var(--wp--preset--spacing--60);padding-bottom:var(--wp--preset--spacing--30);padding-left:var(--wp--preset--spacing--60)\">\n<div class=\"wp-block-group gt-reveal-down has-global-padding is-layout-constrained wp-container-core-group-is-layout-16 wp-block-group-is-layout-constrained\" style=\"margin-top:-3rem\">\n<div class=\"wp-block-group has-contrast-3-background-color has-background is-layout-flow wp-block-group-is-layout-flow\" style=\"min-height:6rem\"><\/div>\n<\/div>\n\n\n\n<figure class=\"wp-block-image aligncenter size-full gt-reveal-down wp-duotone-rgb1656534-rgb1656534-7\"><img data-dominant-color=\"b15526\" data-has-transparency=\"true\" style=\"--dominant-color: #b15526;\" decoding=\"async\" width=\"43\" height=\"21\" src=\"https:\/\/residence-argeles-sur-mer.com\/wp-content\/uploads\/sites\/6\/2024\/08\/separator.png\" alt=\"scheider\" class=\"wp-image-150 has-transparency\"\/><\/figure>\n\n\n<h2 class=\"wp-block-heading has-text-align-center gt-reveal-down has-accent-color has-text-color has-link-color wp-elements-26fe4a65dd83478dee10d6cef2ecad39\" id=\"verblijf-in-een-residentie-met-zwembad-juli-en-augustus-in-argeles-sur-mer\"><br>Verblijf in een residentie met zwembad (juli en augustus) in Argel\u00e8s-sur-Mer<\/h2>\n\n\n<p class=\"has-text-align-center gt-reveal-down has-medium-font-size\">Waan je dicht bij de <strong>Middellandse Zee<\/strong>. Perfect ge\u00efnstalleerd in een residentie in Argel\u00e8s-sur-Mer, <a href=\"https:\/\/residence-argeles-sur-mer.com\/nl\/residentie-strand-argeles-sur-mer\/\">op slechts 500 meter van de zee<\/a>, kun je <strong>heerlijk ontspannen op het terras<\/strong> van je studio of appartement. Je kunt ook profiteren van het <a href=\"https:\/\/residence-argeles-sur-mer.com\/nl\/residentie-aquacentrum-argeles-sur-mer\/\">waterpark op Camping Del Mar<\/a>. Het waterpark biedt een spannend avontuur met een <strong>glijbaan met 3 banen<\/strong>, een <strong>zwembad<\/strong>, ideaal om <strong>te ontspannen<\/strong> na een dag zwemmen in zee, en een <a href=\"https:\/\/residence-argeles-sur-mer.com\/nl\/wellnessresidence\/\">wellnessruimte om nieuwe energie op te doen<\/a>. Je kunt ook gebruik maken van de faciliteiten van de camping, altijd met het goede humeur dat kenmerkend is voor de sfeer van het dorp Del Mar.    <\/p>\n<\/div>\n\n\n\n<div class=\"wp-block-group alignfull gt-swiper-hebergements-2 has-global-padding is-layout-constrained wp-container-core-group-is-layout-31 wp-block-group-is-layout-constrained\" style=\"padding-right:0\">\n<div class=\"wp-block-group gt-is-slider gt-is-slider-desktop is-nowrap is-layout-flex wp-container-core-group-is-layout-30 wp-block-group-is-layout-flex\"><a href=\"https:\/\/residence-argeles-sur-mer.com\/residence-espace-aquatique-argeles-sur-mer\/\" rel=\"noreferrer noopener\"   class=\"wp-block-tiptip-hyperlink-group-block\" target=\"_blank\">\n<div class=\"wp-block-group has-global-padding is-layout-constrained wp-container-core-group-is-layout-21 wp-block-group-is-layout-constrained\" style=\"border-right-color:var(--wp--preset--color--accent);border-right-width:1px;padding-right:32px\">\n<figure class=\"wp-block-image size-full is-resized\"><img data-dominant-color=\"888075\" data-has-transparency=\"false\" decoding=\"async\" width=\"480\" height=\"585\" src=\"https:\/\/residence-argeles-sur-mer.com\/wp-content\/uploads\/sites\/6\/2024\/11\/antinea-piscine.webp\" alt=\"Zwembaden\" class=\"wp-image-6642 not-transparent\" style=\"--dominant-color: #888075; object-fit:cover;width:480px;height:585px\"\/><\/figure>\n\n\n\n<div class=\"wp-block-group is-layout-flow wp-block-group-is-layout-flow\" style=\"padding-right:var(--wp--preset--spacing--20);padding-left:var(--wp--preset--spacing--20)\">\n<p class=\"has-sogo-font-family\" style=\"font-size:clamp(0.984rem, 0.984rem + ((1vw - 0.2rem) * 0.86), 1.5rem);\"><mark style=\"background-color:rgba(0, 0, 0, 0)\" class=\"has-inline-color has-accent-color\">01.<\/mark> Het zwembad<\/p>\n<\/div>\n<\/div>\n<\/a>\n\n<a href=\"https:\/\/residence-argeles-sur-mer.com\/residence-espace-aquatique-argeles-sur-mer\/\" rel=\"noreferrer noopener\"   class=\"wp-block-tiptip-hyperlink-group-block\" target=\"_blank\">\n<div class=\"wp-block-group has-global-padding is-layout-constrained wp-container-core-group-is-layout-25 wp-block-group-is-layout-constrained\" style=\"border-right-color:var(--wp--preset--color--accent);border-right-width:1px;padding-right:32px\">\n<figure class=\"wp-block-image size-full is-resized\"><img data-dominant-color=\"c3c0c0\" data-has-transparency=\"false\" decoding=\"async\" width=\"480\" height=\"585\" src=\"https:\/\/residence-argeles-sur-mer.com\/wp-content\/uploads\/sites\/6\/2024\/11\/antinea-espace-aquatique.webp\" alt=\"antinea aquatische ruimte\" class=\"wp-image-6645 not-transparent\" style=\"--dominant-color: #c3c0c0; object-fit:cover;width:480px;height:585px\"\/><\/figure>\n\n\n\n<div class=\"wp-block-group is-layout-flow wp-block-group-is-layout-flow\" style=\"padding-right:var(--wp--preset--spacing--20);padding-left:var(--wp--preset--spacing--20)\">\n<p class=\"has-sogo-font-family\" style=\"font-size:clamp(0.984rem, 0.984rem + ((1vw - 0.2rem) * 0.86), 1.5rem);\"><mark style=\"background-color:rgba(0, 0, 0, 0)\" class=\"has-inline-color has-accent-color\">02.<\/mark> Aquatisch gebied <\/p>\n<\/div>\n<\/div>\n<\/a>\n\n<a href=\"https:\/\/residence-argeles-sur-mer.com\/residence-bien-etre\/\" rel=\"noreferrer noopener\"   class=\"wp-block-tiptip-hyperlink-group-block\" target=\"_blank\">\n<div class=\"wp-block-group has-global-padding is-layout-constrained wp-container-core-group-is-layout-29 wp-block-group-is-layout-constrained\" style=\"border-right-color:var(--wp--preset--color--accent);border-right-width:1px;padding-right:32px\">\n<figure class=\"wp-block-image size-full is-resized\"><img data-dominant-color=\"a19c84\" data-has-transparency=\"false\" decoding=\"async\" width=\"480\" height=\"585\" src=\"https:\/\/residence-argeles-sur-mer.com\/wp-content\/uploads\/sites\/6\/2024\/11\/antinea-chalet-bien-etre.webp\" alt=\"antinea chalet welbevinden\" class=\"wp-image-6648 not-transparent\" style=\"--dominant-color: #a19c84; object-fit:cover;width:480px;height:585px\"\/><\/figure>\n\n\n\n<div class=\"wp-block-group is-layout-flow wp-block-group-is-layout-flow\" style=\"padding-right:var(--wp--preset--spacing--20);padding-left:var(--wp--preset--spacing--20)\">\n<p class=\"has-sogo-font-family\" style=\"font-size:clamp(0.984rem, 0.984rem + ((1vw - 0.2rem) * 0.86), 1.5rem);\"><mark style=\"background-color:rgba(0, 0, 0, 0)\" class=\"has-inline-color has-accent-color\">03.<\/mark> Wellness chalet<\/p>\n<\/div>\n<\/div>\n<\/a><\/div>\n<\/div>\n\n\n\n<div style=\"height:6rem;width:0px\" aria-hidden=\"true\" class=\"wp-block-spacer\"><\/div>\n<\/div>\n<\/div>\n\n<div style=\"height:4rem\" aria-hidden=\"true\" class=\"wp-block-spacer gt-hide-mobile\"><\/div>\n\n<div class=\"wp-block-group alignwide animated fadeIn slower is-layout-flow wp-block-group-is-layout-flow\" style=\"margin-top:0;margin-bottom:-7vw;padding-right:var(--wp--preset--spacing--40);padding-left:var(--wp--preset--spacing--40)\">\n<p class=\"gt-sliding-text has-contrast-3-color has-text-color has-link-color has-sogo-font-family wp-elements-7e60571b9bbefc07facd77c44568bfe6\" style=\"margin-top:0;margin-right:0;margin-bottom:0;margin-left:0;font-size:7vw;font-style:normal;font-weight:100;line-height:2.1;text-transform:uppercase\">VOOR GOURMETTEN<\/p>\n<\/div>\n\n<div class=\"wp-block-group alignfull has-global-padding is-layout-constrained wp-block-group-is-layout-constrained\">\n<div class=\"wp-block-group alignfull gt-swiper gt-swiper-1 is-layout-flow wp-block-group-is-layout-flow\">\n<div class=\"wp-block-group swiper-wrapper is-layout-flow wp-block-group-is-layout-flow\">\n<div class=\"wp-block-group swiper-slide has-global-padding is-layout-constrained wp-container-core-group-is-layout-45 wp-block-group-is-layout-constrained\" style=\"margin-top:0;margin-bottom:0\" data-hash=\"slide-restaurant\">\n<div class=\"wp-block-group alignfull gt-swiper-slide-thumb has-accent-2-color has-text-color has-link-color wp-elements-d4fa066c6f9abc270a10ea7f8db53cdc is-layout-flow wp-block-group-is-layout-flow\">\n<figure class=\"wp-block-image size-full\"><img data-dominant-color=\"a3a381\" data-has-transparency=\"false\" decoding=\"async\" width=\"1519\" height=\"945\" src=\"https:\/\/residence-argeles-sur-mer.com\/wp-content\/uploads\/sites\/6\/2024\/11\/antinea-vacances-savoureuses-au-restaurant-avec-cuisine-mediterraneenne-a-argeles-sur-mer.webp\" alt=\"antinea smakelijke vakantie in het restaurant met mediterrane keuken in argeles sur mer\" class=\"wp-image-6652 not-transparent\" style=\"--dominant-color: #a3a381; aspect-ratio:16\/9;object-fit:cover\" srcset=\"https:\/\/residence-argeles-sur-mer.com\/wp-content\/uploads\/sites\/6\/2024\/11\/antinea-vacances-savoureuses-au-restaurant-avec-cuisine-mediterraneenne-a-argeles-sur-mer.webp 1519w, https:\/\/residence-argeles-sur-mer.com\/wp-content\/uploads\/sites\/6\/2024\/11\/antinea-vacances-savoureuses-au-restaurant-avec-cuisine-mediterraneenne-a-argeles-sur-mer-690x429.webp 690w, https:\/\/residence-argeles-sur-mer.com\/wp-content\/uploads\/sites\/6\/2024\/11\/antinea-vacances-savoureuses-au-restaurant-avec-cuisine-mediterraneenne-a-argeles-sur-mer-768x478.webp 768w\" sizes=\"(max-width: 1519px) 100vw, 1519px\" \/><\/figure>\n<\/div>\n\n\n\n<div class=\"wp-block-group alignwide gt-break-mobile is-nowrap is-layout-flex wp-container-core-group-is-layout-44 wp-block-group-is-layout-flex\" style=\"padding-right:var(--wp--preset--spacing--40);padding-left:var(--wp--preset--spacing--40)\" data-swiper-parallax-duration=\"800\" data-swiper-parallax-x=\"-300\">\n<div class=\"wp-block-group gt-hide-mobile has-global-padding is-layout-constrained wp-block-group-is-layout-constrained\" style=\"margin-top:-90px\">\n<div class=\"wp-block-group gt-reveal-down has-global-padding is-layout-constrained wp-container-core-group-is-layout-37 wp-block-group-is-layout-constrained\">\n<div class=\"wp-block-group has-contrast-3-background-color has-background is-layout-flow wp-block-group-is-layout-flow\" style=\"min-height:25rem\"><\/div>\n<\/div>\n\n\n\n<figure class=\"wp-block-image aligncenter size-full gt-reveal-down wp-duotone-rgb1656534-rgb1656534-8\"><img data-dominant-color=\"b15526\" data-has-transparency=\"true\" style=\"--dominant-color: #b15526;\" decoding=\"async\" width=\"43\" height=\"21\" src=\"https:\/\/residence-argeles-sur-mer.com\/wp-content\/uploads\/sites\/6\/2024\/08\/separator.png\" alt=\"scheider\" class=\"wp-image-150 has-transparency\"\/><\/figure>\n<\/div>\n\n\n\n<div class=\"wp-block-group has-global-padding is-layout-constrained wp-block-group-is-layout-constrained\" style=\"padding-top:var(--wp--preset--spacing--40);padding-bottom:var(--wp--preset--spacing--40)\"><h2 class=\"wp-block-heading has-accent-color has-text-color has-link-color wp-elements-318b34f75649bedf986c7e951e910834\" id=\"smakelijke-vakantie-ineen-restaurant-metmediterrane-keukenin-argeles-sur-mer\">Smakelijke vakantie in<br>een restaurant met<br>mediterrane keuken<br>in Argel\u00e8s-sur-Mer<\/h2>\n\n\n<p class=\"has-medium-font-size\"><strong>Bistrot Del Mar: een gastronomische ontsnapping aan zee<\/strong><br\/>Gelegen in het hart van de camping en residentie Antin\u00e9a Del Mar in Argel\u00e8s-sur-Mer, biedt <a href=\"https:\/\/residence-argeles-sur-mer.com\/nl\/restaurant-brasserie-argeles-sur-mer\/\">Bistrot Del Mar<\/a> veel meer dan alleen een maaltijd. Laat u onderdompelen in een warme, familiale sfeer, waar eenvoud en gezelligheid elkaar ontmoeten. Ons familierestaurant, genesteld onder eeuwenoude olijf- en palmbomen, nodigt je uit voor een authentieke culinaire reis.  <\/p>\n\n\n\n<div class=\"wp-block-buttons is-content-justification-center is-layout-flex wp-container-core-buttons-is-layout-3 wp-block-buttons-is-layout-flex\">\n<div class=\"wp-block-button has-custom-font-size is-style-gt-contour-small has-sogo-font-family has-large-font-size\" style=\"font-style:normal;font-weight:300\"><a class=\"wp-block-button__link has-accent-color has-text-color has-link-color wp-element-button\" href=\"https:\/\/residence-argeles-sur-mer.com\/nl\/restaurant-brasserie-argeles-sur-mer\/\">Het restaurant<\/a><\/div>\n<\/div>\n<\/div>\n\n\n\n<div class=\"wp-block-group gt-swiper-slide-nav is-vertical is-layout-flex wp-container-core-group-is-layout-43 wp-block-group-is-layout-flex\" style=\"border-left-width:1px;padding-right:0;padding-left:0\">\n<div class=\"wp-block-group has-global-padding is-layout-constrained wp-container-core-group-is-layout-40 wp-block-group-is-layout-constrained\" style=\"border-bottom-width:1px;padding-top:var(--wp--preset--spacing--10);padding-right:var(--wp--preset--spacing--20);padding-bottom:var(--wp--preset--spacing--10);padding-left:var(--wp--preset--spacing--20)\">\n<p class=\"gt-swiper-nav-slide-active has-contrast-color has-text-color has-link-color has-sogo-font-family has-large-font-size wp-elements-4795ac380266bba75d686be9a7891902\"><a href=\"#slide-restaurant\" data-type=\"internal\" data-id=\"#slide-restaurant\">Het restaurant<\/a><\/p>\n<\/div>\n\n\n\n<div class=\"wp-block-group has-global-padding is-layout-constrained wp-container-core-group-is-layout-41 wp-block-group-is-layout-constrained\" style=\"padding-top:var(--wp--preset--spacing--10);padding-right:var(--wp--preset--spacing--20);padding-bottom:var(--wp--preset--spacing--10);padding-left:var(--wp--preset--spacing--20)\">\n<p class=\"has-contrast-color has-text-color has-link-color has-sogo-font-family has-large-font-size wp-elements-3452420b0ee69cac3ce8905045b5c1bb\"><a href=\"#slide-snack\">Mediterrane keuken<\/a><\/p>\n<\/div>\n\n\n\n<div class=\"wp-block-group has-global-padding is-layout-constrained wp-container-core-group-is-layout-42 wp-block-group-is-layout-constrained\" style=\"border-top-width:1px;padding-top:var(--wp--preset--spacing--10);padding-right:var(--wp--preset--spacing--20);padding-bottom:var(--wp--preset--spacing--10);padding-left:var(--wp--preset--spacing--20)\">\n<p class=\"has-contrast-color has-text-color has-link-color has-sogo-font-family has-large-font-size wp-elements-b3d19a745e4ef599e77f009db165d0b4\"><a href=\"#slide-bar\">De bar<\/a><\/p>\n<\/div>\n<\/div>\n<\/div>\n<\/div>\n\n\n\n<div class=\"wp-block-group swiper-slide has-global-padding is-layout-constrained wp-container-core-group-is-layout-56 wp-block-group-is-layout-constrained\" style=\"margin-top:0;margin-bottom:0\" data-hash=\"slide-snack\">\n<div class=\"wp-block-group alignfull gt-swiper-slide-thumb has-accent-2-color has-text-color has-link-color wp-elements-2f4a758a31bc874c802fbe77f82ad0e7 is-layout-flow wp-block-group-is-layout-flow\">\n<figure class=\"wp-block-image size-full\"><img data-dominant-color=\"9a8564\" data-has-transparency=\"false\" decoding=\"async\" width=\"1519\" height=\"945\" src=\"https:\/\/residence-argeles-sur-mer.com\/wp-content\/uploads\/sites\/6\/2024\/10\/cuisine-mediterraneenne.webp\" alt=\"Mediterrane keuken\" class=\"wp-image-4944 not-transparent\" style=\"--dominant-color: #9a8564; aspect-ratio:16\/9;object-fit:cover\" srcset=\"https:\/\/residence-argeles-sur-mer.com\/wp-content\/uploads\/sites\/6\/2024\/10\/cuisine-mediterraneenne.webp 1519w, https:\/\/residence-argeles-sur-mer.com\/wp-content\/uploads\/sites\/6\/2024\/10\/cuisine-mediterraneenne-690x429.webp 690w, https:\/\/residence-argeles-sur-mer.com\/wp-content\/uploads\/sites\/6\/2024\/10\/cuisine-mediterraneenne-768x478.webp 768w\" sizes=\"(max-width: 1519px) 100vw, 1519px\" \/><\/figure>\n<\/div>\n\n\n\n<div class=\"wp-block-group alignwide gt-break-mobile is-nowrap is-layout-flex wp-container-core-group-is-layout-55 wp-block-group-is-layout-flex\" style=\"padding-right:var(--wp--preset--spacing--40);padding-left:var(--wp--preset--spacing--40)\" data-swiper-parallax-duration=\"800\" data-swiper-parallax-x=\"-300\">\n<div class=\"wp-block-group gt-hide-mobile has-global-padding is-layout-constrained wp-block-group-is-layout-constrained\" style=\"margin-top:-90px\">\n<div class=\"wp-block-group gt-reveal-down has-global-padding is-layout-constrained wp-container-core-group-is-layout-48 wp-block-group-is-layout-constrained\">\n<div class=\"wp-block-group has-contrast-3-background-color has-background is-layout-flow wp-block-group-is-layout-flow\" style=\"min-height:25rem\"><\/div>\n<\/div>\n\n\n\n<figure class=\"wp-block-image aligncenter size-full gt-reveal-down wp-duotone-rgb1656534-rgb1656534-9\"><img data-dominant-color=\"b15526\" data-has-transparency=\"true\" style=\"--dominant-color: #b15526;\" decoding=\"async\" width=\"43\" height=\"21\" src=\"https:\/\/residence-argeles-sur-mer.com\/wp-content\/uploads\/sites\/6\/2024\/08\/separator.png\" alt=\"scheider\" class=\"wp-image-150 has-transparency\"\/><\/figure>\n<\/div>\n\n\n\n<div class=\"wp-block-group has-global-padding is-layout-constrained wp-block-group-is-layout-constrained\" style=\"padding-top:var(--wp--preset--spacing--40);padding-bottom:var(--wp--preset--spacing--40)\">\n<p class=\"has-medium-font-size\"><strong>Authentieke mediterrane keuken<\/strong><br\/>Het restaurant van Camping Del Mar **** biedt een gezellige familiesfeer, ideaal om te ontspannen tijdens een goede maaltijd. Onze keuken is eenvoudig en royaal, met zorgvuldig bereide gerechten die zowel jong als oud zullen plezieren. Of je nu met je gezin bent, met vrienden of met z&#8217;n twee\u00ebn, kom genieten van heerlijke, authentieke maaltijden in een warme omgeving waar iedereen zich thuis voelt. Het plezier van een goede maaltijd zonder pretenties, maar met alle smaak en gezelligheid van een geslaagde vakantie.   <\/p>\n\n\n\n<p class=\"has-medium-font-size\"><strong>Rustgevende natuurlijke omgeving<\/strong><br\/>Geniet met familie of vrienden van een onvergetelijke gastronomische ervaring in een rustgevende natuurlijke omgeving. Onder de fonkelende sterrenhemel van de camping wordt elke hap een moment van ontspanning en genot. <\/p>\n\n\n\n<div class=\"wp-block-buttons is-content-justification-center is-layout-flex wp-container-core-buttons-is-layout-4 wp-block-buttons-is-layout-flex\">\n<div class=\"wp-block-button has-custom-font-size is-style-gt-contour-small has-sogo-font-family has-large-font-size\" style=\"font-style:normal;font-weight:300\"><a class=\"wp-block-button__link has-accent-color has-text-color has-link-color wp-element-button\" href=\"https:\/\/residence-argeles-sur-mer.com\/nl\/restaurant-brasserie-argeles-sur-mer\/\">Het restaurant<\/a><\/div>\n<\/div>\n<\/div>\n\n\n\n<div class=\"wp-block-group gt-swiper-slide-nav is-vertical is-layout-flex wp-container-core-group-is-layout-54 wp-block-group-is-layout-flex\" style=\"border-left-width:1px;padding-right:0;padding-left:0\">\n<div class=\"wp-block-group has-global-padding is-layout-constrained wp-container-core-group-is-layout-51 wp-block-group-is-layout-constrained\" style=\"border-bottom-width:1px;padding-top:var(--wp--preset--spacing--10);padding-right:var(--wp--preset--spacing--20);padding-bottom:var(--wp--preset--spacing--10);padding-left:var(--wp--preset--spacing--20)\">\n<p class=\"gt-swiper-nav-slide-active has-contrast-color has-text-color has-link-color has-sogo-font-family has-large-font-size wp-elements-4795ac380266bba75d686be9a7891902\"><a href=\"#slide-restaurant\" data-type=\"internal\" data-id=\"#slide-restaurant\">Het restaurant<\/a><\/p>\n<\/div>\n\n\n\n<div class=\"wp-block-group has-global-padding is-layout-constrained wp-container-core-group-is-layout-52 wp-block-group-is-layout-constrained\" style=\"padding-top:var(--wp--preset--spacing--10);padding-right:var(--wp--preset--spacing--20);padding-bottom:var(--wp--preset--spacing--10);padding-left:var(--wp--preset--spacing--20)\">\n<p class=\"has-contrast-color has-text-color has-link-color has-sogo-font-family has-large-font-size wp-elements-3452420b0ee69cac3ce8905045b5c1bb\"><a href=\"#slide-snack\">Mediterrane keuken<\/a><\/p>\n<\/div>\n\n\n\n<div class=\"wp-block-group has-global-padding is-layout-constrained wp-container-core-group-is-layout-53 wp-block-group-is-layout-constrained\" style=\"border-top-width:1px;padding-top:var(--wp--preset--spacing--10);padding-right:var(--wp--preset--spacing--20);padding-bottom:var(--wp--preset--spacing--10);padding-left:var(--wp--preset--spacing--20)\">\n<p class=\"has-contrast-color has-text-color has-link-color has-sogo-font-family has-large-font-size wp-elements-b3d19a745e4ef599e77f009db165d0b4\"><a href=\"#slide-bar\">De bar<\/a><\/p>\n<\/div>\n<\/div>\n<\/div>\n<\/div>\n\n\n\n<div class=\"wp-block-group swiper-slide has-global-padding is-layout-constrained wp-container-core-group-is-layout-67 wp-block-group-is-layout-constrained\" style=\"margin-top:0;margin-bottom:0\" data-hash=\"slide-bar\">\n<div class=\"wp-block-group alignfull gt-swiper-slide-thumb has-accent-2-color has-text-color has-link-color wp-elements-41ba8ea7fa33e1f38cf91507866b5efb is-layout-flow wp-block-group-is-layout-flow\">\n<figure class=\"wp-block-image size-full\"><img data-dominant-color=\"d4c6ab\" data-has-transparency=\"false\" decoding=\"async\" width=\"1519\" height=\"945\" src=\"https:\/\/residence-argeles-sur-mer.com\/wp-content\/uploads\/sites\/6\/2024\/10\/le-bar.webp\" alt=\"de bar\" class=\"wp-image-4946 not-transparent\" style=\"--dominant-color: #d4c6ab; aspect-ratio:16\/9;object-fit:cover\" srcset=\"https:\/\/residence-argeles-sur-mer.com\/wp-content\/uploads\/sites\/6\/2024\/10\/le-bar.webp 1519w, https:\/\/residence-argeles-sur-mer.com\/wp-content\/uploads\/sites\/6\/2024\/10\/le-bar-690x429.webp 690w, https:\/\/residence-argeles-sur-mer.com\/wp-content\/uploads\/sites\/6\/2024\/10\/le-bar-768x478.webp 768w\" sizes=\"(max-width: 1519px) 100vw, 1519px\" \/><\/figure>\n<\/div>\n\n\n\n<div class=\"wp-block-group alignwide gt-break-mobile is-nowrap is-layout-flex wp-container-core-group-is-layout-66 wp-block-group-is-layout-flex\" style=\"padding-right:var(--wp--preset--spacing--40);padding-left:var(--wp--preset--spacing--40)\" data-swiper-parallax-duration=\"800\" data-swiper-parallax-x=\"-300\">\n<div class=\"wp-block-group gt-hide-mobile has-global-padding is-layout-constrained wp-block-group-is-layout-constrained\" style=\"margin-top:-90px\">\n<div class=\"wp-block-group gt-reveal-down has-global-padding is-layout-constrained wp-container-core-group-is-layout-59 wp-block-group-is-layout-constrained\">\n<div class=\"wp-block-group has-contrast-3-background-color has-background is-layout-flow wp-block-group-is-layout-flow\" style=\"min-height:25rem\"><\/div>\n<\/div>\n\n\n\n<figure class=\"wp-block-image aligncenter size-full gt-reveal-down wp-duotone-rgb1656534-rgb1656534-10\"><img data-dominant-color=\"b15526\" data-has-transparency=\"true\" style=\"--dominant-color: #b15526;\" decoding=\"async\" width=\"43\" height=\"21\" src=\"https:\/\/residence-argeles-sur-mer.com\/wp-content\/uploads\/sites\/6\/2024\/08\/separator.png\" alt=\"scheider\" class=\"wp-image-150 has-transparency\"\/><\/figure>\n<\/div>\n\n\n\n<div class=\"wp-block-group has-global-padding is-layout-constrained wp-block-group-is-layout-constrained\" style=\"padding-top:var(--wp--preset--spacing--40);padding-bottom:var(--wp--preset--spacing--40)\">\n<p class=\"has-medium-font-size\"><strong>De bar Bistrot<\/strong><br\/>Dompel jezelf onder in de <strong>warme en vriendelijke sfeer<\/strong> van onze bar, ideaal gelegen <strong>tegenover ons prachtige Californische zwembad<\/strong>. In <a href=\"\">de bar Bistrot Del Mar<\/a> wordt elk moment omgetoverd tot een echte ervaring van ontspanning en plezier. <\/p>\n\n\n    <div id=\"gt-fse-lire-plus-69f0b4d6b1f4e\" class=\"gt-fse-lire-plus\" data-min-height=\"130\" style=\"background-color: #fff;\">\n        <input id=\"gt-fse-lire-plus-69f0b4d6b1f4e-toggle\" type=\"checkbox\" class=\"gt-fse-lire-plus__toggle\" \/>\n        <label for=\"gt-fse-lire-plus-69f0b4d6b1f4e-toggle\" class=\"gt-fse-lire-plus__toggle-label\">\n            <span>Lire plus<\/span>\n            <span>Lire moins<\/span>\n        <\/label>\n        <div class=\"gt-fse-lire-plus__content\" style=\"height: 130px;\">\n            \n\n<p class=\"has-medium-font-size\">Stel je voor dat je aan een verfrissende cocktail of <strong>een koel drankje<\/strong> nipt, omringd door vrienden, genietend van de zon en het goede humeur. Ons team staat klaar om je te verwelkomen en je te helpen een selectie <strong>creatieve cocktails<\/strong> en <strong>ambachtelijke drankjes<\/strong> te ontdekken&#8230; <\/p>\n\n\n\n<p class=\"has-medium-font-size\">Of je nu op zoek bent naar een rustig moment bij het zwembad of een speciale gelegenheid viert, Bistrot Del Mar is de perfecte plek om te lachen en onvergetelijke herinneringen te delen. Kom unieke momenten beleven waar <strong>gezelligheid<\/strong> en <strong>joie de vivre<\/strong> centraal staan. <\/p>\n\n\n\n<p class=\"has-medium-font-size\">Sluit je bij ons aan en laat je meeslepen door de zonnige sfeer van Bistrot Del Mar!<\/p>\n\n\n\n<div class=\"wp-block-buttons is-content-justification-center is-layout-flex wp-container-core-buttons-is-layout-5 wp-block-buttons-is-layout-flex\">\n<div class=\"wp-block-button has-custom-font-size is-style-gt-contour-small has-sogo-font-family has-large-font-size\" style=\"font-style:normal;font-weight:300\"><a class=\"wp-block-button__link has-accent-color has-text-color has-link-color wp-element-button\" href=\"https:\/\/residence-argeles-sur-mer.com\/nl\/restaurant-brasserie-argeles-sur-mer\/#bar\">De bar<\/a><\/div>\n<\/div>\n\n            <div class=\"gt-fse-lire-plus__gradient\" style=\"background: linear-gradient(to bottom,rgba(255,255,255,0) 0%,rgba(255,255,255,1) 100%);\"><\/div>\n        <\/div>\n    <\/div>\n    <\/div>\n\n\n\n<div class=\"wp-block-group gt-swiper-slide-nav is-vertical is-layout-flex wp-container-core-group-is-layout-65 wp-block-group-is-layout-flex\" style=\"border-left-width:1px;padding-right:0;padding-left:0\">\n<div class=\"wp-block-group has-global-padding is-layout-constrained wp-container-core-group-is-layout-62 wp-block-group-is-layout-constrained\" style=\"border-bottom-width:1px;padding-top:var(--wp--preset--spacing--10);padding-right:var(--wp--preset--spacing--20);padding-bottom:var(--wp--preset--spacing--10);padding-left:var(--wp--preset--spacing--20)\">\n<p class=\"gt-swiper-nav-slide-active has-contrast-color has-text-color has-link-color has-sogo-font-family has-large-font-size wp-elements-4795ac380266bba75d686be9a7891902\"><a href=\"#slide-restaurant\" data-type=\"internal\" data-id=\"#slide-restaurant\">Het restaurant<\/a><\/p>\n<\/div>\n\n\n\n<div class=\"wp-block-group has-global-padding is-layout-constrained wp-container-core-group-is-layout-63 wp-block-group-is-layout-constrained\" style=\"padding-top:var(--wp--preset--spacing--10);padding-right:var(--wp--preset--spacing--20);padding-bottom:var(--wp--preset--spacing--10);padding-left:var(--wp--preset--spacing--20)\">\n<p class=\"has-contrast-color has-text-color has-link-color has-sogo-font-family has-large-font-size wp-elements-3452420b0ee69cac3ce8905045b5c1bb\"><a href=\"#slide-snack\">Mediterrane keuken<\/a><\/p>\n<\/div>\n\n\n\n<div class=\"wp-block-group has-global-padding is-layout-constrained wp-container-core-group-is-layout-64 wp-block-group-is-layout-constrained\" style=\"border-top-width:1px;padding-top:var(--wp--preset--spacing--10);padding-right:var(--wp--preset--spacing--20);padding-bottom:var(--wp--preset--spacing--10);padding-left:var(--wp--preset--spacing--20)\">\n<p class=\"has-contrast-color has-text-color has-link-color has-sogo-font-family has-large-font-size wp-elements-b3d19a745e4ef599e77f009db165d0b4\"><a href=\"#slide-bar\">De bar<\/a><\/p>\n<\/div>\n<\/div>\n<\/div>\n<\/div>\n<\/div>\n<\/div>\n<\/div>\n\n<div style=\"height:4rem\" aria-hidden=\"true\" class=\"wp-block-spacer gt-hide-mobile\"><\/div>\n\n<div class=\"wp-block-cover alignfull has-custom-content-position is-position-top-center gt-reveal gt-cover-parallax-down wp-container-content-11\" style=\"margin-top:0;margin-bottom:0;padding-top:0;padding-right:var(--wp--preset--spacing--40);padding-bottom:0;padding-left:var(--wp--preset--spacing--40);min-height:100vh;aspect-ratio:unset;\"><img data-dominant-color=\"9bb6ba\" data-has-transparency=\"false\" style=\"--dominant-color: #9bb6ba;\" decoding=\"async\" width=\"1920\" height=\"1786\" class=\"wp-block-cover__image-background wp-image-4948 not-transparent\" alt=\"une residence avec activites et animations pour des vacances inoubliables dans les pyrenees orientales\" src=\"https:\/\/residence-argeles-sur-mer.com\/wp-content\/uploads\/sites\/6\/2024\/10\/une-residence-avec-activites-et-animations-pour-des-vacances-inoubliables-dans-les-pyrenees-orientales.webp\" data-object-fit=\"cover\" srcset=\"https:\/\/residence-argeles-sur-mer.com\/wp-content\/uploads\/sites\/6\/2024\/10\/une-residence-avec-activites-et-animations-pour-des-vacances-inoubliables-dans-les-pyrenees-orientales.webp 1920w, https:\/\/residence-argeles-sur-mer.com\/wp-content\/uploads\/sites\/6\/2024\/10\/une-residence-avec-activites-et-animations-pour-des-vacances-inoubliables-dans-les-pyrenees-orientales-690x642.webp 690w, https:\/\/residence-argeles-sur-mer.com\/wp-content\/uploads\/sites\/6\/2024\/10\/une-residence-avec-activites-et-animations-pour-des-vacances-inoubliables-dans-les-pyrenees-orientales-1236x1150.webp 1236w, https:\/\/residence-argeles-sur-mer.com\/wp-content\/uploads\/sites\/6\/2024\/10\/une-residence-avec-activites-et-animations-pour-des-vacances-inoubliables-dans-les-pyrenees-orientales-768x714.webp 768w, https:\/\/residence-argeles-sur-mer.com\/wp-content\/uploads\/sites\/6\/2024\/10\/une-residence-avec-activites-et-animations-pour-des-vacances-inoubliables-dans-les-pyrenees-orientales-1536x1429.webp 1536w\" sizes=\"(max-width: 1920px) 100vw, 1920px\" \/><span aria-hidden=\"true\" class=\"wp-block-cover__background has-base-2-background-color has-background-dim\"><\/span><div class=\"wp-block-cover__inner-container has-global-padding is-layout-constrained wp-container-core-cover-is-layout-4 wp-block-cover-is-layout-constrained\">\n\n<div class=\"wp-block-group gt-reveal-down has-global-padding is-layout-constrained wp-container-core-group-is-layout-72 wp-block-group-is-layout-constrained\">\n\n<div class=\"wp-block-group has-contrast-3-background-color has-background is-layout-flow wp-block-group-is-layout-flow\" style=\"min-height:12rem\"><\/div>\n\n<\/div>\n\n\n<figure class=\"wp-block-image aligncenter size-full gt-reveal-down wp-duotone-e5e0ce-ffffff-11\"><img data-dominant-color=\"b15526\" data-has-transparency=\"true\" style=\"--dominant-color: #b15526;\" decoding=\"async\" width=\"43\" height=\"21\" src=\"https:\/\/residence-argeles-sur-mer.com\/wp-content\/uploads\/sites\/6\/2024\/08\/separator.png\" alt=\"scheider\" class=\"wp-image-150 has-transparency\"\/><\/figure>\n\n\n<div style=\"height:1rem\" aria-hidden=\"true\" class=\"wp-block-spacer\"><\/div>\n\n<h2 class=\"wp-block-heading has-text-align-center has-base-color has-text-color has-link-color has-large-font-size wp-elements-00e12937547fcb4e6a4b9825ff954e1f\" id=\"een-residentie-met-activiteiten-en-entertainment-voor-een-onvergetelijke-vakantie-in-de-pyreneeen-orientales\">Een residentie met activiteiten en entertainment voor een onvergetelijke vakantie in de Pyrenee\u00ebn-Orientales<\/h2>\n\n<p class=\"has-text-align-center has-medium-font-size\"><strong>Onvergetelijke vakanties in residentie Antin\u00e9a<\/strong><br\/>R\u00e9sidence Antin\u00e9a ligt in het hart van camping Del Mar, een <strong>verborgen juweeltje aan de voet van de majestueuze Pyrenee\u00ebn<\/strong>, op slechts <strong>500 meter van een zandstrand<\/strong>. Het ligt verscholen in 7 hectare groen en biedt een <strong>oase van rust<\/strong> waar <strong>exotische vegetatie<\/strong> en mediterrane pracht elkaar ontmoeten. <\/p>\n\n    <div id=\"gt-fse-lire-plus-69f0b4d6b2c80\" class=\"gt-fse-lire-plus\" data-min-height=\"130\" style=\"background-color: #fff;\">\n        <input id=\"gt-fse-lire-plus-69f0b4d6b2c80-toggle\" type=\"checkbox\" class=\"gt-fse-lire-plus__toggle\" \/>\n        <label for=\"gt-fse-lire-plus-69f0b4d6b2c80-toggle\" class=\"gt-fse-lire-plus__toggle-label\">\n            <span>Lire plus<\/span>\n            <span>Lire moins<\/span>\n        <\/label>\n        <div class=\"gt-fse-lire-plus__content\" style=\"height: 130px;\">\n            \n\n<p class=\"has-text-align-center has-base-color has-text-color has-link-color has-medium-font-size wp-elements-16b194872f532d8bcd2bf42ed9f1d8d4\"><strong>Entertainment voor iedereen<\/strong><br\/>In juli en augustus <a href=\"https:\/\/residence-argeles-sur-mer.com\/nl\/verblijf-activiteiten-animaties-argeles-sur-mer\/#animations\">bieden we een breed scala aan entertainment voor jong en oud<\/a>. Ons toegewijde team cre\u00ebert een omgeving om te ontspannen, te ontdekken en onvergetelijke herinneringen te cre\u00ebren. <\/p>\n\n\n<p class=\"has-text-align-center has-base-color has-text-color has-link-color has-medium-font-size wp-elements-2cd3e31212bd65abffc39c42d32e331f\"><strong>Een levendige vakantie voor iedereen<\/strong><br\/>Op R\u00e9sidence Antin\u00e9a doen we er alles aan om <strong>je een onvergetelijke vakantie te bezorgen<\/strong>. Ons <a href=\"\">gevarieerde activiteitenprogramma zal jong en oud zeker bevallen<\/a>. <\/p>\n\n\n<p class=\"has-text-align-center has-medium-font-size\"><strong>Dagactiviteiten<\/strong><br\/>In de <strong>kinderclub<\/strong> kunnen <strong>kinderen van 6 tot 12 jaar<\/strong> hun creativiteit kwijt in <strong>knutselen<\/strong>, schilderen en beeldhouwen. <br\/><strong>Sporten<\/strong>: voetbaltoernooien, jeu de boules, waterparcours&#8230; Onze <strong>dynamische<\/strong> <strong>animatoren<\/strong> organiseren <strong>leuke wedstrijden<\/strong>. <br\/><strong>Ontdekking van de natuur<\/strong>: wandelingen, ontdekking van de plaatselijke flora en fauna, verzamelen van natuurlijke schatten.<\/p>\n\n\n<p class=\"has-text-align-center has-medium-font-size\"><strong>Avondentertainment<\/strong><br\/><strong>Shows<\/strong>: de kinderen bereiden hun geheime show de hele week voor, voor een onvergetelijke avond. <br\/>Avondentertainment: poolparty&#8217;s, bingo-avonden, blind testen&#8230; elke avond is een nieuw avontuur.<\/p>\n\n\n<p class=\"has-text-align-center has-medium-font-size\"><strong>Kinderclub 6-12<\/strong><br\/>Onze kinderclub verwelkomt kinderen van 6-12 jaar met enthousiasme! Onder begeleiding van onze Bafa-instructeurs doen ze mee aan spelletjes, workshops en bereiden ze hun eigen show voor. Een verrijkende en vermakelijke ervaring voor je kleine avonturiers.  <\/p>\n\n\n<p class=\"has-text-align-center has-medium-font-size\">Boek nu je verblijf op de R\u00e9sidence Antin\u00e9a en ontdek de perfecte harmonie tussen modern comfort, ongerepte natuur en de nabijheid van de zee. Er wacht je een onvergetelijke vakantie-ervaring! <\/p>\n\n            <div class=\"gt-fse-lire-plus__gradient\" style=\"background: linear-gradient(to bottom,rgba(255,255,255,0) 0%,rgba(255,255,255,1) 100%);\"><\/div>\n        <\/div>\n    <\/div>\n    \n\n<div class=\"wp-block-buttons is-content-justification-center is-layout-flex wp-container-core-buttons-is-layout-6 wp-block-buttons-is-layout-flex\">\n\n<div class=\"wp-block-button has-custom-font-size is-style-gt-contour-large has-sogo-font-family has-large-font-size\" style=\"font-style:normal;font-weight:300\"><a class=\"wp-block-button__link has-base-color has-text-color has-link-color wp-element-button\" href=\"https:\/\/residence-argeles-sur-mer.com\/nl\/verblijf-activiteiten-animaties-argeles-sur-mer\/#animations\" style=\"padding-right:var(--wp--preset--spacing--30);padding-left:var(--wp--preset--spacing--30)\">Amusement<\/a><\/div>\n\n\n<div class=\"wp-block-button has-custom-font-size is-style-gt-contour-large has-sogo-font-family has-large-font-size\" style=\"font-style:normal;font-weight:300\"><a class=\"wp-block-button__link has-base-color has-text-color has-link-color wp-element-button\" href=\"https:\/\/residence-argeles-sur-mer.com\/nl\/verblijf-activiteiten-animaties-argeles-sur-mer\/#activites\" style=\"padding-right:var(--wp--preset--spacing--30);padding-left:var(--wp--preset--spacing--30)\">Activiteiten<\/a><\/div>\n\n<\/div>\n\n\n<div style=\"height:6rem\" aria-hidden=\"true\" class=\"wp-block-spacer\"><\/div>\n\n<\/div><\/div>\n\n<div class=\"wp-block-group alignfull gt-reveal has-global-padding is-layout-constrained wp-container-core-group-is-layout-80 wp-block-group-is-layout-constrained\">\n<div class=\"wp-block-group alignwide animated fadeIn slower is-layout-flow wp-block-group-is-layout-flow\" style=\"margin-top:0;margin-bottom:-7vw;padding-right:0;padding-left:0\">\n<p class=\"gt-sliding-text has-contrast-3-color has-text-color has-link-color has-sogo-font-family wp-elements-e4991f6e468fbff77254db1b34823a45\" style=\"margin-top:0;margin-right:0;margin-bottom:0;margin-left:0;font-size:7vw;font-style:normal;font-weight:100;line-height:2.45;text-transform:uppercase\">SAMENVATTING<\/p>\n<\/div>\n\n\n\n<div class=\"wp-block-group alignwide gt-break-mobile is-nowrap is-layout-flex wp-container-core-group-is-layout-79 wp-block-group-is-layout-flex\">\n<div class=\"wp-block-group is-layout-flow wp-block-group-is-layout-flow\">\n<figure class=\"wp-block-image size-full gt-reveal\"><img data-dominant-color=\"b5b3bd\" data-has-transparency=\"false\" decoding=\"async\" width=\"746\" height=\"746\" src=\"https:\/\/residence-argeles-sur-mer.com\/wp-content\/uploads\/sites\/6\/2024\/10\/ambiance-cocooning.webp\" alt=\"cocooning sfeer\" class=\"wp-image-4950 not-transparent\" style=\"--dominant-color: #b5b3bd; aspect-ratio:1;object-fit:cover\" srcset=\"https:\/\/residence-argeles-sur-mer.com\/wp-content\/uploads\/sites\/6\/2024\/10\/ambiance-cocooning.webp 746w, https:\/\/residence-argeles-sur-mer.com\/wp-content\/uploads\/sites\/6\/2024\/10\/ambiance-cocooning-690x690.webp 690w, https:\/\/residence-argeles-sur-mer.com\/wp-content\/uploads\/sites\/6\/2024\/10\/ambiance-cocooning-300x300.webp 300w, https:\/\/residence-argeles-sur-mer.com\/wp-content\/uploads\/sites\/6\/2024\/10\/ambiance-cocooning-400x400.webp 400w, https:\/\/residence-argeles-sur-mer.com\/wp-content\/uploads\/sites\/6\/2024\/10\/ambiance-cocooning-600x600.webp 600w\" sizes=\"(max-width: 746px) 100vw, 746px\" \/><\/figure>\n\n\n\n<div style=\"height:2rem\" aria-hidden=\"true\" class=\"wp-block-spacer\"><\/div>\n\n\n\n<div class=\"wp-block-buttons is-content-justification-center is-layout-flex wp-container-core-buttons-is-layout-7 wp-block-buttons-is-layout-flex\">\n<div class=\"wp-block-button has-custom-font-size is-style-gt-contour-large has-sogo-font-family has-large-font-size\" style=\"font-style:normal;font-weight:300\"><a class=\"wp-block-button__link has-contrast-2-color has-text-color has-link-color wp-element-button\" href=\"https:\/\/residence-argeles-sur-mer.com\/nl\/accommodatie-verhuur-argeles-sur-mer\/\" style=\"padding-right:var(--wp--preset--spacing--30);padding-left:var(--wp--preset--spacing--30)\">Onze accommodatie<\/a><\/div>\n\n\n\n<div class=\"wp-block-button has-custom-font-size is-style-gt-contour-large has-sogo-font-family has-large-font-size\" style=\"font-style:normal;font-weight:300\"><a class=\"wp-block-button__link has-contrast-2-color has-text-color has-link-color wp-element-button\" href=\"https:\/\/residence-argeles-sur-mer.com\/nl\/goedkoop-residentie-argeles-sur-mer\/\" style=\"padding-right:var(--wp--preset--spacing--30);padding-left:var(--wp--preset--spacing--30)\">Aanbiedingen &amp; prijzen<\/a><\/div>\n<\/div>\n<\/div>\n\n\n\n<div class=\"wp-block-group has-global-padding is-layout-constrained wp-block-group-is-layout-constrained\">\n<div class=\"wp-block-group is-layout-flow wp-block-group-is-layout-flow\" style=\"padding-right:var(--wp--preset--spacing--30);padding-left:var(--wp--preset--spacing--30)\">\n<div class=\"wp-block-group gt-reveal-down has-global-padding is-layout-constrained wp-container-core-group-is-layout-76 wp-block-group-is-layout-constrained\">\n<div class=\"wp-block-group has-contrast-3-background-color has-background is-layout-flow wp-block-group-is-layout-flow\" style=\"min-height:6rem\"><\/div>\n<\/div>\n\n\n\n<figure class=\"wp-block-image aligncenter size-full gt-reveal-down wp-duotone-e5e0ce-e5e0ce-12\"><img data-dominant-color=\"b15526\" data-has-transparency=\"true\" style=\"--dominant-color: #b15526;\" decoding=\"async\" width=\"43\" height=\"21\" src=\"https:\/\/residence-argeles-sur-mer.com\/wp-content\/uploads\/sites\/6\/2024\/08\/separator.png\" alt=\"scheider\" class=\"wp-image-150 has-transparency\"\/><\/figure>\n\n\n<h2 class=\"wp-block-heading has-text-align-center gt-reveal-down has-accent-color has-text-color has-link-color wp-elements-96f9127a1c12030fb8a3afa42a2fc091\" id=\"onze-comfortabele-accommodatie-te-huur-in-argeles-sur-mer\">Onze comfortabele accommodatie te huur in Argel\u00e8s-sur-Mer<\/h2>\n\n\n<p class=\"has-text-align-center gt-reveal-down has-medium-font-size\">Antin\u00e9a De R\u00e9sidence biedt accommodatie die <strong>comfort en privacy<\/strong> combineert, op een steenworp afstand van de zee. Of je nu <strong>met z&#8217;n twee\u00ebn<\/strong>, <strong>met het gezin<\/strong> of <strong>met vrienden<\/strong> reist, <a href=\"https:\/\/residence-argeles-sur-mer.com\/nl\/accommodatie-verhuur-argeles-sur-mer\/\">onze studio&#8217;s en appartementen in Argel\u00e8s-sur-Mer<\/a> zijn ontworpen om aan al je verwachtingen te voldoen. <\/p>\n\n\n    <div id=\"gt-fse-lire-plus-69f0b4d6b3f21\" class=\"gt-fse-lire-plus\" data-min-height=\"130\" style=\"background-color: #fff;\">\n        <input id=\"gt-fse-lire-plus-69f0b4d6b3f21-toggle\" type=\"checkbox\" class=\"gt-fse-lire-plus__toggle\" \/>\n        <label for=\"gt-fse-lire-plus-69f0b4d6b3f21-toggle\" class=\"gt-fse-lire-plus__toggle-label\">\n            <span>Lire plus<\/span>\n            <span>Lire moins<\/span>\n        <\/label>\n        <div class=\"gt-fse-lire-plus__content\" style=\"height: 130px;\">\n            \n\n<p class=\"has-text-align-center gt-reveal-down has-medium-font-size\"><br\/>G<strong>ezellige sfeer<\/strong> Onze studio&#8217;s zijn ingericht om een<strong>gezellige sfeer<\/strong> te cre\u00ebren. Profiteer optimaal van de <strong>faciliteiten van een 4-sterrencamping<\/strong> terwijl je verblijft in het comfort van onze residentie. <\/p>\n\n\n\n<p class=\"has-text-align-center gt-reveal-down has-medium-font-size\"><strong>Adembenemend uitzicht<\/strong><br\/>Ontdek een <strong>adembenemend panoramisch<\/strong> uitzicht op het <strong>Massif des Alb\u00e8res<\/strong> vanaf R\u00e9sidence Antin\u00e9a of een prachtig uitzicht op de <strong>mediterrane tuin<\/strong>. Laat je betoveren door de natuurlijke schoonheid die onze residentie omringt. <\/p>\n\n\n\n<p class=\"has-text-align-center gt-reveal-down has-medium-font-size\"><strong>Accommodatie naar wens<\/strong><br\/>Of je nu kiest voor onze intieme<strong> studio&#8217;s voor 2 personen <\/strong>of onze appartementen voor <strong>maximaal 6 personen<\/strong>, we hebben <strong>accommodatie die past bij je wensen <\/strong>en je budget. Geniet va<a href=\"https:\/\/residence-argeles-sur-mer.com\/nl\/goedkoop-residentie-argeles-sur-mer\/\">n een volledig<\/a> uitgeruste en gemeubileerde ruimte, met uitzicht op de tuin of de bergen (afhankelijk van beschikbaarheid), <a href=\"https:\/\/residence-argeles-sur-mer.com\/nl\/residentie-perpignan\/\">op minder dan een half uur van Perpignan!<\/a> <\/p>\n\n            <div class=\"gt-fse-lire-plus__gradient\" style=\"background: linear-gradient(to bottom,rgba(255,255,255,0) 0%,rgba(255,255,255,1) 100%);\"><\/div>\n        <\/div>\n    <\/div>\n    \n\n\n<div style=\"height:2rem\" aria-hidden=\"true\" class=\"wp-block-spacer\"><\/div>\n<\/div>\n\n\n\n<figure class=\"wp-block-image size-full gt-reveal\"><img data-dominant-color=\"af8e70\" data-has-transparency=\"false\" decoding=\"async\" width=\"620\" height=\"620\" src=\"https:\/\/residence-argeles-sur-mer.com\/wp-content\/uploads\/sites\/6\/2024\/10\/nos-hebergements-tout-confort-en-location-a-argeles-sur-mer.webp\" alt=\"onze comfortabele accommodatie te huur in argeles sur mer\" class=\"wp-image-4952 not-transparent\" style=\"--dominant-color: #af8e70; aspect-ratio:1;object-fit:cover\" srcset=\"https:\/\/residence-argeles-sur-mer.com\/wp-content\/uploads\/sites\/6\/2024\/10\/nos-hebergements-tout-confort-en-location-a-argeles-sur-mer.webp 620w, https:\/\/residence-argeles-sur-mer.com\/wp-content\/uploads\/sites\/6\/2024\/10\/nos-hebergements-tout-confort-en-location-a-argeles-sur-mer-300x300.webp 300w, https:\/\/residence-argeles-sur-mer.com\/wp-content\/uploads\/sites\/6\/2024\/10\/nos-hebergements-tout-confort-en-location-a-argeles-sur-mer-400x400.webp 400w, https:\/\/residence-argeles-sur-mer.com\/wp-content\/uploads\/sites\/6\/2024\/10\/nos-hebergements-tout-confort-en-location-a-argeles-sur-mer-600x600.webp 600w\" sizes=\"(max-width: 620px) 100vw, 620px\" \/><\/figure>\n<\/div>\n<\/div>\n<\/div>\n\n<div style=\"height:6rem\" aria-hidden=\"true\" class=\"wp-block-spacer\"><\/div>\n\n<div class=\"wp-block-group alignfull animated fadeIn slower is-layout-flow wp-block-group-is-layout-flow\" style=\"margin-top:-7vw;padding-right:0;padding-left:0\">\n<p class=\"has-text-align-right gt-sliding-text has-base-color has-text-color has-link-color has-sogo-font-family wp-elements-e8eae1c3307a520f0987e79e645c7d2c\" style=\"margin-top:0;margin-right:0;margin-bottom:0;margin-left:0;font-size:7vw;font-style:normal;font-weight:100;line-height:1.6;text-transform:uppercase\">Mooie droom<\/p>\n<\/div>\n\n<div style=\"height:6rem\" aria-hidden=\"true\" class=\"wp-block-spacer\"><\/div>\n\n<div class=\"wp-block-group alignfull animated fadeIn slower is-layout-flow wp-block-group-is-layout-flow\" style=\"margin-top:0;margin-bottom:-30px;padding-right:0;padding-left:0\">\n<p class=\"gt-sliding-text has-contrast-3-color has-text-color has-link-color has-sogo-font-family wp-elements-0f3617be4b7a8fca0366f5a54010627e\" style=\"margin-top:0;margin-right:0;margin-bottom:0;margin-left:0;font-size:7vw;font-style:normal;font-weight:100;line-height:1;text-transform:uppercase\">PARADIJS VERBLIJF<\/p>\n<\/div>\n\n<div class=\"wp-block-group alignfull has-global-padding is-layout-constrained wp-block-group-is-layout-constrained\" style=\"margin-top:0;margin-bottom:0\">\n<div class=\"wp-block-group alignfull gt-gallerie-accordeon-section has-accent-2-background-color has-background has-global-padding is-layout-constrained wp-block-group-is-layout-constrained\">\n<figure class=\"wp-block-gallery alignfull has-nested-images columns-default is-cropped gt-gallerie-accordeon wp-block-gallery-13 is-layout-flex wp-block-gallery-is-layout-flex\">\n<figure class=\"wp-block-image size-full\"><img data-dominant-color=\"5b737b\" data-has-transparency=\"false\" style=\"--dominant-color: #5b737b;\" decoding=\"async\" width=\"1326\" height=\"884\" src=\"https:\/\/residence-argeles-sur-mer.com\/wp-content\/uploads\/sites\/6\/2024\/10\/votre-sejour-paradisiaque-a-la-decouverte-des-pyrenees-orientales.webp\" alt=\"jouw paradijselijke vakantie in de oostelijke pyrenee&#xEB;n\" class=\"wp-image-4954 not-transparent\" srcset=\"https:\/\/residence-argeles-sur-mer.com\/wp-content\/uploads\/sites\/6\/2024\/10\/votre-sejour-paradisiaque-a-la-decouverte-des-pyrenees-orientales.webp 1326w, https:\/\/residence-argeles-sur-mer.com\/wp-content\/uploads\/sites\/6\/2024\/10\/votre-sejour-paradisiaque-a-la-decouverte-des-pyrenees-orientales-690x460.webp 690w, https:\/\/residence-argeles-sur-mer.com\/wp-content\/uploads\/sites\/6\/2024\/10\/votre-sejour-paradisiaque-a-la-decouverte-des-pyrenees-orientales-768x512.webp 768w\" sizes=\"(max-width: 1326px) 100vw, 1326px\" \/><figcaption class=\"wp-element-caption\">Dingen om te zien en te doen<\/figcaption><\/figure>\n\n\n\n<figure class=\"wp-block-image size-full\"><img data-dominant-color=\"3f7998\" data-has-transparency=\"false\" style=\"--dominant-color: #3f7998;\" decoding=\"async\" width=\"1326\" height=\"884\" src=\"https:\/\/residence-argeles-sur-mer.com\/wp-content\/uploads\/sites\/6\/2024\/10\/collioure.webp\" alt=\"collioure\" class=\"wp-image-4956 not-transparent\" srcset=\"https:\/\/residence-argeles-sur-mer.com\/wp-content\/uploads\/sites\/6\/2024\/10\/collioure.webp 1326w, https:\/\/residence-argeles-sur-mer.com\/wp-content\/uploads\/sites\/6\/2024\/10\/collioure-690x460.webp 690w, https:\/\/residence-argeles-sur-mer.com\/wp-content\/uploads\/sites\/6\/2024\/10\/collioure-768x512.webp 768w\" sizes=\"(max-width: 1326px) 100vw, 1326px\" \/><figcaption class=\"wp-element-caption\">Collioure<\/figcaption><\/figure>\n\n\n\n<figure class=\"wp-block-image size-full\"><img data-dominant-color=\"6a826d\" data-has-transparency=\"false\" style=\"--dominant-color: #6a826d;\" decoding=\"async\" width=\"1326\" height=\"884\" src=\"https:\/\/residence-argeles-sur-mer.com\/wp-content\/uploads\/sites\/6\/2024\/10\/ceret.webp\" alt=\"ceret\" class=\"wp-image-4958 not-transparent\" srcset=\"https:\/\/residence-argeles-sur-mer.com\/wp-content\/uploads\/sites\/6\/2024\/10\/ceret.webp 1326w, https:\/\/residence-argeles-sur-mer.com\/wp-content\/uploads\/sites\/6\/2024\/10\/ceret-690x460.webp 690w, https:\/\/residence-argeles-sur-mer.com\/wp-content\/uploads\/sites\/6\/2024\/10\/ceret-768x512.webp 768w\" sizes=\"(max-width: 1326px) 100vw, 1326px\" \/><figcaption class=\"wp-element-caption\"><strong>C\u00e9ret<\/strong><\/figcaption><\/figure>\n\n\n\n<figure class=\"wp-block-image size-full\"><img data-dominant-color=\"3b5850\" data-has-transparency=\"false\" style=\"--dominant-color: #3b5850;\" decoding=\"async\" width=\"1326\" height=\"884\" src=\"https:\/\/residence-argeles-sur-mer.com\/wp-content\/uploads\/sites\/6\/2024\/10\/les-gorges-de-la-fou.webp\" alt=\"Gorges de la Fou\" class=\"wp-image-4960 not-transparent\" srcset=\"https:\/\/residence-argeles-sur-mer.com\/wp-content\/uploads\/sites\/6\/2024\/10\/les-gorges-de-la-fou.webp 1326w, https:\/\/residence-argeles-sur-mer.com\/wp-content\/uploads\/sites\/6\/2024\/10\/les-gorges-de-la-fou-690x460.webp 690w, https:\/\/residence-argeles-sur-mer.com\/wp-content\/uploads\/sites\/6\/2024\/10\/les-gorges-de-la-fou-768x512.webp 768w\" sizes=\"(max-width: 1326px) 100vw, 1326px\" \/><figcaption class=\"wp-element-caption\">De kloven van Fou<\/figcaption><\/figure>\n\n\n\n<figure class=\"wp-block-image size-full\"><img data-dominant-color=\"3a638a\" data-has-transparency=\"false\" style=\"--dominant-color: #3a638a;\" decoding=\"async\" width=\"1326\" height=\"884\" src=\"https:\/\/residence-argeles-sur-mer.com\/wp-content\/uploads\/sites\/6\/2024\/10\/le-massif-des-alberes.webp\" alt=\"het alberes massief\" class=\"wp-image-4962 not-transparent\" srcset=\"https:\/\/residence-argeles-sur-mer.com\/wp-content\/uploads\/sites\/6\/2024\/10\/le-massif-des-alberes.webp 1326w, https:\/\/residence-argeles-sur-mer.com\/wp-content\/uploads\/sites\/6\/2024\/10\/le-massif-des-alberes-690x460.webp 690w, https:\/\/residence-argeles-sur-mer.com\/wp-content\/uploads\/sites\/6\/2024\/10\/le-massif-des-alberes-768x512.webp 768w\" sizes=\"(max-width: 1326px) 100vw, 1326px\" \/><figcaption class=\"wp-element-caption\">Het massief van Alb\u00e8res<\/figcaption><\/figure>\n<\/figure>\n\n\n\n<div class=\"wp-block-group alignfull has-global-padding is-layout-constrained wp-block-group-is-layout-constrained\">\n<div class=\"wp-block-group alignfull gt-break-mobile is-content-justification-center is-nowrap is-layout-flex wp-container-core-group-is-layout-89 wp-block-group-is-layout-flex\" style=\"padding-right:var(--wp--preset--spacing--20);padding-left:var(--wp--preset--spacing--20)\" data-swiper-parallax-duration=\"800\" data-swiper-parallax-x=\"-300\">\n<div class=\"wp-block-group is-nowrap is-layout-flex wp-container-core-group-is-layout-87 wp-block-group-is-layout-flex\">\n<div class=\"wp-block-group gt-hide-mobile has-global-padding is-layout-constrained wp-block-group-is-layout-constrained\" style=\"margin-top:-90px\">\n<div class=\"wp-block-group gt-reveal-down has-global-padding is-layout-constrained wp-container-core-group-is-layout-84 wp-block-group-is-layout-constrained\">\n<div class=\"wp-block-group has-contrast-3-background-color has-background is-layout-flow wp-block-group-is-layout-flow\" style=\"min-height:25rem\"><\/div>\n<\/div>\n\n\n\n<figure class=\"wp-block-image aligncenter size-full gt-reveal-down wp-duotone-a54122-rgb1656534-14\"><img data-dominant-color=\"b15526\" data-has-transparency=\"true\" style=\"--dominant-color: #b15526;\" decoding=\"async\" width=\"43\" height=\"21\" src=\"https:\/\/residence-argeles-sur-mer.com\/wp-content\/uploads\/sites\/6\/2024\/08\/separator.png\" alt=\"scheider\" class=\"wp-image-150 has-transparency\"\/><\/figure>\n<\/div>\n\n\n\n<div class=\"wp-block-group has-global-padding is-layout-constrained wp-block-group-is-layout-constrained\" style=\"padding-top:var(--wp--preset--spacing--40);padding-bottom:var(--wp--preset--spacing--40)\"><h2 class=\"wp-block-heading has-accent-color has-text-color has-link-color wp-elements-d2add2491f7ed0a6ffc906a7bb2b14b8\" id=\"uw-vakantie-in-hetparadijs-en-ontdekde-pyreneeen-orientales\">Uw vakantie in het<br>paradijs en ontdek<br>de Pyrenee\u00ebn-Orientales<\/h2>\n\n\n<p class=\"has-medium-font-size\">De residentie Antin\u00e9a is ideaal gelegen om <a href=\"https:\/\/residence-argeles-sur-mer.com\/nl\/toerisme-pyrenees-orientales\/\">de verborgen juweeltjes van de Pyrenee\u00ebn te ontdekken<\/a>.<\/p>\n\n\n    <div id=\"gt-fse-lire-plus-69f0b4d6b5c42\" class=\"gt-fse-lire-plus\" data-min-height=\"130\" style=\"background-color: #f9f8f3;\">\n        <input id=\"gt-fse-lire-plus-69f0b4d6b5c42-toggle\" type=\"checkbox\" class=\"gt-fse-lire-plus__toggle\" \/>\n        <label for=\"gt-fse-lire-plus-69f0b4d6b5c42-toggle\" class=\"gt-fse-lire-plus__toggle-label\">\n            <span>Lire plus<\/span>\n            <span>Lire moins<\/span>\n        <\/label>\n        <div class=\"gt-fse-lire-plus__content\" style=\"height: 130px;\">\n            \n\n<p class=\"has-medium-font-size\">Laat je tijdens je verblijf verrassen door de schatten van deze regio:<\/p>\n\n\n\n<ol class=\"wp-block-list\">\n<li><strong>Collioure<\/strong>: dit pittoreske dorp, met zijn kleurrijke steegjes en koninklijk kasteel, is een echt juweeltje aan zee en werd in 2024 uitgeroepen tot het favoriete dorp van Frankrijk.<\/li>\n\n\n\n<li><strong>C\u00e9ret<\/strong>: dit kleine stadje staat bekend om zijn moderne kunstmuseum en kersenbloesembomen en is een oase van rust.<\/li>\n\n\n\n<li><strong>De kloven van de Fou<\/strong>: verken deze indrukwekkende kloven en ontdek spectaculaire landschappen.<\/li>\n\n\n\n<li><strong>Het Alb\u00e8res-massief<\/strong>: wandel in deze bergen met adembenemende panorama&#8217;s.<\/li>\n<\/ol>\n\n\n\n<p class=\"has-medium-font-size\"><strong>Persoonlijk advies<\/strong>:<br\/>Ons receptieteam, Sandra, Chanel en Mathis, staat <strong>klaar<\/strong> om je naar de meest betoverende plekjes te begeleiden. Aarzel niet om hen te vragen om <strong>lokale aanbevelingen<\/strong> en <strong>advies<\/strong> over plaatsen die je niet mag missen en <a href=\"https:\/\/residence-argeles-sur-mer.com\/nl\/toerisme-pyrenees-orientales\/#activites\">dingen die je kunt doen in de Pyr\u00e9n\u00e9es-Orientales<\/a>. <\/p>\n\n            <div class=\"gt-fse-lire-plus__gradient\" style=\"background: linear-gradient(to bottom,rgba(249,248,243,0) 0%,rgba(249,248,243,1) 100%);\"><\/div>\n        <\/div>\n    <\/div>\n    <\/div>\n<\/div>\n\n\n\n<div class=\"wp-block-group gt-gallerie-accordeon-nav has-sogo-font-family has-large-font-size wp-container-content-13 is-layout-flow wp-block-group-is-layout-flow\">\n<p>Navigatie<\/p>\n<\/div>\n<\/div>\n<\/div>\n\n\n\n<div style=\"height:6rem\" aria-hidden=\"true\" class=\"wp-block-spacer\"><\/div>\n<\/div>\n<\/div>\n\n<div style=\"height:6rem\" aria-hidden=\"true\" class=\"wp-block-spacer gt-hide-mobile\"><\/div>\n\n<div class=\"wp-block-group alignfull gt-reveal gt-faq-section has-global-padding is-layout-constrained wp-block-group-is-layout-constrained\">\n<div class=\"wp-block-group has-global-padding is-layout-constrained wp-block-group-is-layout-constrained\">\n<figure class=\"wp-block-image aligncenter size-full gt-reveal-down wp-duotone-a54122-rgb1656534-15\"><img data-dominant-color=\"b15526\" data-has-transparency=\"true\" style=\"--dominant-color: #b15526;\" decoding=\"async\" width=\"43\" height=\"21\" src=\"https:\/\/residence-argeles-sur-mer.com\/wp-content\/uploads\/sites\/6\/2024\/08\/separator.png\" alt=\"scheider\" class=\"wp-image-150 has-transparency\"\/><\/figure>\n\n\n\n<div class=\"wp-block-group gt-reveal-down has-global-padding is-layout-constrained wp-container-core-group-is-layout-94 wp-block-group-is-layout-constrained\">\n<div class=\"wp-block-group has-contrast-background-color has-background is-layout-flow wp-block-group-is-layout-flow\" style=\"min-height:2rem\"><\/div>\n<\/div>\n<\/div>\n\n\n<h2 class=\"wp-block-heading has-text-align-center has-accent-color has-text-color has-link-color wp-elements-a7b263179b663cf4ad3fea8813909d67\" id=\"faq\">FAQ<\/h2>\n\n\n<div class=\"wp-block-group alignwide is-vertical is-content-justification-stretch is-layout-flex wp-container-core-group-is-layout-96 wp-block-group-is-layout-flex\">\n<div class=\"wp-block-columns alignwide gt-no-border-mobile is-layout-flex wp-container-core-columns-is-layout-2 wp-block-columns-is-layout-flex\" style=\"border-bottom-width:1px\">\n<div class=\"wp-block-column gt-no-border-mobile is-layout-flow wp-block-column-is-layout-flow\">\n<details class=\"wp-block-details is-layout-flow wp-block-details-is-layout-flow\" style=\"padding-top:var(--wp--preset--spacing--20);padding-right:var(--wp--preset--spacing--30);padding-bottom:var(--wp--preset--spacing--20);padding-left:0\"><summary><strong><em>Welke soorten accommodatie zijn er beschikbaar?<\/em><\/strong><\/summary>\n<p>We verhuren alleen studio&#8217;s\/appartementen op de R\u00e9sidence Antin\u00e9a.<\/p>\n<\/details>\n<\/div>\n\n\n\n<div class=\"wp-block-column gt-no-border-mobile is-layout-flow wp-block-column-is-layout-flow\" style=\"border-left-width:1px\">\n<details class=\"wp-block-details is-layout-flow wp-block-details-is-layout-flow\" style=\"padding-top:var(--wp--preset--spacing--20);padding-right:0;padding-bottom:var(--wp--preset--spacing--20);padding-left:var(--wp--preset--spacing--30)\"><summary><strong><em>Wat moeten we doen als we na de receptietijden aankomen?<\/em><\/strong><\/summary>\n<p>Maak je geen zorgen, als je buiten de openingstijden van de receptie aankomt, bieden we je een alternatief dankzij de beveiligers ter plaatse. Aarzel niet om contact met ons op te nemen voor meer informatie. <\/p>\n<\/details>\n<\/div>\n<\/div>\n\n\n\n<div class=\"wp-block-columns alignwide gt-no-border-mobile is-layout-flex wp-container-core-columns-is-layout-3 wp-block-columns-is-layout-flex\" style=\"border-bottom-width:1px\">\n<div class=\"wp-block-column gt-no-border-mobile is-layout-flow wp-block-column-is-layout-flow\">\n<details class=\"wp-block-details is-layout-flow wp-block-details-is-layout-flow\" style=\"padding-top:var(--wp--preset--spacing--20);padding-right:var(--wp--preset--spacing--30);padding-bottom:var(--wp--preset--spacing--20);padding-left:0\"><summary><strong><em>Wat zijn de aankomstdagen?<\/em><\/strong><\/summary>\n<p>Antin\u00e9aIn de residentie is je verblijf volledig flexibel, want je kunt op elke dag van de week aankomen. Het verblijf moet minimaal 3 nachten duren. <\/p>\n<\/details>\n<\/div>\n\n\n\n<div class=\"wp-block-column gt-no-border-mobile is-layout-flow wp-block-column-is-layout-flow\" style=\"border-left-width:1px\">\n<details class=\"wp-block-details is-layout-flow wp-block-details-is-layout-flow\" style=\"padding-top:var(--wp--preset--spacing--20);padding-right:0;padding-bottom:var(--wp--preset--spacing--20);padding-left:var(--wp--preset--spacing--30)\"><summary><strong><em>Worden er lakens verstrekt?<\/em><\/strong><\/summary>\n<p>Nee, je moet je eigen linnengoed meenemen (lakens, handdoeken, theedoeken, enz.). Wegwerplakens zijn te koop voor \u20ac13 per paar, vraag ernaar bij de receptie. <\/p>\n<\/details>\n<\/div>\n<\/div>\n\n\n\n<div class=\"wp-block-columns alignwide gt-no-border-mobile is-layout-flex wp-container-core-columns-is-layout-4 wp-block-columns-is-layout-flex\" style=\"padding-top:0;padding-bottom:0\">\n<div class=\"wp-block-column gt-no-border-mobile is-layout-flow wp-block-column-is-layout-flow\">\n<details class=\"wp-block-details is-layout-flow wp-block-details-is-layout-flow\" style=\"padding-top:var(--wp--preset--spacing--20);padding-right:var(--wp--preset--spacing--30);padding-bottom:var(--wp--preset--spacing--20);padding-left:0\"><summary><strong><em>Hoe laat moet ik aankomen? Hoe laat moet ik vertrekken? <\/em><\/strong><\/summary>\n<p>Wij garanderen accommodatie vanaf 17.00 uur. Als je eerder aankomt, kun je na het inchecken gebruikmaken van het zwembad en de faciliteiten op de camping. Vertrek moet voor 10 uur &#8217;s ochtends plaatsvinden, met een afspraak 48 uur van tevoren bij de receptie om de check-out inventaris te plannen voor de dag van je vertrek. <\/p>\n<\/details>\n<\/div>\n\n\n\n<div class=\"wp-block-column gt-no-border-mobile is-layout-flow wp-block-column-is-layout-flow\" style=\"border-left-width:1px\">\n<p class=\"has-contrast-color has-text-color has-link-color has-sogo-font-family has-large-font-size wp-elements-11610ef58983435fdc107833b45669b6\" style=\"margin-top:0;margin-bottom:0;padding-top:var(--wp--preset--spacing--20);padding-right:var(--wp--preset--spacing--30);padding-bottom:0;padding-left:var(--wp--preset--spacing--30)\"><a href=\"https:\/\/residence-argeles-sur-mer.com\/nl\/faq-residentie-argeles-sur-mer\/\">Lees de volledige FAQ<\/a><\/p>\n<\/div>\n<\/div>\n<\/div>\n<\/div>\n\n<div style=\"height:6rem\" aria-hidden=\"true\" class=\"wp-block-spacer\"><\/div>\n\n<div class=\"wp-block-cover alignfull has-custom-content-position is-position-top-center gt-section-avis gt-reveal gt-cover-parallax-down\" style=\"padding-top:0;padding-right:0;padding-bottom:0;padding-left:0\"><img data-dominant-color=\"5d604e\" data-has-transparency=\"false\" style=\"--dominant-color: #5d604e;\" decoding=\"async\" width=\"1920\" height=\"789\" class=\"wp-block-cover__image-background wp-image-7048 size-full not-transparent\" alt=\"avis\" src=\"https:\/\/residence-argeles-sur-mer.com\/wp-content\/uploads\/sites\/6\/2024\/11\/avis.webp\" data-object-fit=\"cover\" srcset=\"https:\/\/residence-argeles-sur-mer.com\/wp-content\/uploads\/sites\/6\/2024\/11\/avis.webp 1920w, https:\/\/residence-argeles-sur-mer.com\/wp-content\/uploads\/sites\/6\/2024\/11\/avis-690x284.webp 690w, https:\/\/residence-argeles-sur-mer.com\/wp-content\/uploads\/sites\/6\/2024\/11\/avis-768x316.webp 768w, https:\/\/residence-argeles-sur-mer.com\/wp-content\/uploads\/sites\/6\/2024\/11\/avis-1536x631.webp 1536w\" sizes=\"(max-width: 1920px) 100vw, 1920px\" \/><span aria-hidden=\"true\" class=\"wp-block-cover__background has-base-2-background-color has-background-dim\"><\/span><div class=\"wp-block-cover__inner-container has-global-padding is-layout-constrained wp-container-core-cover-is-layout-5 wp-block-cover-is-layout-constrained\">\n\n<div class=\"wp-block-columns alignfull gt-no-border-mobile is-layout-flex wp-container-core-columns-is-layout-5 wp-block-columns-is-layout-flex\" style=\"border-bottom-width:1px;padding-right:var(--wp--preset--spacing--50);padding-left:var(--wp--preset--spacing--50)\">\n\n<div class=\"wp-block-column is-vertically-aligned-bottom overflow-hidden is-layout-flow wp-block-column-is-layout-flow\">\n\n<div style=\"height:5rem\" aria-hidden=\"true\" class=\"wp-block-spacer gt-hide-mobile\"><\/div>\n\n\n<div style=\"height:5rem\" aria-hidden=\"true\" class=\"wp-block-spacer\"><\/div>\n\n\n<div class=\"wp-block-group gt-no-border-mobile is-layout-flow wp-block-group-is-layout-flow\" style=\"margin-bottom:-1px;padding-top:1px\">\n\n<div class=\"wp-block-group gt-no-border-mobile is-layout-flow wp-block-group-is-layout-flow\" style=\"border-top-style:none;border-top-width:0px;border-right-width:1px;border-bottom-width:1px;border-left-width:1px;margin-top:0;padding-top:var(--wp--preset--spacing--30);padding-right:var(--wp--preset--spacing--30);padding-bottom:0;padding-left:var(--wp--preset--spacing--30)\">\n\n<figure class=\"wp-block-image size-full gt-border-quote gt-hide-mobile\"><img data-dominant-color=\"e6e0cc\" data-has-transparency=\"true\" decoding=\"async\" width=\"118\" height=\"71\" src=\"https:\/\/residence-argeles-sur-mer.com\/wp-content\/uploads\/sites\/6\/2024\/08\/avis.png\" alt=\"opinie\" class=\"wp-image-500 has-transparency\" style=\"--dominant-color: #e6e0cc; object-fit:contain\"\/><\/figure>\n\n\n<p style=\"font-style:normal;font-weight:300\">Zeer goede residentie, een beetje ver van het strandcentrum maar bereikbaar met het treintje.<\/p>\n\n\n<div class=\"wp-block-group is-nowrap is-layout-flex wp-container-core-group-is-layout-100 wp-block-group-is-layout-flex\">\n\n<figure class=\"wp-block-image size-full is-resized has-custom-border\"><img data-dominant-color=\"bf9b71\" data-has-transparency=\"false\" decoding=\"async\" width=\"100\" height=\"100\" src=\"https:\/\/residence-argeles-sur-mer.com\/wp-content\/uploads\/sites\/6\/2024\/10\/nathalie-n.webp\" alt=\"nathalie n\" class=\"wp-image-4966 not-transparent\" style=\"--dominant-color: #bf9b71; border-top-left-radius:100%;border-top-right-radius:100%;border-bottom-left-radius:0%;border-bottom-right-radius:0%;aspect-ratio:1;object-fit:cover;width:100px\"\/><\/figure>\n\n\n<div class=\"wp-block-group has-global-padding is-layout-constrained wp-container-core-group-is-layout-99 wp-block-group-is-layout-constrained\">\n\n<p>Nathalie N.<\/p>\n\n\n<div class=\"wp-block-group has-base-color has-text-color has-link-color wp-elements-772fc3ba099dc5fe0e52360f1e7427b0 is-nowrap is-layout-flex wp-container-core-group-is-layout-98 wp-block-group-is-layout-flex\">\n\n<p>\u2605<\/p>\n\n\n<p class=\"has-base-color has-text-color has-link-color wp-elements-74fd8190bfa4cba59ec35e7df5dbe2ce\">\u2605<\/p>\n\n\n<p>\u2605<\/p>\n\n\n<p>\u2605<\/p>\n\n\n<p>\u2605<\/p>\n\n<\/div>\n\n<\/div>\n\n<\/div>\n\n<\/div>\n\n<\/div>\n\n<\/div>\n\n\n<div class=\"wp-block-column is-vertically-aligned-top gt-hide-mobile is-layout-flow wp-block-column-is-layout-flow\" style=\"flex-basis:14rem\">\n\n<div class=\"wp-block-group has-global-padding is-layout-constrained wp-block-group-is-layout-constrained\" style=\"margin-bottom:var(--wp--preset--spacing--40)\">\n\n<div class=\"wp-block-group gt-reveal-down has-global-padding is-layout-constrained wp-container-core-group-is-layout-104 wp-block-group-is-layout-constrained\">\n\n<div class=\"wp-block-group has-base-background-color has-background is-layout-flow wp-block-group-is-layout-flow\" style=\"min-height:10rem\"><\/div>\n\n<\/div>\n\n\n<figure class=\"wp-block-image aligncenter size-full gt-reveal-down wp-duotone-rgb253249249-rgb255255255-16\"><img data-dominant-color=\"b15526\" data-has-transparency=\"true\" style=\"--dominant-color: #b15526;\" decoding=\"async\" width=\"43\" height=\"21\" src=\"https:\/\/residence-argeles-sur-mer.com\/wp-content\/uploads\/sites\/6\/2024\/08\/separator.png\" alt=\"scheider\" class=\"wp-image-150 has-transparency\"\/><\/figure>\n\n<\/div>\n\n\n<div class=\"wp-block-group alignwide wp-container-content-14 is-layout-flow wp-block-group-is-layout-flow\" style=\"margin-top:0;padding-right:0;padding-left:0\">\n\n<p class=\"gt-sliding-text-center has-base-color has-text-color has-link-color has-sogo-font-family wp-elements-5d630e5d55b1ddf2159be47f44825292\" style=\"margin-top:0;margin-right:0;margin-bottom:0;margin-left:22px;font-size:clamp(2.629rem, 2.629rem + ((1vw - 0.2rem) * 3.952), 5rem);font-style:normal;font-weight:300;line-height:1;text-transform:uppercase\">Opinie<\/p>\n\n<\/div>\n\n<\/div>\n\n\n<div class=\"wp-block-column is-vertically-aligned-bottom overflow-hidden is-layout-flow wp-block-column-is-layout-flow\" style=\"padding-top:var(--wp--preset--spacing--30)\">\n\n<div class=\"wp-block-group is-layout-flow wp-block-group-is-layout-flow\" style=\"margin-bottom:-1px;padding-top:1px\">\n\n<div class=\"wp-block-group gt-no-border-mobile is-layout-flow wp-block-group-is-layout-flow\" style=\"border-top-style:none;border-top-width:0px;border-right-width:1px;border-bottom-width:1px;border-left-width:1px;margin-top:0;padding-top:var(--wp--preset--spacing--30);padding-right:var(--wp--preset--spacing--30);padding-bottom:0;padding-left:var(--wp--preset--spacing--30)\">\n\n<figure class=\"wp-block-image size-full gt-border-quote gt-hide-mobile\"><img data-dominant-color=\"e6e0cc\" data-has-transparency=\"true\" decoding=\"async\" width=\"118\" height=\"71\" src=\"https:\/\/residence-argeles-sur-mer.com\/wp-content\/uploads\/sites\/6\/2024\/08\/avis.png\" alt=\"opinie\" class=\"wp-image-500 has-transparency\" style=\"--dominant-color: #e6e0cc; object-fit:contain\"\/><\/figure>\n\n\n<p style=\"font-style:normal;font-weight:300\">Blij met het verblijf, maar ik neem mijn petje af voor de netheid, super schoon bij onze aankomst, we komen terug.<\/p>\n\n\n<div class=\"wp-block-group is-nowrap is-layout-flex wp-container-core-group-is-layout-109 wp-block-group-is-layout-flex\">\n\n<figure class=\"wp-block-image size-full is-resized has-custom-border\"><img data-dominant-color=\"91736b\" data-has-transparency=\"false\" decoding=\"async\" width=\"100\" height=\"100\" src=\"https:\/\/residence-argeles-sur-mer.com\/wp-content\/uploads\/sites\/6\/2024\/10\/karin-f.webp\" alt=\"karin f\" class=\"wp-image-4968 not-transparent\" style=\"--dominant-color: #91736b; border-top-left-radius:100%;border-top-right-radius:100%;border-bottom-left-radius:0%;border-bottom-right-radius:0%;aspect-ratio:1;object-fit:cover;width:100px\"\/><\/figure>\n\n\n<div class=\"wp-block-group has-global-padding is-layout-constrained wp-container-core-group-is-layout-108 wp-block-group-is-layout-constrained\">\n\n<p>Karin F.<\/p>\n\n\n<div class=\"wp-block-group has-base-color has-text-color has-link-color wp-elements-819130ed2e9383d38e6d1048aa88dfd7 is-nowrap is-layout-flex wp-container-core-group-is-layout-107 wp-block-group-is-layout-flex\">\n\n<p>\u2605<\/p>\n\n\n<p>\u2605<\/p>\n\n\n<p>\u2605<\/p>\n\n\n<p>\u2605<\/p>\n\n\n<p>\u2605<\/p>\n\n<\/div>\n\n<\/div>\n\n<\/div>\n\n<\/div>\n\n<\/div>\n\n<\/div>\n\n<\/div>\n\n\n<div style=\"height:3rem\" aria-hidden=\"true\" class=\"wp-block-spacer\"><\/div>\n\n\n<div class=\"wp-block-columns alignwide are-vertically-aligned-center is-layout-flex wp-container-core-columns-is-layout-6 wp-block-columns-is-layout-flex\">\n\n<div class=\"wp-block-column is-vertically-aligned-center gt-hide-mobile is-layout-flow wp-block-column-is-layout-flow\">\n\n<hr class=\"wp-block-separator has-text-color has-base-color has-alpha-channel-opacity has-base-background-color has-background is-style-wide\"\/>\n\n<\/div>\n\n\n<div class=\"wp-block-column is-vertically-aligned-center is-layout-flow wp-block-column-is-layout-flow\" style=\"flex-basis:200px\">\n\n<p class=\"has-text-align-center has-link-color has-sogo-font-family has-large-font-size wp-elements-282a859cfe6564d674458867cfcc03b5\"><a href=\"https:\/\/www.google.com\/travel\/search?gsas=1&amp;ts=EggKAggDCgIIAxocEhoSFAoHCOkPEAYYFhIHCOkPEAYYGRgDMgIQAA&amp;qs=MhRDZ3NJNHZlQnZPS2M5NWZTQVJBQjgC&amp;ap=ugEHcmV2aWV3cw&amp;client=firefox-b-d&amp;biw=1920&amp;bih=919&amp;hl=fr-FR&amp;ved=0CAAQ5JsGahcKEwioqP2EzaSJAxUAAAAAHQAAAAAQEA\" data-type=\"page\" data-id=\"877\" target=\"_blank\" rel=\"noreferrer noopener\">Alle beoordelingen<\/a><\/p>\n\n<\/div>\n\n\n<div class=\"wp-block-column is-vertically-aligned-center gt-hide-mobile is-layout-flow wp-block-column-is-layout-flow\">\n\n<hr class=\"wp-block-separator has-text-color has-base-color has-alpha-channel-opacity has-base-background-color has-background is-style-wide\"\/>\n\n<\/div>\n\n<\/div>\n\n\n<div style=\"height:3rem\" aria-hidden=\"true\" class=\"wp-block-spacer\"><\/div>\n\n<\/div><\/div>\n\n<div style=\"height:var(--wp--preset--spacing--20)\" aria-hidden=\"true\" class=\"wp-block-spacer\"><\/div>\n","protected":false},"excerpt":{"rendered":"<p>HAVEN VAN VREDE Vanaf nu hebben mijn vrouw Marine, mijn broer Benjamin en ik besloten om de familiefakkel over te nemen. Ons doel is om een familieavontuur in stand te houden terwijl we ernaar streven om je een onvergetelijke vakantie te bezorgen. Nicolas, Marine Quill\u00e9v\u00e9r\u00e9 en Benjamin Quill\u00e9v\u00e9r\u00e9, uw managers Antin\u00e9a residentie in Argel\u00e8s-sur-Mer:uw oase [&hellip;]<\/p>\n","protected":false},"author":1,"featured_media":0,"parent":0,"menu_order":0,"comment_status":"closed","ping_status":"closed","template":"","meta":{"_acf_changed":false,"_seopress_robots_primary_cat":"","_seopress_titles_title":"Toeristische residentie in Argel\u00e8s-sur-Mer, Pyr\u00e9n\u00e9es-Orientales","_seopress_titles_desc":"Geniet van het comfort van een 4-sterren serviceverblijf tussen de zee en de bergen in Argel\u00e8s-sur-Mer, Pyr\u00e9n\u00e9es-Orientales","_seopress_robots_index":"","_gt_ctv_global_id":"","_gt_ctv_id_group":false,"inline_featured_image":false,"gt_fse_maillage_image":"","gt_fse_maillage_titre":"Home","gt_fse_maillage_resume":"","_gt_maillage_image":0,"_gt_maillage_video":0,"_gt_maillage_title":"","footnotes":""},"categories":[],"tags":[],"class_list":["post-5143","page","type-page","status-publish","hentry"],"acf":[],"_links":{"self":[{"href":"https:\/\/residence-argeles-sur-mer.com\/nl\/wp-json\/wp\/v2\/pages\/5143","targetHints":{"allow":["GET"]}}],"collection":[{"href":"https:\/\/residence-argeles-sur-mer.com\/nl\/wp-json\/wp\/v2\/pages"}],"about":[{"href":"https:\/\/residence-argeles-sur-mer.com\/nl\/wp-json\/wp\/v2\/types\/page"}],"author":[{"embeddable":true,"href":"https:\/\/residence-argeles-sur-mer.com\/nl\/wp-json\/wp\/v2\/users\/1"}],"replies":[{"embeddable":true,"href":"https:\/\/residence-argeles-sur-mer.com\/nl\/wp-json\/wp\/v2\/comments?post=5143"}],"version-history":[{"count":16,"href":"https:\/\/residence-argeles-sur-mer.com\/nl\/wp-json\/wp\/v2\/pages\/5143\/revisions"}],"predecessor-version":[{"id":7219,"href":"https:\/\/residence-argeles-sur-mer.com\/nl\/wp-json\/wp\/v2\/pages\/5143\/revisions\/7219"}],"wp:attachment":[{"href":"https:\/\/residence-argeles-sur-mer.com\/nl\/wp-json\/wp\/v2\/media?parent=5143"}],"wp:term":[{"taxonomy":"category","embeddable":true,"href":"https:\/\/residence-argeles-sur-mer.com\/nl\/wp-json\/wp\/v2\/categories?post=5143"},{"taxonomy":"post_tag","embeddable":true,"href":"https:\/\/residence-argeles-sur-mer.com\/nl\/wp-json\/wp\/v2\/tags?post=5143"}],"curies":[{"name":"wp","href":"https:\/\/api.w.org\/{rel}","templated":true}]}}