{"id":5287,"date":"2024-09-27T09:32:50","date_gmt":"2024-09-27T07:32:50","guid":{"rendered":"https:\/\/residence-argeles-sur-mer.com\/residence-bien-etre\/"},"modified":"2024-12-02T15:40:15","modified_gmt":"2024-12-02T14:40:15","slug":"residence-well-being","status":"publish","type":"page","link":"https:\/\/residence-argeles-sur-mer.com\/en\/residence-well-being\/","title":{"rendered":"Your 100% wellness stay in our Argel\u00e8s-sur-Mer residence"},"content":{"rendered":"\n<div class=\"wp-block-group alignfull gt-reveal has-global-padding is-layout-constrained wp-container-core-group-is-layout-5 wp-block-group-is-layout-constrained\">\n<div style=\"height:6rem\" aria-hidden=\"true\" class=\"wp-block-spacer\"><\/div>\n\n\n\n<div class=\"wp-block-group alignwide gt-break-mobile is-nowrap is-layout-flex wp-container-core-group-is-layout-4 wp-block-group-is-layout-flex\">\n<div class=\"wp-block-group has-global-padding is-layout-constrained wp-block-group-is-layout-constrained\">\n<div class=\"wp-block-group is-layout-flow wp-block-group-is-layout-flow\" style=\"padding-right:var(--wp--preset--spacing--30);padding-left:var(--wp--preset--spacing--30)\">\n<div style=\"height:10rem\" aria-hidden=\"true\" class=\"wp-block-spacer gt-hide-mobile\"><\/div>\n\n\n\n<figure class=\"wp-block-image aligncenter size-full gt-reveal-down\"><img data-dominant-color=\"b15526\" data-has-transparency=\"true\" style=\"--dominant-color: #b15526;\" decoding=\"async\" width=\"43\" height=\"21\" src=\"https:\/\/residence-argeles-sur-mer.com\/wp-content\/uploads\/sites\/6\/2024\/08\/separator.png\" alt=\"separator\" class=\"wp-image-150 has-transparency\"\/><\/figure>\n\n\n\n<p class=\"has-text-align-center gt-reveal-down has-medium-font-size\">Camping Del Mar&#8217;s <strong>wellness area<\/strong>, <strong>&#8220;Le chalet bien-\u00eatre&#8221;<\/strong>, welcomes you to its indoor space for moments of absolute relaxation (open from mid-June to mid-September). <\/p>\n\n\n\n<p class=\"has-text-align-center gt-reveal-down has-medium-font-size\">Vacations and well-being at the <a href=\"https:\/\/residence-argeles-sur-mer.com\/en\/\"> Antin\u00e9a residence in Argel\u00e8s-sur-Mer<\/a> are one and the same, so enjoy optimum relaxation: relaxing massages, blow-drying&#8230;<\/p>\n\n\n\n<p class=\"has-text-align-center gt-reveal-down has-medium-font-size\">You can now book with our practitioners (at an additional cost).<\/p>\n\n\n\n<p class=\"has-text-align-center gt-reveal-down has-medium-font-size\">The wellness chalet will reveal its beauty secrets!<\/p>\n<\/div>\n<\/div>\n\n\n\n<div class=\"wp-block-group wp-container-content-1 is-layout-flow wp-block-group-is-layout-flow\">\n<figure class=\"wp-block-image size-full gt-reveal\"><img data-dominant-color=\"9e8672\" data-has-transparency=\"false\" style=\"--dominant-color: #9e8672;\" decoding=\"async\" width=\"640\" height=\"961\" src=\"https:\/\/residence-argeles-sur-mer.com\/wp-content\/uploads\/sites\/6\/2024\/10\/votre-sejour-100-pourcent-bien-etre-dans-notre-residence-a-argeles-sur-mer.webp\" alt=\"your 100 percent wellness stay in our argeles sur mer residence\" class=\"wp-image-4587 not-transparent\" srcset=\"https:\/\/residence-argeles-sur-mer.com\/wp-content\/uploads\/sites\/6\/2024\/10\/votre-sejour-100-pourcent-bien-etre-dans-notre-residence-a-argeles-sur-mer.webp 640w, https:\/\/residence-argeles-sur-mer.com\/wp-content\/uploads\/sites\/6\/2024\/10\/votre-sejour-100-pourcent-bien-etre-dans-notre-residence-a-argeles-sur-mer-526x790.webp 526w\" sizes=\"(max-width: 640px) 100vw, 640px\" \/><\/figure>\n<\/div>\n<\/div>\n<\/div>\n\n<div class=\"wp-block-group alignfull gt-reveal has-global-padding is-layout-constrained wp-container-core-group-is-layout-11 wp-block-group-is-layout-constrained\">\n<div style=\"height:6rem\" aria-hidden=\"true\" class=\"wp-block-spacer\"><\/div>\n\n\n\n<div class=\"wp-block-group alignwide animated fadeIn slower gt-hide-mobile is-layout-flow wp-block-group-is-layout-flow\" style=\"margin-top:0;margin-bottom:-33px;padding-right:0;padding-left:0\">\n<p class=\"gt-sliding-text has-contrast-3-color has-text-color has-link-color has-sogo-font-family wp-elements-ef3173b0a9997711772869d72727f6a7\" style=\"margin-top:0;margin-right:0;margin-bottom:0;margin-left:0;font-size:7vw;font-style:normal;font-weight:300;line-height:1;text-transform:uppercase\">WELLNESS STAY<\/p>\n<\/div>\n\n\n\n<div class=\"wp-block-group alignwide gt-break-mobile is-nowrap is-layout-flex wp-container-core-group-is-layout-10 wp-block-group-is-layout-flex\">\n<div class=\"wp-block-group wp-container-content-2 is-layout-flow wp-block-group-is-layout-flow\">\n<figure class=\"wp-block-image size-full gt-reveal\"><img data-dominant-color=\"c5a882\" data-has-transparency=\"false\" style=\"--dominant-color: #c5a882;\" decoding=\"async\" width=\"640\" height=\"960\" src=\"https:\/\/residence-argeles-sur-mer.com\/wp-content\/uploads\/sites\/6\/2024\/10\/relaxez-vous-le-temps-d-un-massage-dans-notre-chalet-bien-etre.webp\" alt=\"relax with a massage in our wellness chalet\" class=\"wp-image-4589 not-transparent\" srcset=\"https:\/\/residence-argeles-sur-mer.com\/wp-content\/uploads\/sites\/6\/2024\/10\/relaxez-vous-le-temps-d-un-massage-dans-notre-chalet-bien-etre.webp 640w, https:\/\/residence-argeles-sur-mer.com\/wp-content\/uploads\/sites\/6\/2024\/10\/relaxez-vous-le-temps-d-un-massage-dans-notre-chalet-bien-etre-527x790.webp 527w\" sizes=\"(max-width: 640px) 100vw, 640px\" \/><\/figure>\n<\/div>\n\n\n\n<div class=\"wp-block-group has-global-padding is-layout-constrained wp-block-group-is-layout-constrained\">\n<div class=\"wp-block-group is-layout-flow wp-block-group-is-layout-flow\" style=\"padding-right:var(--wp--preset--spacing--30);padding-left:var(--wp--preset--spacing--30)\">\n<div style=\"height:10rem\" aria-hidden=\"true\" class=\"wp-block-spacer gt-hide-mobile\"><\/div>\n\n\n\n<figure class=\"wp-block-image aligncenter size-full gt-reveal-down\"><img data-dominant-color=\"b15526\" data-has-transparency=\"true\" style=\"--dominant-color: #b15526;\" decoding=\"async\" width=\"43\" height=\"21\" src=\"https:\/\/residence-argeles-sur-mer.com\/wp-content\/uploads\/sites\/6\/2024\/08\/separator.png\" alt=\"separator\" class=\"wp-image-150 has-transparency\"\/><\/figure>\n\n\n<h2 class=\"wp-block-heading has-text-align-center gt-reveal-down has-accent-color has-text-color has-link-color wp-elements-77a4ad60320897b2efbc20448a4350a7\" id=\"relax-for-a-massage-in-our-wellness-chalet\">Relax <br>for a massage <br>in our wellness chalet<\/h2>\n\n\n<p class=\"has-text-align-center gt-reveal-down has-medium-font-size\">We&#8217;re delighted to introduce you to <strong>our expert masseuse<\/strong>, who will be delighted to welcome you and advise you on <strong>your relaxation needs<\/strong>. Whether you&#8217;re looking for <strong>deep relaxation<\/strong>, <strong>relief<\/strong> <strong>from muscular tension <\/strong>or simply a <strong>moment of well-being<\/strong>, she&#8217;ll adapt her approach to meet your expectations. <\/p>\n\n\n\n<p class=\"has-text-align-center gt-reveal-down has-medium-font-size\">Balinese, ayurvedic, abhyangha with jasmine oil, japanese ritual, relaxing back, foot massage with Kansu bowl, expectant mother massage&#8230;.<\/p>\n\n\n\n<p class=\"has-text-align-center gt-reveal-down has-medium-font-size\">Available from <strong>June to September<\/strong>, our masseuse offers <strong>sessions by appointment<\/strong> only, as she travels specially to offer you an intimate and <strong>personalized experience <\/strong>.<\/p>\n\n\n\n<p class=\"has-text-align-center gt-reveal-down has-medium-font-size\">Treat yourself to a moment of serenity and let yourself be pampered by her expert hands. Book your appointment now and let yourself be swept away by a wave of relaxation. <\/p>\n\n\n\n<div style=\"height:2rem\" aria-hidden=\"true\" class=\"wp-block-spacer is-style-gt-hide-mobile\"><\/div>\n<\/div>\n<\/div>\n<\/div>\n<\/div>\n\n<div class=\"wp-block-group alignfull has-global-padding is-layout-constrained wp-block-group-is-layout-constrained\">\n<div style=\"height:6rem\" aria-hidden=\"true\" class=\"wp-block-spacer\"><\/div>\n\n\n\n<div class=\"wp-block-group alignfull gt-reveal gt-break-mobile is-content-justification-center is-nowrap is-layout-flex wp-container-core-group-is-layout-17 wp-block-group-is-layout-flex\">\n<div class=\"wp-block-group is-nowrap is-layout-flex wp-container-core-group-is-layout-16 wp-block-group-is-layout-flex\" style=\"padding-right:var(--wp--preset--spacing--20);padding-left:var(--wp--preset--spacing--20)\">\n<div class=\"wp-block-group has-global-padding is-layout-constrained wp-block-group-is-layout-constrained\">\n<div class=\"wp-block-group animated fadeInDown slow gt-reveal-down has-global-padding is-layout-constrained wp-container-core-group-is-layout-13 wp-block-group-is-layout-constrained\">\n<div class=\"wp-block-group gt-reveal-down has-contrast-3-background-color has-background is-layout-flow wp-block-group-is-layout-flow\" style=\"min-height:30rem\"><\/div>\n<\/div>\n\n\n\n<figure class=\"wp-block-image aligncenter size-full gt-reveal-down wp-duotone-e5e0ce-ffffff-1\"><img data-dominant-color=\"b15526\" data-has-transparency=\"true\" style=\"--dominant-color: #b15526;\" decoding=\"async\" width=\"43\" height=\"21\" src=\"https:\/\/residence-argeles-sur-mer.com\/wp-content\/uploads\/sites\/6\/2024\/08\/separator.png\" alt=\"separator\" class=\"wp-image-150 has-transparency\"\/><\/figure>\n<\/div>\n\n\n\n<div class=\"wp-block-group has-global-padding is-layout-constrained wp-block-group-is-layout-constrained\"><h3 class=\"wp-block-heading has-accent-color has-text-color has-link-color wp-elements-d7a2e8305671fd576e4563761fb5846f\" id=\"the-hairdresser-on-the-doorstep-ofour-residence-in-argeles-sur-mer\">The hairdresser on the doorstep of<br>our residence in Argel\u00e8s-sur-Mer<\/h3>\n\n\n<p class=\"has-medium-font-size\">We&#8217;re delighted to introduce you to our <strong>talented hairdresser<\/strong>, who will be delighted to welcome you and advise you according to <strong>your face shape<\/strong> and <strong>desires<\/strong>. Whether you&#8217;re looking for a <strong>trendy new cut<\/strong>, a <strong>radiant color<\/strong> or simply some <strong>personalized advice<\/strong>, she&#8217;ll guide you to <strong>enhance your natural beauty<\/strong>. <\/p>\n\n\n\n<p class=\"has-medium-font-size\">\u00c9lodie, your <strong>hairdresser<\/strong>, will take care of your hair while you&#8217;re on vacation. <br\/>Cuts, treatments, colors, styling&#8230; for women, men and children.<\/p>\n\n\n    <div id=\"gt-fse-lire-plus-69f0d26e57ebb\" class=\"gt-fse-lire-plus\" data-min-height=\"130\" style=\"background-color: #fff;\">\n        <input id=\"gt-fse-lire-plus-69f0d26e57ebb-toggle\" type=\"checkbox\" class=\"gt-fse-lire-plus__toggle\" \/>\n        <label for=\"gt-fse-lire-plus-69f0d26e57ebb-toggle\" class=\"gt-fse-lire-plus__toggle-label\">\n            <span>Lire plus<\/span>\n            <span>Lire moins<\/span>\n        <\/label>\n        <div class=\"gt-fse-lire-plus__content\" style=\"height: 130px;\">\n            \n\n<p class=\"has-medium-font-size\">Available from <strong>June to September<\/strong>, our hairdresser offers her services <strong>by appointment<\/strong> only, as she <strong>travels<\/strong> specially to offer you an <strong>intimate, made-to-measure experience<\/strong>.<\/p>\n\n\n\n<p class=\"has-medium-font-size\">Treat yourself to a moment of transformation and let our expert reveal your unique style. <br\/>Reserve your slot now and take the first step towards a new you!<\/p>\n\n\n\n<p class=\"has-medium-font-size\"><strong>By appointment<\/strong> only.<\/p>\n\n            <div class=\"gt-fse-lire-plus__gradient\" style=\"background: linear-gradient(to bottom,rgba(255,255,255,0) 0%,rgba(255,255,255,1) 100%);\"><\/div>\n        <\/div>\n    <\/div>\n    <\/div>\n<\/div>\n\n\n\n<figure class=\"wp-block-image size-full\"><img data-dominant-color=\"cec2ae\" data-has-transparency=\"false\" style=\"--dominant-color: #cec2ae;\" decoding=\"async\" width=\"1108\" height=\"738\" src=\"https:\/\/residence-argeles-sur-mer.com\/wp-content\/uploads\/sites\/6\/2024\/10\/le-coiffeur-a-la-porte-de-notre-residence-a-argeles-sur-mer.webp\" alt=\"the hairdresser at the door of our residence in argeles sur mer\" class=\"wp-image-4596 not-transparent\" srcset=\"https:\/\/residence-argeles-sur-mer.com\/wp-content\/uploads\/sites\/6\/2024\/10\/le-coiffeur-a-la-porte-de-notre-residence-a-argeles-sur-mer.webp 1108w, https:\/\/residence-argeles-sur-mer.com\/wp-content\/uploads\/sites\/6\/2024\/10\/le-coiffeur-a-la-porte-de-notre-residence-a-argeles-sur-mer-690x460.webp 690w, https:\/\/residence-argeles-sur-mer.com\/wp-content\/uploads\/sites\/6\/2024\/10\/le-coiffeur-a-la-porte-de-notre-residence-a-argeles-sur-mer-768x512.webp 768w\" sizes=\"(max-width: 1108px) 100vw, 1108px\" \/><\/figure>\n<\/div>\n\n\n\n<div style=\"height:6rem\" aria-hidden=\"true\" class=\"wp-block-spacer\"><\/div>\n<\/div>\n\n<div class=\"wp-block-group alignfull is-layout-flow wp-block-group-is-layout-flow\" style=\"padding-bottom:0\">\n<div class=\"wp-block-group alignwide animated fadeIn slower is-layout-flow wp-block-group-is-layout-flow\" style=\"margin-top:0;margin-bottom:-33px;padding-right:0;padding-left:0\">\n<p class=\"gt-sliding-text has-contrast-3-color has-text-color has-link-color has-sogo-font-family wp-elements-1a375d0d82a4c0e1c8035847a6947287\" style=\"margin-top:0;margin-right:0;margin-bottom:0;margin-left:0;font-size:7vw;font-style:normal;font-weight:300;line-height:1;text-transform:uppercase\">TAKE ADVANTAGE<\/p>\n<\/div>\n\n\n\n<div class=\"wp-block-group gt-break-mobile is-layout-grid wp-container-core-group-is-layout-23 wp-block-group-is-layout-grid\" style=\"border-radius:2rem\">\n<div\n\tstyle=\"border-radius:0rem;\" class=\"gt-maillage-2 wp-block-gt-gt-fse-maillage\"\tdata-wp-interactive=\"gt\/maillage\"\n\tdata-wp-on--click=\"actions.ctaLoad\"\n\tdata-wp-context='{\"radius\":\"0rem\",\"hover_bg_color\":\"#132f44\",\"hover_text_color\":\"#ffffff\",\"hover_image_opacity\":0.5}'>\t\n\n\t\n\t\t\t\t\t\t\t\t\t<div \n\t\t\t\tclass=\"gt-fse-maillage-link gt-fse-maillage-image-zoom gt-fse-maillage-hover-background-color gt-fse-maillage-hover-text-color\"\n\t\t\t\tstyle=\"border-radius: 0rem\"\n\t\t\t\tdata-wp-on-async--mouseover=\"actions.mouseover\"\n\t\t\t>\n\t\t\t\t\t\t\t\t\t\t\t\n<div class=\"wp-block-group is-layout-flow wp-block-group-is-layout-flow\">\n<div style=\"aspect-ratio:16\/9;min-height:unset;\" class=\"wp-block-cover is-light has-custom-content-position is-position-bottom-right has-aspect-ratio\"><span aria-hidden=\"true\" class=\"wp-block-cover__background has-black-background-color has-background-dim\"><\/span><img decoding=\"async\" width=\"1920\" height=\"434\" src=\"https:\/\/residence-argeles-sur-mer.com\/wp-content\/uploads\/sites\/6\/2024\/10\/residence-pas-chere-argeles-sur-mer.webp\" class=\"wp-block-cover__image-background wp-post-image\" alt=\"low-cost residence argeles sur mer\" data-object-fit=\"cover\" srcset=\"https:\/\/residence-argeles-sur-mer.com\/wp-content\/uploads\/sites\/6\/2024\/10\/residence-pas-chere-argeles-sur-mer.webp 1920w, https:\/\/residence-argeles-sur-mer.com\/wp-content\/uploads\/sites\/6\/2024\/10\/residence-pas-chere-argeles-sur-mer-690x156.webp 690w, https:\/\/residence-argeles-sur-mer.com\/wp-content\/uploads\/sites\/6\/2024\/10\/residence-pas-chere-argeles-sur-mer-768x174.webp 768w, https:\/\/residence-argeles-sur-mer.com\/wp-content\/uploads\/sites\/6\/2024\/10\/residence-pas-chere-argeles-sur-mer-1536x347.webp 1536w\" sizes=\"(max-width: 1920px) 100vw, 1920px\" \/><div class=\"wp-block-cover__inner-container has-global-padding is-layout-constrained wp-block-cover-is-layout-constrained\">\n\n\n\n<p style=\"font-weight:700;text-transform:uppercase;\" class=\"wp-elements-1d85624d063a7cb35988b7ee9856f738 wp-block-gt-gt-fse-maillage-titre has-text-color has-base-color has-large-font-size has-sogo-font-family\">\n    Your stay in a residence in Argel\u00e8s-sur-Mer<\/p>\n\n<\/div><\/div>\n<\/div>\n\t\t\t\t\t\t\t<\/div>\n\t\t\t\t\t\t\t\t\t\t\t<div \n\t\t\t\tclass=\"gt-fse-maillage-link gt-fse-maillage-image-zoom gt-fse-maillage-hover-background-color gt-fse-maillage-hover-text-color\"\n\t\t\t\tstyle=\"border-radius: 0rem\"\n\t\t\t\tdata-wp-on-async--mouseover=\"actions.mouseover\"\n\t\t\t>\n\t\t\t\t\t\t\t\t\t\t\t\n<div class=\"wp-block-group is-layout-flow wp-block-group-is-layout-flow\">\n<div style=\"aspect-ratio:16\/9;min-height:unset;\" class=\"wp-block-cover is-light has-custom-content-position is-position-bottom-right has-aspect-ratio\"><span aria-hidden=\"true\" class=\"wp-block-cover__background has-black-background-color has-background-dim\"><\/span><img decoding=\"async\" width=\"1920\" height=\"434\" src=\"https:\/\/residence-argeles-sur-mer.com\/wp-content\/uploads\/sites\/6\/2024\/10\/restaurant-bistrot-argeles-sur-mer.webp\" class=\"wp-block-cover__image-background wp-post-image\" alt=\"restaurant bistrot argeles sur mer\" data-object-fit=\"cover\" srcset=\"https:\/\/residence-argeles-sur-mer.com\/wp-content\/uploads\/sites\/6\/2024\/10\/restaurant-bistrot-argeles-sur-mer.webp 1920w, https:\/\/residence-argeles-sur-mer.com\/wp-content\/uploads\/sites\/6\/2024\/10\/restaurant-bistrot-argeles-sur-mer-690x156.webp 690w, https:\/\/residence-argeles-sur-mer.com\/wp-content\/uploads\/sites\/6\/2024\/10\/restaurant-bistrot-argeles-sur-mer-768x174.webp 768w, https:\/\/residence-argeles-sur-mer.com\/wp-content\/uploads\/sites\/6\/2024\/10\/restaurant-bistrot-argeles-sur-mer-1536x347.webp 1536w\" sizes=\"(max-width: 1920px) 100vw, 1920px\" \/><div class=\"wp-block-cover__inner-container has-global-padding is-layout-constrained wp-block-cover-is-layout-constrained\">\n\n\n\n<p style=\"font-weight:700;text-transform:uppercase;\" class=\"wp-elements-1d85624d063a7cb35988b7ee9856f738 wp-block-gt-gt-fse-maillage-titre has-text-color has-base-color has-large-font-size has-sogo-font-family\">\n    Treat yourself to a Mediterranean-style restaurant in Argel\u00e8s-sur-Mer<\/p>\n\n<\/div><\/div>\n<\/div>\n\t\t\t\t\t\t\t<\/div>\n\t\t\t\t\t\t\t\t\t\t\t<div \n\t\t\t\tclass=\"gt-fse-maillage-link gt-fse-maillage-image-zoom gt-fse-maillage-hover-background-color gt-fse-maillage-hover-text-color\"\n\t\t\t\tstyle=\"border-radius: 0rem\"\n\t\t\t\tdata-wp-on-async--mouseover=\"actions.mouseover\"\n\t\t\t>\n\t\t\t\t\t\t\t\t\t\t\t\n<div class=\"wp-block-group is-layout-flow wp-block-group-is-layout-flow\">\n<div style=\"aspect-ratio:16\/9;min-height:unset;\" class=\"wp-block-cover is-light has-custom-content-position is-position-bottom-right has-aspect-ratio\"><span aria-hidden=\"true\" class=\"wp-block-cover__background has-black-background-color has-background-dim\"><\/span><img decoding=\"async\" width=\"1920\" height=\"434\" src=\"https:\/\/residence-argeles-sur-mer.com\/wp-content\/uploads\/sites\/6\/2024\/11\/residence-espace-aquatique.webp\" class=\"wp-block-cover__image-background not-transparent wp-post-image\" alt=\"residence aquatic area\" data-object-fit=\"cover\" srcset=\"https:\/\/residence-argeles-sur-mer.com\/wp-content\/uploads\/sites\/6\/2024\/11\/residence-espace-aquatique.webp 1920w, https:\/\/residence-argeles-sur-mer.com\/wp-content\/uploads\/sites\/6\/2024\/11\/residence-espace-aquatique-690x156.webp 690w, https:\/\/residence-argeles-sur-mer.com\/wp-content\/uploads\/sites\/6\/2024\/11\/residence-espace-aquatique-768x174.webp 768w, https:\/\/residence-argeles-sur-mer.com\/wp-content\/uploads\/sites\/6\/2024\/11\/residence-espace-aquatique-1536x347.webp 1536w\" sizes=\"(max-width: 1920px) 100vw, 1920px\" data-has-transparency=\"false\" data-dominant-color=\"607264\" style=\"--dominant-color: #607264;\" \/><div class=\"wp-block-cover__inner-container has-global-padding is-layout-constrained wp-block-cover-is-layout-constrained\">\n\n\n\n<p style=\"font-weight:700;text-transform:uppercase;\" class=\"wp-elements-1d85624d063a7cb35988b7ee9856f738 wp-block-gt-gt-fse-maillage-titre has-text-color has-base-color has-large-font-size has-sogo-font-family\">\n    Aquatic area with Californian pool in your Argel\u00e8s-sur-Mer residence<\/p>\n\n<\/div><\/div>\n<\/div>\n\t\t\t\t\t\t\t<\/div>\n\t\t\t\t\t\t\t\t<\/div><\/div>\n\n\n\n<div style=\"height:6rem\" aria-hidden=\"true\" class=\"wp-block-spacer\"><\/div>\n<\/div>\n","protected":false},"excerpt":{"rendered":"<p>Camping Del Mar&#8217;s wellness area, &#8220;Le chalet bien-\u00eatre&#8221;, welcomes you to its indoor space for moments of absolute relaxation (open from mid-June to mid-September). Vacations and well-being at the Antin\u00e9a residence in Argel\u00e8s-sur-Mer are one and the same, so enjoy optimum relaxation: relaxing massages, blow-drying&#8230; You can now book with our practitioners (at an additional [&hellip;]<\/p>\n","protected":false},"author":1,"featured_media":6650,"parent":0,"menu_order":0,"comment_status":"closed","ping_status":"closed","template":"","meta":{"_acf_changed":false,"_seopress_robots_primary_cat":"","_seopress_titles_title":"R\u00e9sidence bien-\u00eatre \u00e0 Argel\u00e8s-sur-Mer : soins et massages","_seopress_titles_desc":"Ressourcez-vous au Chalet bien-\u00eatre, notre espace d\u00e9tente massages, soins visage et corps et coiffure \u00e0 Argel\u00e8s-sur-Mer, dans les Pyr\u00e9n\u00e9es-Orientales","_seopress_robots_index":"","_gt_ctv_global_id":"1983","_gt_ctv_id_group":false,"inline_featured_image":false,"gt_fse_maillage_image":"","gt_fse_maillage_titre":"","gt_fse_maillage_resume":"","_gt_maillage_image":0,"_gt_maillage_video":0,"_gt_maillage_title":"","footnotes":""},"categories":[],"tags":[],"class_list":["post-5287","page","type-page","status-publish","has-post-thumbnail","hentry"],"acf":[],"_links":{"self":[{"href":"https:\/\/residence-argeles-sur-mer.com\/en\/wp-json\/wp\/v2\/pages\/5287","targetHints":{"allow":["GET"]}}],"collection":[{"href":"https:\/\/residence-argeles-sur-mer.com\/en\/wp-json\/wp\/v2\/pages"}],"about":[{"href":"https:\/\/residence-argeles-sur-mer.com\/en\/wp-json\/wp\/v2\/types\/page"}],"author":[{"embeddable":true,"href":"https:\/\/residence-argeles-sur-mer.com\/en\/wp-json\/wp\/v2\/users\/1"}],"replies":[{"embeddable":true,"href":"https:\/\/residence-argeles-sur-mer.com\/en\/wp-json\/wp\/v2\/comments?post=5287"}],"version-history":[{"count":6,"href":"https:\/\/residence-argeles-sur-mer.com\/en\/wp-json\/wp\/v2\/pages\/5287\/revisions"}],"predecessor-version":[{"id":7129,"href":"https:\/\/residence-argeles-sur-mer.com\/en\/wp-json\/wp\/v2\/pages\/5287\/revisions\/7129"}],"wp:featuredmedia":[{"embeddable":true,"href":"https:\/\/residence-argeles-sur-mer.com\/en\/wp-json\/wp\/v2\/media\/6650"}],"wp:attachment":[{"href":"https:\/\/residence-argeles-sur-mer.com\/en\/wp-json\/wp\/v2\/media?parent=5287"}],"wp:term":[{"taxonomy":"category","embeddable":true,"href":"https:\/\/residence-argeles-sur-mer.com\/en\/wp-json\/wp\/v2\/categories?post=5287"},{"taxonomy":"post_tag","embeddable":true,"href":"https:\/\/residence-argeles-sur-mer.com\/en\/wp-json\/wp\/v2\/tags?post=5287"}],"curies":[{"name":"wp","href":"https:\/\/api.w.org\/{rel}","templated":true}]}}