{"id":5241,"date":"2024-08-13T10:52:51","date_gmt":"2024-08-13T08:52:51","guid":{"rendered":"https:\/\/residence-argeles-sur-mer.com\/location-hebergement-argeles-sur-mer\/"},"modified":"2024-12-02T17:49:59","modified_gmt":"2024-12-02T16:49:59","slug":"accommodation-rental-argeles-sur-mer","status":"publish","type":"page","link":"https:\/\/residence-argeles-sur-mer.com\/en\/accommodation-rental-argeles-sur-mer\/","title":{"rendered":"Cosy, comfortable accommodation to rent in Argel\u00e8s-sur-Mer"},"content":{"rendered":"\n<div style=\"height:var(--wp--preset--spacing--20)\" aria-hidden=\"true\" class=\"wp-block-spacer\"><\/div>\n\n<div class=\"wp-block-group alignwide is-layout-flow wp-block-group-is-layout-flow\" style=\"padding-top:0;padding-bottom:0\"><h2 class=\"wp-block-heading has-accent-color has-text-color has-link-color has-x-large-font-size wp-elements-dde8ea925a8568120204bba6bbe611b1\" id=\"our-range-of-rental-accommodation-in-the-pyrenees-orientales\"><strong>Our range of rental accommodation in the Pyr\u00e9n\u00e9es-Orientales<\/strong><\/h2>\n\n\n<div style=\"height:var(--wp--preset--spacing--20)\" aria-hidden=\"true\" class=\"wp-block-spacer\"><\/div>\n\n\n\n<div class=\"wp-block-columns alignwide is-layout-flex wp-container-core-columns-is-layout-1 wp-block-columns-is-layout-flex\">\n<div class=\"wp-block-column is-layout-flow wp-block-column-is-layout-flow\">\n<div data-wp-context=\"{}\" data-wp-interactive=\"core\/query\" data-wp-key=\"1\" data-wp-router-region=\"query-1\" class=\"wp-block-query alignwide gt-fse-hebergements is-layout-flow wp-block-query-is-layout-flow gt-fse-widgets-ctv-open-product\"><\/div>\n<\/div>\n<\/div>\n\n\n\n<div style=\"height:var(--wp--preset--spacing--20)\" aria-hidden=\"true\" class=\"wp-block-spacer\"><\/div>\n<\/div>\n\n<div class=\"wp-block-group alignwide is-layout-flow wp-block-group-is-layout-flow\" style=\"padding-top:0;padding-bottom:0\">\n<div class=\"wp-block-columns is-layout-flex wp-container-core-columns-is-layout-2 wp-block-columns-is-layout-flex\" style=\"padding-right:0;padding-left:0\">\n<div class=\"wp-block-column is-layout-flow wp-block-column-is-layout-flow\">\n<p>Whether you opt for our <strong>intimate studios<\/strong> <strong>for 2 people <\/strong>or our <strong>apartments<\/strong> for <strong>up to 6<\/strong>, we have the accommodation to suit your needs.<\/p>\n\n\n\n<p>Here are the different types of accommodation available at <a href=\"https:\/\/residence-argeles-sur-mer.com\/en\/\">R\u00e9sidence Antin\u00e9a in Argel\u00e8s-sur-Mer<\/a>:<\/p>\n\n\n\n<ol class=\"wp-block-list\">\n<li><strong>Studios<\/strong>:\n<ul class=\"wp-block-list\">\n<li>Perfect for <strong>couples<\/strong> or <strong>solo travelers<\/strong>.<\/li>\n\n\n\n<li>Equipped with a kitchenette, sofa bed and private bathroom.<\/li>\n\n\n\n<li>Ideal for a short (3-night minimum) or extended stay.<\/li>\n<\/ul>\n<\/li>\n\n\n\n<li><strong>Apartments<\/strong>:\n<ul class=\"wp-block-list\">\n<li>Suitable for <strong>families<\/strong> and <strong>groups of friends<\/strong>.<\/li>\n\n\n\n<li>Available in <strong>different sizes<\/strong> (2\/4 people, 4\/5 people or 6 people).<\/li>\n\n\n\n<li>Fully equipped kitchen, sofa bed, comfortable living room and private bathroom.<\/li>\n\n\n\n<li><strong>10 m\u00b2 terrace<\/strong> to enjoy the outdoors.<\/li>\n<\/ul>\n<\/li>\n<\/ol>\n\n\n\n<p>Our studios offer <strong>mountain or garden views<\/strong> (subject to availability).<\/p>\n\n\n\n<p>Enjoy a <strong>fully equipped and furnished<\/strong> space in <a href=\"https:\/\/residence-argeles-sur-mer.com\/en\/low-cost-residence-argeles-sur-mer\/\">cosy accommodation offering the best value for money<\/a>.<\/p>\n<\/div>\n\n\n\n<div class=\"wp-block-column is-layout-flow wp-container-core-column-is-layout-3 wp-block-column-is-layout-flow\">\n<div class=\"wp-block-group animated fadeIn slow is-layout-flow wp-block-group-is-layout-flow\">\n<figure data-wp-context=\"{&quot;imageId&quot;:&quot;69f0c8665228c&quot;}\" data-wp-interactive=\"core\/image\" class=\"wp-block-image size-full wp-lightbox-container\"><img data-dominant-color=\"a5927d\" data-has-transparency=\"false\" decoding=\"async\" width=\"648\" height=\"865\" data-wp-class--hide=\"state.isContentHidden\" data-wp-class--show=\"state.isContentVisible\" data-wp-init=\"callbacks.setButtonStyles\" data-wp-on-async--click=\"actions.showLightbox\" data-wp-on-async--load=\"callbacks.setButtonStyles\" data-wp-on-async-window--resize=\"callbacks.setButtonStyles\" src=\"https:\/\/residence-argeles-sur-mer.com\/wp-content\/uploads\/sites\/6\/2024\/10\/nos-gammes-d-hebergements-en-location-dans-les-pyrenees-orientales.webp\" alt=\"our range of rental accommodation in the pyrenees orientales\" class=\"wp-image-4560 not-transparent\" style=\"--dominant-color: #a5927d; aspect-ratio:3\/4;object-fit:cover\" srcset=\"https:\/\/residence-argeles-sur-mer.com\/wp-content\/uploads\/sites\/6\/2024\/10\/nos-gammes-d-hebergements-en-location-dans-les-pyrenees-orientales.webp 648w, https:\/\/residence-argeles-sur-mer.com\/wp-content\/uploads\/sites\/6\/2024\/10\/nos-gammes-d-hebergements-en-location-dans-les-pyrenees-orientales-592x790.webp 592w\" sizes=\"(max-width: 648px) 100vw, 648px\" \/><button\n\t\t\tclass=\"lightbox-trigger\"\n\t\t\ttype=\"button\"\n\t\t\taria-haspopup=\"dialog\"\n\t\t\taria-label=\"Enlarge image: our range of rental accommodation in the pyrenees orientales\"\n\t\t\tdata-wp-init=\"callbacks.initTriggerButton\"\n\t\t\tdata-wp-on-async--click=\"actions.showLightbox\"\n\t\t\tdata-wp-style--right=\"state.imageButtonRight\"\n\t\t\tdata-wp-style--top=\"state.imageButtonTop\"\n\t\t>\n\t\t\t<svg xmlns=\"http:\/\/www.w3.org\/2000\/svg\" width=\"12\" height=\"12\" fill=\"none\" viewBox=\"0 0 12 12\">\n\t\t\t\t<path fill=\"#fff\" d=\"M2 0a2 2 0 0 0-2 2v2h1.5V2a.5.5 0 0 1 .5-.5h2V0H2Zm2 10.5H2a.5.5 0 0 1-.5-.5V8H0v2a2 2 0 0 0 2 2h2v-1.5ZM8 12v-1.5h2a.5.5 0 0 0 .5-.5V8H12v2a2 2 0 0 1-2 2H8Zm2-12a2 2 0 0 1 2 2v2h-1.5V2a.5.5 0 0 0-.5-.5H8V0h2Z\" \/>\n\t\t\t<\/svg>\n\t\t<\/button><\/figure>\n<\/div>\n<\/div>\n<\/div>\n\n\n\n<div style=\"height:var(--wp--preset--spacing--20)\" aria-hidden=\"true\" class=\"wp-block-spacer\"><\/div>\n<\/div>\n\n<div class=\"wp-block-cover alignfull is-light gt-reveal\" style=\"padding-top:var(--wp--preset--spacing--60);padding-right:var(--wp--preset--spacing--40);padding-bottom:var(--wp--preset--spacing--60);padding-left:var(--wp--preset--spacing--40);min-height:100vh;aspect-ratio:unset;\"><img data-dominant-color=\"5a85a5\" data-has-transparency=\"false\" decoding=\"async\" width=\"1920\" height=\"1957\" class=\"wp-block-cover__image-background wp-image-4562 not-transparent\" alt=\"les studios a louer a argeles sur mer\" src=\"https:\/\/residence-argeles-sur-mer.com\/wp-content\/uploads\/sites\/6\/2024\/10\/les-studios-a-louer-a-argeles-sur-mer.webp\" style=\"--dominant-color: #5a85a5; object-position:52% 43%\" data-object-fit=\"cover\" data-object-position=\"52% 43%\" srcset=\"https:\/\/residence-argeles-sur-mer.com\/wp-content\/uploads\/sites\/6\/2024\/10\/les-studios-a-louer-a-argeles-sur-mer.webp 1920w, https:\/\/residence-argeles-sur-mer.com\/wp-content\/uploads\/sites\/6\/2024\/10\/les-studios-a-louer-a-argeles-sur-mer-690x703.webp 690w, https:\/\/residence-argeles-sur-mer.com\/wp-content\/uploads\/sites\/6\/2024\/10\/les-studios-a-louer-a-argeles-sur-mer-1128x1150.webp 1128w, https:\/\/residence-argeles-sur-mer.com\/wp-content\/uploads\/sites\/6\/2024\/10\/les-studios-a-louer-a-argeles-sur-mer-768x783.webp 768w, https:\/\/residence-argeles-sur-mer.com\/wp-content\/uploads\/sites\/6\/2024\/10\/les-studios-a-louer-a-argeles-sur-mer-1507x1536.webp 1507w\" sizes=\"(max-width: 1920px) 100vw, 1920px\" \/><span aria-hidden=\"true\" class=\"wp-block-cover__background has-background-dim-80 has-background-dim wp-block-cover__gradient-background has-background-gradient\" style=\"background-color:#FFF;background:linear-gradient(135deg,rgb(0,0,0) 0%,rgba(0,0,0,0.59) 100%)\"><\/span><div class=\"wp-block-cover__inner-container has-global-padding is-layout-constrained wp-container-core-cover-is-layout-1 wp-block-cover-is-layout-constrained\">\n<div class=\"wp-block-group alignfull has-base-2-color has-text-color has-link-color wp-elements-04eb92b114e7d38214766fed0f813dc4 is-layout-flow wp-container-core-group-is-layout-4 wp-block-group-is-layout-flow\" style=\"margin-top:0;margin-bottom:0;padding-right:var(--wp--preset--spacing--40);padding-left:var(--wp--preset--spacing--40)\">\n<div class=\"wp-block-columns is-layout-flex wp-container-core-columns-is-layout-3 wp-block-columns-is-layout-flex\">\n<div class=\"wp-block-column is-layout-flow wp-block-column-is-layout-flow\"><h3 class=\"wp-block-heading has-base-color has-text-color has-link-color wp-elements-fe4605ce50ea0f8d914d54fce1540024\" id=\"studios-for-rent-in-argeles-sur-mer\"><strong>Studios for rent in Argel\u00e8s-sur-Mer<\/strong><\/h3>\n\n\n<p class=\"has-base-color has-text-color has-link-color wp-elements-859306aa696cf58066286674aaf101b8\">The R\u00e9sidence Antin\u00e9a studios let you enjoy a <strong>camping vacation<\/strong> with all the <strong>comforts of a tourist residence<\/strong>.<\/p>\n\n\n\n<p class=\"has-base-color has-text-color has-link-color wp-elements-318c55c8b6f4bdc9cdf83a685063718e\">Our <strong>studios for 2-person<\/strong> and <strong>2\/4-person<\/strong> will meet your every need.<\/p>\n\n\n\n<p class=\"has-base-color has-text-color has-link-color wp-elements-9777bdd030aaa3ee421e54c3acd52396\">Their size provides an intimate space, ideal for <strong>couples<\/strong> or <strong>solo travellers<\/strong>.<\/p>\n\n\n\n<p class=\"has-base-color has-text-color has-link-color wp-elements-5181bdfeb33b6ad39c1c42f46f176389\">The 2\/4-person studios are more spacious, perfect for <strong>small families<\/strong> or <strong>friends<\/strong>.<\/p>\n\n\n\n<p class=\"has-base-color has-text-color has-link-color wp-elements-62d7c16b8d7a917767e4fd156bc2357a\">All our studios are equipped with a kitchenette with induction hob, microwave and other amenities for added comfort.<\/p>\n\n\n\n<p class=\"has-base-color has-text-color has-link-color wp-elements-92c056810ebbc6c5012266dc2ca68fd1\">You&#8217;ll also find a TV and free wifi access.<\/p>\n\n\n\n<p class=\"has-base-color has-text-color has-link-color wp-elements-4137a430cfbe4e54876e4caff27f604a\">R\u00e9sidence Antin\u00e9a is <strong>south-facing<\/strong>, offering <strong>breathtaking views of the surrounding mountains<\/strong> from your terrace.<\/p>\n<\/div>\n\n\n\n<div class=\"wp-block-column has-base-color has-text-color has-background has-link-color wp-elements-41261a88a15e91a547dd30aa8f4271a7 is-layout-flow wp-block-column-is-layout-flow\" style=\"background-color:#ffffff00;padding-top:var(--wp--preset--spacing--20);padding-right:var(--wp--preset--spacing--20);padding-bottom:var(--wp--preset--spacing--20);padding-left:var(--wp--preset--spacing--20)\"><\/div>\n<\/div>\n<\/div>\n\n\n\n<div style=\"height:2rem\" aria-hidden=\"true\" class=\"wp-block-spacer\"><\/div>\n<\/div><\/div>\n\n<div class=\"wp-block-group alignwide is-layout-flow wp-block-group-is-layout-flow\" style=\"padding-top:var(--wp--preset--spacing--40);padding-bottom:var(--wp--preset--spacing--40)\">\n<div class=\"wp-block-columns is-layout-flex wp-container-core-columns-is-layout-4 wp-block-columns-is-layout-flex\">\n<div class=\"wp-block-column is-vertically-aligned-center is-layout-flow wp-container-core-column-is-layout-6 wp-block-column-is-layout-flow\">\n<div class=\"wp-block-group animated fadeIn slow has-global-padding is-layout-constrained wp-block-group-is-layout-constrained\">\n<figure class=\"wp-block-image size-full gt-reveal\"><img data-dominant-color=\"b2ab8f\" data-has-transparency=\"false\" style=\"--dominant-color: #b2ab8f;\" decoding=\"async\" width=\"640\" height=\"960\" src=\"https:\/\/residence-argeles-sur-mer.com\/wp-content\/uploads\/sites\/6\/2024\/11\/appartements-en-location-a-deux-pas-de-la-plage-dans-les-pyrenees-orientales.webp\" alt=\"rental apartments just a stone's throw from the beach in the eastern pyrenees\" class=\"wp-image-6864 not-transparent\" srcset=\"https:\/\/residence-argeles-sur-mer.com\/wp-content\/uploads\/sites\/6\/2024\/11\/appartements-en-location-a-deux-pas-de-la-plage-dans-les-pyrenees-orientales.webp 640w, https:\/\/residence-argeles-sur-mer.com\/wp-content\/uploads\/sites\/6\/2024\/11\/appartements-en-location-a-deux-pas-de-la-plage-dans-les-pyrenees-orientales-527x790.webp 527w\" sizes=\"(max-width: 640px) 100vw, 640px\" \/><\/figure>\n<\/div>\n<\/div>\n\n\n\n<div class=\"wp-block-column is-vertically-aligned-top is-layout-flow wp-block-column-is-layout-flow\"><h3 class=\"wp-block-heading has-accent-color has-text-color has-link-color has-x-large-font-size wp-elements-addb2d29d18ac98290f761fe24279bdd\" id=\"apartments-for-rent-near-the-beach-inthe-pyrenees-orientales\"><strong>Apartments for rent <br>near the beach in<br>the Pyr\u00e9n\u00e9es-Orientales<\/strong><\/h3>\n\n\n<p>Looking for the perfect place to stay in Argel\u00e8s-sur-mer?<\/p>\n\n\n\n<p>Discover our <strong>comfortable apartments<\/strong> at Antin\u00e9a! Here&#8217;s why you&#8217;ll love it: <\/p>\n\n\n\n<p>Their privileged pitches are located <strong><a href=\"https:\/\/residence-argeles-sur-mer.com\/en\/beachfront-residence-argeles-sur-mer\/\">just 500 m from the northern beach<\/a><\/strong>Our residence offers easy access to all the resort&#8217;s attractions.<\/p>\n\n\n\n<p>Need to get away for a few days?<\/p>\n\n\n\n<p>Don&#8217;t worry, we offer <strong>short stays<\/strong>: take advantage of our apartments for 3-night stays. Ideal for a well-deserved break! <\/p>\n\n\n\n<p>You can also personalize your stay with our <strong>optional extras<\/strong>.<\/p>\n\n\n\n<p>Choose from <strong>cleaning<\/strong> services, <strong>bed linen<\/strong> and special equipment.<\/p>\n\n\n\n<p>Relax by the pool or park your car in our parking lot.<\/p>\n\n\n\n<p>Our apartments have two <strong>10 m\u00b2 terraces<\/strong>.<\/p>\n<\/div>\n<\/div>\n<\/div>\n\n<div class=\"wp-block-group alignfull has-global-padding is-layout-constrained wp-block-group-is-layout-constrained\">\n<div class=\"wp-block-group alignfull gt-reveal gt-break-mobile is-content-justification-center is-nowrap is-layout-flex wp-container-core-group-is-layout-9 wp-block-group-is-layout-flex\">\n<div class=\"wp-block-group is-nowrap is-layout-flex wp-container-core-group-is-layout-8 wp-block-group-is-layout-flex\" style=\"padding-right:var(--wp--preset--spacing--20);padding-left:var(--wp--preset--spacing--20)\">\n<div class=\"wp-block-group has-global-padding is-layout-constrained wp-block-group-is-layout-constrained\"><h2 class=\"wp-block-heading has-accent-color has-text-color has-link-color has-x-large-font-size wp-elements-0074305202ac723c54d4cd1933f4a63b\" id=\"mandatory-extras\"><strong>Mandatory extras<\/strong><\/h2>\n\n\n<p class=\"has-medium-font-size\">Tourist tax 2024 Residence Antin\u00e9a \/ Tourist tax 2025 Residence Antin\u00e9a:<\/p>\n\n\n\n<p class=\"has-medium-font-size\">Tourist tax percentage (+18 years) <br\/>Booking fee \u20ac30<\/p>\n\n\n\n<p class=\"has-medium-font-size\">Pet*: \u20ac23 per week from 27\/06 to 05\/09 (free except July and August) you must present your pet&#8217;s up-to-date vaccination certificate on arrival &#8211; one pet per studio and apartment is required<\/p>\n\n\n\n<p class=\"has-medium-font-size\">*Management reserves the right to refuse to accept an animal depending on its category.<\/p>\n\n\n\n<p class=\"has-medium-font-size\"><strong>A deposit of 620\u20ac will be required for all rentals (in two checks 470\u20ac and 150\u20ac) or a credit card imprint<\/strong>.<\/p>\n<\/div>\n<\/div>\n\n\n\n<figure class=\"wp-block-image size-full\"><img data-dominant-color=\"ad9c73\" data-has-transparency=\"false\" style=\"--dominant-color: #ad9c73;\" decoding=\"async\" width=\"662\" height=\"531\" src=\"https:\/\/residence-argeles-sur-mer.com\/wp-content\/uploads\/sites\/6\/2024\/10\/les-supplements-obligatoires-a-prevoir.webp\" alt=\"mandatory supplements\" class=\"wp-image-4565 not-transparent\"\/><\/figure>\n<\/div>\n<\/div>\n\n<div class=\"wp-block-group alignfull gt-break-mobile is-content-justification-right is-nowrap is-layout-flex wp-container-core-group-is-layout-16 wp-block-group-is-layout-flex\">\n<div class=\"wp-block-group alignwide gt-absolute-text gt-hide-mobile wp-container-content-1 is-horizontal is-content-justification-right is-nowrap is-layout-flex wp-container-core-group-is-layout-11 wp-block-group-is-layout-flex\" style=\"margin-top:0;padding-right:0;padding-left:0\"><\/div>\n\n\n\n<div class=\"wp-block-group has-accent-2-background-color has-background wp-container-content-2 has-global-padding is-content-justification-center is-layout-constrained wp-block-group-is-layout-constrained\">\n<div class=\"wp-block-group alignwide is-layout-flow wp-block-group-is-layout-flow\" style=\"padding-top:0;padding-right:var(--wp--preset--spacing--60);padding-bottom:var(--wp--preset--spacing--30);padding-left:var(--wp--preset--spacing--60)\">\n<div class=\"wp-block-group gt-reveal-down has-global-padding is-layout-constrained wp-container-core-group-is-layout-13 wp-block-group-is-layout-constrained\" style=\"margin-top:-3rem\">\n<div class=\"wp-block-group has-contrast-3-background-color has-background is-layout-flow wp-block-group-is-layout-flow\" style=\"min-height:6rem\"><\/div>\n<\/div>\n\n\n\n<figure class=\"wp-block-image aligncenter size-full gt-reveal-down wp-duotone-a55a32-a55a32-1\"><img data-dominant-color=\"b15526\" data-has-transparency=\"true\" style=\"--dominant-color: #b15526;\" decoding=\"async\" width=\"43\" height=\"21\" src=\"https:\/\/residence-argeles-sur-mer.com\/wp-content\/uploads\/sites\/6\/2024\/08\/separator.png\" alt=\"separator\" class=\"wp-image-150 has-transparency\"\/><\/figure>\n\n\n\n<p class=\"has-text-align-center gt-reveal-down has-medium-font-size\"><strong>Reservations<\/strong> <br\/>Free quotation<br\/>All reservations are subject to a \u20ac30 booking fee, non-refundable in the event of cancellation, and a deposit equal to 25% of the total cost of the stay. The balance must be paid no later than 30 days before arrival. Customers who have not paid the balance by the agreed date are considered to have cancelled. Under no circumstances will they be entitled to a refund of the deposit paid.     <br\/>For bookings made less than 30 days before departure, the full price of the trip or stay must be paid at the time of booking.<\/p>\n\n\n\n<p class=\"has-text-align-center gt-reveal-down has-medium-font-size\">The reservation option is valid for 8 days. The reservation is effective when the customer receives written confirmation from camping clos du thym.<\/p>\n\n\n    <div id=\"gt-fse-lire-plus-69f0c8665526a\" class=\"gt-fse-lire-plus\" data-min-height=\"130\" style=\"background-color: #f9f8f3;\">\n        <input id=\"gt-fse-lire-plus-69f0c8665526a-toggle\" type=\"checkbox\" class=\"gt-fse-lire-plus__toggle\" \/>\n        <label for=\"gt-fse-lire-plus-69f0c8665526a-toggle\" class=\"gt-fse-lire-plus__toggle-label\">\n            <span>Lire plus<\/span>\n            <span>Lire moins<\/span>\n        <\/label>\n        <div class=\"gt-fse-lire-plus__content\" style=\"height: 130px;\">\n            \n\n<p class=\"has-text-align-center gt-reveal-down has-medium-font-size\"><strong>Accommodation<\/strong> <br\/>Please note that children can stay free of charge, as long as the maximum occupancy indicated for the accommodation is respected. <br\/>Failure to comply with the maximum occupancy rate will result in eviction and no refund will be accepted.<\/p>\n\n\n\n<p class=\"has-text-align-center gt-reveal-down has-medium-font-size\"><strong>Cancellation insurance<\/strong> <br\/>Cancellation insurance is optional and is calculated according to the amount of your stay. No<br\/>refund of your deposit can be requested in the event of cancellation. <br\/>Failure to arrive on the day of arrival without prior notice will result in cancellation after 24 hours (no refund of deposit).<\/p>\n\n\n\n<p class=\"has-text-align-center gt-reveal-down has-medium-font-size\"><strong>Payment methods<\/strong> <br\/>Cash-CB-ANCV-cheques-bank transfer<\/p>\n\n            <div class=\"gt-fse-lire-plus__gradient\" style=\"background: linear-gradient(to bottom,rgba(249,248,243,0) 0%,rgba(249,248,243,1) 100%);\"><\/div>\n        <\/div>\n    <\/div>\n    <\/div>\n\n\n\n<div style=\"height:6rem;width:0px\" aria-hidden=\"true\" class=\"wp-block-spacer\"><\/div>\n<\/div>\n<\/div>\n\n<div style=\"height:var(--wp--preset--spacing--50)\" aria-hidden=\"true\" class=\"wp-block-spacer\"><\/div>\n\n<div class=\"wp-block-group alignfull is-layout-flow wp-block-group-is-layout-flow\" style=\"padding-bottom:0\">\n<div class=\"wp-block-group alignwide animated fadeIn slower is-layout-flow wp-block-group-is-layout-flow\" style=\"margin-top:0;margin-bottom:-33px;padding-right:0;padding-left:0\">\n<p class=\"gt-sliding-text has-contrast-3-color has-text-color has-link-color has-sogo-font-family wp-elements-1a375d0d82a4c0e1c8035847a6947287\" style=\"margin-top:0;margin-right:0;margin-bottom:0;margin-left:0;font-size:7vw;font-style:normal;font-weight:300;line-height:1;text-transform:uppercase\">TAKE ADVANTAGE<\/p>\n<\/div>\n\n\n\n<div class=\"wp-block-group gt-break-mobile is-layout-grid wp-container-core-group-is-layout-21 wp-block-group-is-layout-grid\" style=\"border-radius:2rem\">\n<div\n\tstyle=\"border-radius:0rem;\" class=\"gt-maillage-2 wp-block-gt-gt-fse-maillage\"\tdata-wp-interactive=\"gt\/maillage\"\n\tdata-wp-on--click=\"actions.ctaLoad\"\n\tdata-wp-context='{\"radius\":\"0rem\",\"hover_bg_color\":\"#132f44\",\"hover_text_color\":\"#ffffff\",\"hover_image_opacity\":0.5}'>\t\n\n\t\n\t\t\t\t\t\t\t\t\t<div \n\t\t\t\tclass=\"gt-fse-maillage-link gt-fse-maillage-image-zoom gt-fse-maillage-hover-background-color gt-fse-maillage-hover-text-color\"\n\t\t\t\tstyle=\"border-radius: 0rem\"\n\t\t\t\tdata-wp-on-async--mouseover=\"actions.mouseover\"\n\t\t\t>\n\t\t\t\t\t\t\t\t\t\t\t\n<div class=\"wp-block-group is-layout-flow wp-block-group-is-layout-flow\">\n<div style=\"aspect-ratio:16\/9;min-height:unset;\" class=\"wp-block-cover is-light has-custom-content-position is-position-bottom-right has-aspect-ratio\"><span aria-hidden=\"true\" class=\"wp-block-cover__background has-black-background-color has-background-dim\"><\/span><img decoding=\"async\" width=\"1920\" height=\"434\" src=\"https:\/\/residence-argeles-sur-mer.com\/wp-content\/uploads\/sites\/6\/2024\/10\/residence-activites-animations-argeles-sur-mer.webp\" class=\"wp-block-cover__image-background wp-post-image\" alt=\"residence activities animations argeles sur mer\" data-object-fit=\"cover\" srcset=\"https:\/\/residence-argeles-sur-mer.com\/wp-content\/uploads\/sites\/6\/2024\/10\/residence-activites-animations-argeles-sur-mer.webp 1920w, https:\/\/residence-argeles-sur-mer.com\/wp-content\/uploads\/sites\/6\/2024\/10\/residence-activites-animations-argeles-sur-mer-690x156.webp 690w, https:\/\/residence-argeles-sur-mer.com\/wp-content\/uploads\/sites\/6\/2024\/10\/residence-activites-animations-argeles-sur-mer-768x174.webp 768w, https:\/\/residence-argeles-sur-mer.com\/wp-content\/uploads\/sites\/6\/2024\/10\/residence-activites-animations-argeles-sur-mer-1536x347.webp 1536w\" sizes=\"(max-width: 1920px) 100vw, 1920px\" \/><div class=\"wp-block-cover__inner-container has-global-padding is-layout-constrained wp-block-cover-is-layout-constrained\">\n\n\n\n<p style=\"font-weight:700;text-transform:uppercase;\" class=\"wp-elements-1d85624d063a7cb35988b7ee9856f738 wp-block-gt-gt-fse-maillage-titre has-text-color has-base-color has-large-font-size has-sogo-font-family\">\n    Residence with activities and entertainment in Pyr\u00e9n\u00e9es-Orientales<\/p>\n\n<\/div><\/div>\n<\/div>\n\t\t\t\t\t\t\t<\/div>\n\t\t\t\t\t\t\t\t\t\t\t<div \n\t\t\t\tclass=\"gt-fse-maillage-link gt-fse-maillage-image-zoom gt-fse-maillage-hover-background-color gt-fse-maillage-hover-text-color\"\n\t\t\t\tstyle=\"border-radius: 0rem\"\n\t\t\t\tdata-wp-on-async--mouseover=\"actions.mouseover\"\n\t\t\t>\n\t\t\t\t\t\t\t\t\t\t\t\n<div class=\"wp-block-group is-layout-flow wp-block-group-is-layout-flow\">\n<div style=\"aspect-ratio:16\/9;min-height:unset;\" class=\"wp-block-cover is-light has-custom-content-position is-position-bottom-right has-aspect-ratio\"><span aria-hidden=\"true\" class=\"wp-block-cover__background has-black-background-color has-background-dim\"><\/span><img decoding=\"async\" width=\"1920\" height=\"434\" src=\"https:\/\/residence-argeles-sur-mer.com\/wp-content\/uploads\/sites\/6\/2024\/10\/residence-familiale-argeles-sur-mer.webp\" class=\"wp-block-cover__image-background wp-post-image\" alt=\"family residence argeles sur mer\" data-object-fit=\"cover\" srcset=\"https:\/\/residence-argeles-sur-mer.com\/wp-content\/uploads\/sites\/6\/2024\/10\/residence-familiale-argeles-sur-mer.webp 1920w, https:\/\/residence-argeles-sur-mer.com\/wp-content\/uploads\/sites\/6\/2024\/10\/residence-familiale-argeles-sur-mer-690x156.webp 690w, https:\/\/residence-argeles-sur-mer.com\/wp-content\/uploads\/sites\/6\/2024\/10\/residence-familiale-argeles-sur-mer-768x174.webp 768w, https:\/\/residence-argeles-sur-mer.com\/wp-content\/uploads\/sites\/6\/2024\/10\/residence-familiale-argeles-sur-mer-1536x347.webp 1536w\" sizes=\"(max-width: 1920px) 100vw, 1920px\" \/><div class=\"wp-block-cover__inner-container has-global-padding is-layout-constrained wp-block-cover-is-layout-constrained\">\n\n\n\n<p style=\"font-weight:700;text-transform:uppercase;\" class=\"wp-elements-1d85624d063a7cb35988b7ee9856f738 wp-block-gt-gt-fse-maillage-titre has-text-color has-base-color has-large-font-size has-sogo-font-family\">\n    Welcome to a family residence in Argel\u00e8s-sur-Mer<\/p>\n\n<\/div><\/div>\n<\/div>\n\t\t\t\t\t\t\t<\/div>\n\t\t\t\t\t\t\t\t\t\t\t<div \n\t\t\t\tclass=\"gt-fse-maillage-link gt-fse-maillage-image-zoom gt-fse-maillage-hover-background-color gt-fse-maillage-hover-text-color\"\n\t\t\t\tstyle=\"border-radius: 0rem\"\n\t\t\t\tdata-wp-on-async--mouseover=\"actions.mouseover\"\n\t\t\t>\n\t\t\t\t\t\t\t\t\t\t\t\n<div class=\"wp-block-group is-layout-flow wp-block-group-is-layout-flow\">\n<div style=\"aspect-ratio:16\/9;min-height:unset;\" class=\"wp-block-cover is-light has-custom-content-position is-position-bottom-right has-aspect-ratio\"><span aria-hidden=\"true\" class=\"wp-block-cover__background has-black-background-color has-background-dim\"><\/span><img decoding=\"async\" width=\"1920\" height=\"434\" src=\"https:\/\/residence-argeles-sur-mer.com\/wp-content\/uploads\/sites\/6\/2024\/11\/residence-espace-aquatique.webp\" class=\"wp-block-cover__image-background not-transparent wp-post-image\" alt=\"residence aquatic area\" data-object-fit=\"cover\" srcset=\"https:\/\/residence-argeles-sur-mer.com\/wp-content\/uploads\/sites\/6\/2024\/11\/residence-espace-aquatique.webp 1920w, https:\/\/residence-argeles-sur-mer.com\/wp-content\/uploads\/sites\/6\/2024\/11\/residence-espace-aquatique-690x156.webp 690w, https:\/\/residence-argeles-sur-mer.com\/wp-content\/uploads\/sites\/6\/2024\/11\/residence-espace-aquatique-768x174.webp 768w, https:\/\/residence-argeles-sur-mer.com\/wp-content\/uploads\/sites\/6\/2024\/11\/residence-espace-aquatique-1536x347.webp 1536w\" sizes=\"(max-width: 1920px) 100vw, 1920px\" data-has-transparency=\"false\" data-dominant-color=\"607264\" style=\"--dominant-color: #607264;\" \/><div class=\"wp-block-cover__inner-container has-global-padding is-layout-constrained wp-block-cover-is-layout-constrained\">\n\n\n\n<p style=\"font-weight:700;text-transform:uppercase;\" class=\"wp-elements-1d85624d063a7cb35988b7ee9856f738 wp-block-gt-gt-fse-maillage-titre has-text-color has-base-color has-large-font-size has-sogo-font-family\">\n    Aquatic area with Californian pool in your Argel\u00e8s-sur-Mer residence<\/p>\n\n<\/div><\/div>\n<\/div>\n\t\t\t\t\t\t\t<\/div>\n\t\t\t\t\t\t\t\t<\/div><\/div>\n\n\n\n<div style=\"height:6rem\" aria-hidden=\"true\" class=\"wp-block-spacer\"><\/div>\n<\/div>\n","protected":false},"excerpt":{"rendered":"<p>Our range of rental accommodation in the Pyr\u00e9n\u00e9es-Orientales Whether you opt for our intimate studios for 2 people or our apartments for up to 6, we have the accommodation to suit your needs. Here are the different types of accommodation available at R\u00e9sidence Antin\u00e9a in Argel\u00e8s-sur-Mer: Our studios offer mountain or garden views (subject to [&hellip;]<\/p>\n","protected":false},"author":1,"featured_media":4314,"parent":0,"menu_order":0,"comment_status":"closed","ping_status":"closed","template":"","meta":{"_acf_changed":false,"_seopress_robots_primary_cat":"","_seopress_titles_title":"Location appartements Argel\u00e8s-sur-Mer | Studios Pyr\u00e9n\u00e9es-Orientales","_seopress_titles_desc":"Optez pour le confort d\u2019un studio ou appartement en louant un h\u00e9bergement de notre r\u00e9sidence \u00e0 Argel\u00e8s-sur-Mer, dans les Pyr\u00e9n\u00e9es-Orientales","_seopress_robots_index":"","_gt_ctv_global_id":"1983","_gt_ctv_id_group":false,"inline_featured_image":false,"gt_fse_maillage_image":"","gt_fse_maillage_titre":"","gt_fse_maillage_resume":"","_gt_maillage_image":0,"_gt_maillage_video":0,"_gt_maillage_title":"","footnotes":""},"categories":[],"tags":[],"class_list":["post-5241","page","type-page","status-publish","has-post-thumbnail","hentry"],"acf":[],"_links":{"self":[{"href":"https:\/\/residence-argeles-sur-mer.com\/en\/wp-json\/wp\/v2\/pages\/5241","targetHints":{"allow":["GET"]}}],"collection":[{"href":"https:\/\/residence-argeles-sur-mer.com\/en\/wp-json\/wp\/v2\/pages"}],"about":[{"href":"https:\/\/residence-argeles-sur-mer.com\/en\/wp-json\/wp\/v2\/types\/page"}],"author":[{"embeddable":true,"href":"https:\/\/residence-argeles-sur-mer.com\/en\/wp-json\/wp\/v2\/users\/1"}],"replies":[{"embeddable":true,"href":"https:\/\/residence-argeles-sur-mer.com\/en\/wp-json\/wp\/v2\/comments?post=5241"}],"version-history":[{"count":9,"href":"https:\/\/residence-argeles-sur-mer.com\/en\/wp-json\/wp\/v2\/pages\/5241\/revisions"}],"predecessor-version":[{"id":7119,"href":"https:\/\/residence-argeles-sur-mer.com\/en\/wp-json\/wp\/v2\/pages\/5241\/revisions\/7119"}],"wp:featuredmedia":[{"embeddable":true,"href":"https:\/\/residence-argeles-sur-mer.com\/en\/wp-json\/wp\/v2\/media\/4314"}],"wp:attachment":[{"href":"https:\/\/residence-argeles-sur-mer.com\/en\/wp-json\/wp\/v2\/media?parent=5241"}],"wp:term":[{"taxonomy":"category","embeddable":true,"href":"https:\/\/residence-argeles-sur-mer.com\/en\/wp-json\/wp\/v2\/categories?post=5241"},{"taxonomy":"post_tag","embeddable":true,"href":"https:\/\/residence-argeles-sur-mer.com\/en\/wp-json\/wp\/v2\/tags?post=5241"}],"curies":[{"name":"wp","href":"https:\/\/api.w.org\/{rel}","templated":true}]}}